{"id":11608,"date":"2026-08-13T16:13:55","date_gmt":"2026-08-13T14:13:55","guid":{"rendered":"https:\/\/hotelgastro.ch\/?page_id=11608"},"modified":"2026-09-01T16:08:54","modified_gmt":"2026-09-01T14:08:54","slug":"swissskills-2027","status":"publish","type":"page","link":"https:\/\/hotelgastro.ch\/fr\/swissskills-2027\/","title":{"rendered":"SwissSkills 2027"},"content":{"rendered":"\n<div class=\"wp-block-group has-background-color has-background-background-color has-text-color has-background has-link-color wp-elements-1 is-layout-constrained wp-block-group-is-layout-constrained\">\n<div class=\"wp-block-cover alignfull is-light\" style=\"min-height:494px;aspect-ratio:unset;\"><img loading=\"lazy\" decoding=\"async\" width=\"2400\" height=\"800\" class=\"wp-block-cover__image-background wp-image-11629 size-full\" alt=\"\" src=\"https:\/\/hotelgastro.ch\/wp-content\/uploads\/2026\/08\/FRENCH.png\" data-object-fit=\"cover\" srcset=\"https:\/\/hotelgastro.ch\/wp-content\/uploads\/2026\/08\/FRENCH.png 2400w, https:\/\/hotelgastro.ch\/wp-content\/uploads\/2026\/08\/FRENCH-300x100.png 300w, https:\/\/hotelgastro.ch\/wp-content\/uploads\/2026\/08\/FRENCH-1024x341.png 1024w, https:\/\/hotelgastro.ch\/wp-content\/uploads\/2026\/08\/FRENCH-768x256.png 768w, https:\/\/hotelgastro.ch\/wp-content\/uploads\/2026\/08\/FRENCH-1536x512.png 1536w, https:\/\/hotelgastro.ch\/wp-content\/uploads\/2026\/08\/FRENCH-2048x683.png 2048w\" sizes=\"auto, (max-width: 2400px) 100vw, 2400px\" \/><span aria-hidden=\"true\" class=\"wp-block-cover__background has-background-background-color has-background-dim-0 has-background-dim\"><\/span><div class=\"wp-block-cover__inner-container is-layout-constrained wp-block-cover-is-layout-constrained\">\n<p class=\"has-text-align-center has-large-font-size wp-block-paragraph\"><\/p>\n<\/div><\/div>\n\n\n\n<div style=\"height:24px\" aria-hidden=\"true\" class=\"wp-block-spacer\"><\/div>\n\n\n\n<div class=\"wp-block-buttons is-layout-flex wp-block-buttons-is-layout-flex\">\n<div class=\"wp-block-button\"><a class=\"wp-block-button__link wp-element-button\" href=\"https:\/\/hotelgastro.ch\/fr\/formulaire-dinscription-a-la-journee-dinformation-swissskills\/\" target=\"_blank\" rel=\"noopener\">Inscription \u00e0 la journ\u00e9e d\u2019information<\/a><\/div>\n\n\n\n<div class=\"wp-block-button\"><a class=\"wp-block-button__link wp-element-button\" href=\"https:\/\/swiss-skills.ch\/fr\" target=\"_blank\" rel=\"noopener\">Site officiel des SwissSkills<\/a><\/div>\n\n\n\n<div class=\"wp-block-button\"><a class=\"wp-block-button__link wp-element-button\" href=\"https:\/\/hotelgastro.ch\/wp-content\/uploads\/2026\/08\/Reglement-SwissSkills-2027_DE.pdf\" target=\"_blank\" rel=\"noopener\">Reglement<\/a><\/div>\n<\/div>\n\n\n\n<div style=\"height:24px\" aria-hidden=\"true\" class=\"wp-block-spacer\"><\/div>\n\n\n\n<p class=\"has-foreground-color has-text-color has-link-color wp-elements-2 wp-block-paragraph\"><strong>Quatre m\u00e9tiers. Quatre comp\u00e9titions. Une grande sc\u00e8ne.  <\/strong><\/p>\n\n\n\n<p class=\"has-foreground-color has-text-color has-link-color wp-elements-3 wp-block-paragraph\">Pour nous, les m\u00e9tiers de la cuisine, de la restauration, de l\u2019h\u00f4tellerie-intendance et de la r\u00e9ception d\u2019h\u00f4tel sont au c\u0153ur des SwissSkills. Et chaque comp\u00e9tition \u00e9crit sa propre histoire. En cuisine, des plats cr\u00e9atifs prennent forme sous la pression du temps. En restauration, l\u2019attention et le sens de l\u2019accueil font toute la diff\u00e9rence pour cr\u00e9er le moment parfait. \u00c0 la r\u00e9ception d\u2019h\u00f4tel, professionnalisme, organisation et communication sont essentiels, tandis qu\u2019en h\u00f4tellerie-intendance, la pr\u00e9cision, l\u2019efficacit\u00e9 et un \u0153il exerc\u00e9 pour les d\u00e9tails font la diff\u00e9rence.   <\/p>\n\n\n\n<p class=\"has-foreground-color has-text-color has-link-color wp-elements-4 wp-block-paragraph\">Les SwissSkills montrent toute la richesse de ces m\u00e9tiers et \u00e0 quel point notre branche est diversifi\u00e9e, exigeante et tourn\u00e9e vers l\u2019avenir.<\/p>\n\n\n\n<div style=\"height:12px\" aria-hidden=\"true\" class=\"wp-block-spacer\"><\/div>\n\n\n\n<p class=\"has-foreground-color has-text-color has-link-color wp-elements-5 wp-block-paragraph\"><strong>Dates importantes<\/strong><\/p>\n\n\n\n<ul class=\"wp-block-list\">\n<li class=\"has-foreground-color has-text-color has-link-color wp-elements-6\">Journ\u00e9e d\u2019information SwissSkills : aura lieu en f\u00e9vrier 2027 (<em>de plus amples informations suivront<\/em>)<\/li>\n\n\n\n<li class=\"has-foreground-color has-text-color has-link-color wp-elements-7\">Mise en ligne du formulaire d\u2019inscription avec toutes les informations importantes sur le concours.<\/li>\n\n\n\n<li class=\"has-foreground-color has-text-color has-link-color wp-elements-8\">Inscription d\u00e9finitive aux SwissSkills 2027 :<em> (de plus amples informations suivront)<\/em><\/li>\n\n\n\n<li class=\"has-foreground-color has-text-color has-link-color wp-elements-9\">Proc\u00e9dure de s\u00e9lection (Assessment) : 23 avril 2027<\/li>\n\n\n\n<li class=\"has-foreground-color has-text-color has-link-color wp-elements-10\">Kick-off : aura lieu en mai 2027 <em>(de plus amples informations suivront)<\/em><\/li>\n\n\n\n<li class=\"has-foreground-color has-text-color has-link-color wp-elements-11\">SwissSkills 2027 : du 14 au 18 septembre 2027 \u00e0 BERNEXPO<\/li>\n<\/ul>\n\n\n\n<div style=\"height:24px\" aria-hidden=\"true\" class=\"wp-block-spacer\"><\/div>\n\n\n<div style=\"background-color: #f5f5f5\" class=\"hgf-accordion-item alignfull wp-block-hgf-accordion-item has-background has-f-5-f-5-f-5-background-color\" data-open-default=\"false\">\n\t<button\n\t\tclass=\"hgf-accordion-item__header\"\n\t\taria-expanded=\"false\"\n\t\taria-controls=\"accordion-content-1\"\n\t>\n\t\t\t\t\t<h3 class=\"hgf-accordion-item__title\">\n\t\t\t\tUne exp\u00e9rience qui te fait avancer \t\t\t<\/h3>\n\t\t\t\t<figure class=\"hgf-accordion-item__toggle-icon\"><\/figure>\n\t\t\t<\/button>\n\t<div\n\t\tid=\"accordion-content-1\"\n\t\tclass=\"hgf-accordion-item__content\"\n\t\taria-hidden=\"true\"\n\t>\n\t\t<div class=\"hgf-accordion-item__content-inner\">\n\t\t\t<div class=\"hgf-accordion-item__content-container\">\n\t\t\t\t\n\n<p class=\"has-foreground-color has-text-color has-link-color wp-elements-12 wp-block-paragraph\">Aux SwissSkills, il ne s\u2019agit pas seulement de d\u00e9crocher une m\u00e9daille. Tu te mesures aux meilleurs jeunes talents de Suisse, tu montres ce dont tu es capable et tu acquiers des exp\u00e9riences qui te font progresser tant sur le plan professionnel que personnel. Tu renforces ta confiance en toi, d\u00e9veloppes tes comp\u00e9tences professionnelles et noues des contacts qui peuvent t\u2019ouvrir de nouvelles portes. Et qui sait, peut-\u00eatre que la couronne n\u2019est que le d\u00e9but.  <\/p>\n\n\n\n<div style=\"height:24px\" aria-hidden=\"true\" class=\"wp-block-spacer\"><\/div>\n\n\n\n<div class=\"wp-block-buttons is-layout-flex wp-block-buttons-is-layout-flex\">\n<div class=\"wp-block-button\"><a class=\"wp-block-button__link wp-element-button\" href=\"https:\/\/hotelgastro.ch\/swissskills\/bildergalerie-swissskills-2025\/\" target=\"_blank\" rel=\"noopener\">Photos des SwissSkills 2025<\/a><\/div>\n<\/div>\n\n\t\t\t<\/div>\n\t\t<\/div>\n\t<\/div>\n<\/div>\n\n\n<div style=\"background-color: #f5f5f5\" class=\"hgf-accordion-item alignfull wp-block-hgf-accordion-item has-background has-f-5-f-5-f-5-background-color\" data-open-default=\"false\">\n\t<button\n\t\tclass=\"hgf-accordion-item__header\"\n\t\taria-expanded=\"false\"\n\t\taria-controls=\"accordion-content-2\"\n\t>\n\t\t\t\t\t<h3 class=\"hgf-accordion-item__title\">\n\t\t\t\tEs-tu pr\u00eat \u00e0 d\u00e9crocher la couronne ? \t\t\t<\/h3>\n\t\t\t\t<figure class=\"hgf-accordion-item__toggle-icon\"><\/figure>\n\t\t\t<\/button>\n\t<div\n\t\tid=\"accordion-content-2\"\n\t\tclass=\"hgf-accordion-item__content\"\n\t\taria-hidden=\"true\"\n\t>\n\t\t<div class=\"hgf-accordion-item__content-inner\">\n\t\t\t<div class=\"hgf-accordion-item__content-container\">\n\t\t\t\t\n\n<p class=\"has-foreground-color has-text-color has-link-color wp-elements-13 wp-block-paragraph\">Les SwissSkills sont la plus grande sc\u00e8ne de la formation professionnelle suisse. Tu y rencontres les meilleurs jeunes professionnels du pays et montres devant le public et un jury d\u2019experts ce dont tu es capable. Qualifie-toi pour la comp\u00e9tition, d\u00e9passe-toi et montre que tu fais partie des meilleurs jeunes talents de ton m\u00e9tier.  <\/p>\n\n\n\n<div style=\"height:24px\" aria-hidden=\"true\" class=\"wp-block-spacer\"><\/div>\n\n\n\n<p class=\"has-foreground-color has-text-color has-link-color wp-elements-14 wp-block-paragraph\">Tu souhaites participer ? Alors tu dois faire preuve d\u2019une motivation sup\u00e9rieure \u00e0 la moyenne et d\u2019un grand enthousiasme pour ton m\u00e9tier. Au moment des SwissSkills, tu dois avoir au maximum 21 ans en Hotel Reception, Restaurant Service et cuisine, et au maximum 23 ans en h\u00f4tellerie-intendance. Ton ann\u00e9e de naissance durant l\u2019ann\u00e9e de la comp\u00e9tition est d\u00e9terminante.   <\/p>\n\n\n\n<div style=\"height:24px\" aria-hidden=\"true\" class=\"wp-block-spacer\"><\/div>\n\n\n\n<p class=\"has-foreground-color has-text-color has-link-color wp-elements-15 wp-block-paragraph\">Avant le d\u00e9but de la comp\u00e9tition, tu dois \u00eatre titulaire d\u2019un CFC dans le m\u00e9tier correspondant. Si tu es encore en formation, une recommandation de ton enseignante ou enseignant professionnel est n\u00e9cessaire pour ta candidature. Tu te pr\u00e9pares de mani\u00e8re autonome aux s\u00e9lections. Dans tous les m\u00e9tiers, la comp\u00e9tition se d\u00e9roule sous forme d\u2019\u00e9preuve individuelle.   <\/p>\n\n\n\n<div style=\"height:12px\" aria-hidden=\"true\" class=\"wp-block-spacer\"><\/div>\n\n\n\n<p class=\"has-foreground-color has-text-color has-link-color wp-elements-16 wp-block-paragraph\">Tout est clair ? Voici alors \u00e0 quoi ressemble ton parcours jusqu\u2019aux SwissSkills 2027 : <\/p>\n\n\n\n<div style=\"height:48px\" aria-hidden=\"true\" class=\"wp-block-spacer\"><\/div>\n\n\n\n<figure class=\"wp-block-image size-full\"><img loading=\"lazy\" decoding=\"async\" width=\"2560\" height=\"703\" src=\"https:\/\/hotelgastro.ch\/wp-content\/uploads\/2026\/08\/FR-1-scaled.png\" alt=\"\" class=\"wp-image-11624\" style=\"aspect-ratio:4.612866896600267;object-fit:contain\" srcset=\"https:\/\/hotelgastro.ch\/wp-content\/uploads\/2026\/08\/FR-1-scaled.png 2560w, https:\/\/hotelgastro.ch\/wp-content\/uploads\/2026\/08\/FR-1-300x82.png 300w, https:\/\/hotelgastro.ch\/wp-content\/uploads\/2026\/08\/FR-1-1024x281.png 1024w, https:\/\/hotelgastro.ch\/wp-content\/uploads\/2026\/08\/FR-1-768x211.png 768w, https:\/\/hotelgastro.ch\/wp-content\/uploads\/2026\/08\/FR-1-1536x422.png 1536w, https:\/\/hotelgastro.ch\/wp-content\/uploads\/2026\/08\/FR-1-2048x563.png 2048w\" sizes=\"auto, (max-width: 2560px) 100vw, 2560px\" \/><\/figure>\n\n\n\n<div style=\"height:48px\" aria-hidden=\"true\" class=\"wp-block-spacer\"><\/div>\n\n\n\n<p class=\"has-foreground-color has-text-color has-link-color wp-elements-17 wp-block-paragraph\">Nous avons \u00e9veill\u00e9 ton int\u00e9r\u00eat ? Alors inscris-toi d\u00e8s maintenant \u00e0 la journ\u00e9e d\u2019information en f\u00e9vrier 2027 et d\u00e9couvre tout ce que tu dois savoir directement aupr\u00e8s de notre \u00e9quipe SwissSkills Gastro ! <\/p>\n\n\n\n<div style=\"height:24px\" aria-hidden=\"true\" class=\"wp-block-spacer\"><\/div>\n\n\n\n<div style=\"height:12px\" aria-hidden=\"true\" class=\"wp-block-spacer\"><\/div>\n\n\n\n<div class=\"wp-block-buttons is-layout-flex wp-block-buttons-is-layout-flex\">\n<div class=\"wp-block-button\"><a class=\"wp-block-button__link wp-element-button\" href=\"https:\/\/hotelgastro.ch\/fr\/formulaire-dinscription-a-la-journee-dinformation-swissskills\/\" target=\"_blank\" rel=\"noopener\">Inscription \u00e0 la journ\u00e9e d\u2019information<\/a><\/div>\n<\/div>\n\n\t\t\t<\/div>\n\t\t<\/div>\n\t<\/div>\n<\/div>\n\n\n<div style=\"background-color: #f5f5f5\" class=\"hgf-accordion-item alignfull wp-block-hgf-accordion-item has-background has-f-5-f-5-f-5-background-color\" data-open-default=\"false\">\n\t<button\n\t\tclass=\"hgf-accordion-item__header\"\n\t\taria-expanded=\"false\"\n\t\taria-controls=\"accordion-content-3\"\n\t>\n\t\t\t\t\t<h3 class=\"hgf-accordion-item__title\">\n\t\t\t\t&#8230;qu\u2019avons-nous encore oubli\u00e9 ?&#8230; \t\t\t<\/h3>\n\t\t\t\t<figure class=\"hgf-accordion-item__toggle-icon\"><\/figure>\n\t\t\t<\/button>\n\t<div\n\t\tid=\"accordion-content-3\"\n\t\tclass=\"hgf-accordion-item__content\"\n\t\taria-hidden=\"true\"\n\t>\n\t\t<div class=\"hgf-accordion-item__content-inner\">\n\t\t\t<div class=\"hgf-accordion-item__content-container\">\n\t\t\t\t\n\n<p class=\"has-foreground-color has-text-color has-link-color wp-elements-18 wp-block-paragraph\">Ah oui&#8230; ! Si tu d\u00e9croches la couronne dans les disciplines Cooking, Restaurant-Service ou Hotel-Reception, la prochaine grande sc\u00e8ne t\u2019attend d\u00e9j\u00e0. Tu te qualifies pour les WorldSkills, d\u00e9couvres de nouveaux pays et as la chance unique de repr\u00e9senter ton m\u00e9tier et la Suisse aux championnats internationaux des m\u00e9tiers.  <\/p>\n\n\n\n<div style=\"height:24px\" aria-hidden=\"true\" class=\"wp-block-spacer\"><\/div>\n\n\n\n<div class=\"wp-block-buttons is-layout-flex wp-block-buttons-is-layout-flex\">\n<div class=\"wp-block-button\"><a class=\"wp-block-button__link wp-element-button\" href=\"https:\/\/worldskills.org\/what\/competitions\/worldskills-shanghai-2026\/\" target=\"_blank\" rel=\"noopener\">WorldSkills<\/a><\/div>\n<\/div>\n\n\t\t\t<\/div>\n\t\t<\/div>\n\t<\/div>\n<\/div>\n\n\n<div style=\"background-color: #f5f5f5\" class=\"hgf-accordion-item alignfull wp-block-hgf-accordion-item has-background has-f-5-f-5-f-5-background-color\" data-open-default=\"false\">\n\t<button\n\t\tclass=\"hgf-accordion-item__header\"\n\t\taria-expanded=\"false\"\n\t\taria-controls=\"accordion-content-4\"\n\t>\n\t\t\t\t\t<h3 class=\"hgf-accordion-item__title\">\n\t\t\t\tD\u00e9couvrir les m\u00e9tiers de la gastronomie &amp; les vivre en direct\t\t\t<\/h3>\n\t\t\t\t<figure class=\"hgf-accordion-item__toggle-icon\"><\/figure>\n\t\t\t<\/button>\n\t<div\n\t\tid=\"accordion-content-4\"\n\t\tclass=\"hgf-accordion-item__content\"\n\t\taria-hidden=\"true\"\n\t>\n\t\t<div class=\"hgf-accordion-item__content-inner\">\n\t\t\t<div class=\"hgf-accordion-item__content-container\">\n\t\t\t\t\n\n<p class=\"has-foreground-color has-text-color has-link-color wp-elements-19 wp-block-paragraph\"><strong>D\u00e9couvrir les m\u00e9tiers ? Bien s\u00fbr. Les vivre en direct ? Encore mieux.<\/strong><br>Aux SwissSkills, tu es aux premi\u00e8res loges lorsque de jeunes talents montrent leur savoir-faire, donnent le meilleur d\u2019eux-m\u00eames sous la pression du temps et se battent avec cr\u00e9ativit\u00e9, pr\u00e9cision et passion pour le titre de championne ou champion suisse.<\/p>\n\n\n\n<p class=\"has-foreground-color has-text-color has-link-color wp-elements-20 wp-block-paragraph\">Si tu es en pleine r\u00e9flexion sur ton choix professionnel, tu peux d\u00e9couvrir ici \u00e0 quel point la gastronomie et l\u2019h\u00f4tellerie sont diversifi\u00e9es. Les parents b\u00e9n\u00e9ficient eux aussi d\u2019un aper\u00e7u authentique des m\u00e9tiers, de leurs exigences et des nombreuses perspectives d\u2019avenir qu\u2019offre un apprentissage professionnel. <\/p>\n\n\n\n<div style=\"height:24px\" aria-hidden=\"true\" class=\"wp-block-spacer\"><\/div>\n\n\n\n<div class=\"wp-block-buttons is-layout-flex wp-block-buttons-is-layout-flex\">\n<div class=\"wp-block-button\"><a class=\"wp-block-button__link wp-element-button\" href=\"https:\/\/swiss-skills.ch\/fr\" target=\"_blank\" rel=\"noopener\">Site officiel des SwissSkills<\/a><\/div>\n<\/div>\n\n\t\t\t<\/div>\n\t\t<\/div>\n\t<\/div>\n<\/div>\n\n\n\n<div style=\"height:12px\" aria-hidden=\"true\" class=\"wp-block-spacer\"><\/div>\n\n\n\n<p class=\"has-foreground-color has-text-color has-link-color wp-elements-21 wp-block-paragraph\"><strong>SwissSkills. La couronne. Et peut-\u00eatre m\u00eame les WorldSkills. \u00c7a ressemble \u00e0 un bon plan, non ? Alors inscris-toi d\u00e8s maintenant aux SwissSkills, qui auront lieu du 14 au 18 septembre 2027 sur le site de BERNEXPO.    <\/strong> <\/p>\n\n\n\n<div style=\"height:12px\" aria-hidden=\"true\" class=\"wp-block-spacer\"><\/div>\n\n\n\n<div class=\"wp-block-buttons is-layout-flex wp-block-buttons-is-layout-flex\">\n<div class=\"wp-block-button\"><a class=\"wp-block-button__link wp-element-button\" href=\"https:\/\/hotelgastro.ch\/fr\/formulaire-dinscription-a-la-journee-dinformation-swissskills\/\" target=\"_blank\" rel=\"noopener\">Inscription \u00e0 la journ\u00e9e d\u2019information<\/a><\/div>\n\n\n\n<div class=\"wp-block-button\"><a class=\"wp-block-button__link wp-element-button\" href=\"https:\/\/hotelgastro.ch\/wp-content\/uploads\/2026\/08\/Reglement-SwissSkills-2027_DE.pdf\" target=\"_blank\" rel=\"noopener\">Reglement<\/a><\/div>\n\n\n\n<div class=\"wp-block-button\"><a class=\"wp-block-button__link wp-element-button\" href=\"https:\/\/hotelgastro.ch\/swissskills\/bildergalerie-swissskills-2025\/\" target=\"_blank\" rel=\"noopener\">Photos des SwissSkills 2025<\/a><\/div>\n<\/div>\n\n\n\n<div style=\"height:49px\" aria-hidden=\"true\" class=\"wp-block-spacer\"><\/div>\n\n\n\n<figure class=\"wp-block-image size-full\"><img loading=\"lazy\" decoding=\"async\" width=\"1920\" height=\"1080\" src=\"https:\/\/hotelgastro.ch\/wp-content\/uploads\/2026\/08\/Unbenannt-31.-August-2026-um-09.35.48.png\" alt=\"\" class=\"wp-image-11626\" srcset=\"https:\/\/hotelgastro.ch\/wp-content\/uploads\/2026\/08\/Unbenannt-31.-August-2026-um-09.35.48.png 1920w, https:\/\/hotelgastro.ch\/wp-content\/uploads\/2026\/08\/Unbenannt-31.-August-2026-um-09.35.48-300x169.png 300w, https:\/\/hotelgastro.ch\/wp-content\/uploads\/2026\/08\/Unbenannt-31.-August-2026-um-09.35.48-1024x576.png 1024w, https:\/\/hotelgastro.ch\/wp-content\/uploads\/2026\/08\/Unbenannt-31.-August-2026-um-09.35.48-768x432.png 768w, https:\/\/hotelgastro.ch\/wp-content\/uploads\/2026\/08\/Unbenannt-31.-August-2026-um-09.35.48-1536x864.png 1536w\" sizes=\"auto, (max-width: 1920px) 100vw, 1920px\" \/><\/figure>\n<\/div>\n","protected":false},"excerpt":{"rendered":"<p>Quatre m\u00e9tiers. Quatre comp\u00e9titions. Une grande sc\u00e8ne. Pour nous, les m\u00e9tiers de la cuisine, de la restauration, de l\u2019h\u00f4tellerie-intendance et de la r\u00e9ception d\u2019h\u00f4tel sont au c\u0153ur des SwissSkills. Et chaque comp\u00e9tition \u00e9crit sa propre histoire. En cuisine, des plats cr\u00e9atifs prennent forme sous la pression du temps. En restauration, l\u2019attention et le sens de [&hellip;]<\/p>\n","protected":false},"author":3,"featured_media":0,"parent":0,"menu_order":1,"comment_status":"closed","ping_status":"closed","template":"hero-content-template","meta":{"_acf_changed":false,"footnotes":""},"class_list":["post-11608","page","type-page","status-publish","hentry"],"acf":[],"yoast_head":"<!-- This site is optimized with the Yoast SEO plugin v28.3 - https:\/\/yoast.com\/product\/yoast-seo-wordpress\/ -->\n<title>SwissSkills 2027 - Hotel &amp; Gastro formation<\/title>\n<meta name=\"robots\" content=\"index, follow, max-snippet:-1, max-image-preview:large, max-video-preview:-1\" \/>\n<link rel=\"canonical\" href=\"https:\/\/hotelgastro.ch\/fr\/swissskills-2027\/\" \/>\n<meta property=\"og:locale\" content=\"fr_FR\" \/>\n<meta property=\"og:type\" content=\"article\" \/>\n<meta property=\"og:title\" content=\"SwissSkills 2027 - Hotel &amp; Gastro formation\" \/>\n<meta property=\"og:description\" content=\"Quatre m\u00e9tiers. Quatre comp\u00e9titions. Une grande sc\u00e8ne. Pour nous, les m\u00e9tiers de la cuisine, de la restauration, de l\u2019h\u00f4tellerie-intendance et de la r\u00e9ception d\u2019h\u00f4tel sont au c\u0153ur des SwissSkills. Et chaque comp\u00e9tition \u00e9crit sa propre histoire. En cuisine, des plats cr\u00e9atifs prennent forme sous la pression du temps. En restauration, l\u2019attention et le sens de [&hellip;]\" \/>\n<meta property=\"og:url\" content=\"https:\/\/hotelgastro.ch\/fr\/swissskills-2027\/\" \/>\n<meta property=\"og:site_name\" content=\"Hotel &amp; Gastro formation\" \/>\n<meta property=\"article:publisher\" content=\"https:\/\/www.facebook.com\/hgfschweiz\" \/>\n<meta property=\"article:modified_time\" content=\"2026-09-01T14:08:54+00:00\" \/>\n<meta property=\"og:image\" content=\"https:\/\/hotelgastro.ch\/wp-content\/uploads\/2026\/08\/FRENCH.png\" \/>\n\t<meta property=\"og:image:width\" content=\"2400\" \/>\n\t<meta property=\"og:image:height\" content=\"800\" \/>\n\t<meta property=\"og:image:type\" content=\"image\/png\" \/>\n<meta name=\"twitter:card\" content=\"summary_large_image\" \/>\n<meta name=\"twitter:label1\" content=\"Dur\u00e9e de lecture estim\u00e9e\" \/>\n\t<meta name=\"twitter:data1\" content=\"5 minutes\" \/>\n<script type=\"application\/ld+json\" class=\"yoast-schema-graph\">{\"@context\":\"https:\\\/\\\/schema.org\",\"@graph\":[{\"@type\":\"WebPage\",\"@id\":\"https:\\\/\\\/hotelgastro.ch\\\/fr\\\/swissskills-2027\\\/\",\"url\":\"https:\\\/\\\/hotelgastro.ch\\\/fr\\\/swissskills-2027\\\/\",\"name\":\"SwissSkills 2027 - Hotel &amp; Gastro formation\",\"isPartOf\":{\"@id\":\"https:\\\/\\\/hotelgastro.ch\\\/fr\\\/#website\"},\"primaryImageOfPage\":{\"@id\":\"https:\\\/\\\/hotelgastro.ch\\\/fr\\\/swissskills-2027\\\/#primaryimage\"},\"image\":{\"@id\":\"https:\\\/\\\/hotelgastro.ch\\\/fr\\\/swissskills-2027\\\/#primaryimage\"},\"thumbnailUrl\":\"https:\\\/\\\/hotelgastro.ch\\\/wp-content\\\/uploads\\\/2026\\\/08\\\/FRENCH.png\",\"datePublished\":\"2026-08-13T14:13:55+00:00\",\"dateModified\":\"2026-09-01T14:08:54+00:00\",\"breadcrumb\":{\"@id\":\"https:\\\/\\\/hotelgastro.ch\\\/fr\\\/swissskills-2027\\\/#breadcrumb\"},\"inLanguage\":\"fr-FR\",\"potentialAction\":[{\"@type\":\"ReadAction\",\"target\":[\"https:\\\/\\\/hotelgastro.ch\\\/fr\\\/swissskills-2027\\\/\"]}]},{\"@type\":\"ImageObject\",\"inLanguage\":\"fr-FR\",\"@id\":\"https:\\\/\\\/hotelgastro.ch\\\/fr\\\/swissskills-2027\\\/#primaryimage\",\"url\":\"https:\\\/\\\/hotelgastro.ch\\\/wp-content\\\/uploads\\\/2026\\\/08\\\/FRENCH.png\",\"contentUrl\":\"https:\\\/\\\/hotelgastro.ch\\\/wp-content\\\/uploads\\\/2026\\\/08\\\/FRENCH.png\"},{\"@type\":\"BreadcrumbList\",\"@id\":\"https:\\\/\\\/hotelgastro.ch\\\/fr\\\/swissskills-2027\\\/#breadcrumb\",\"itemListElement\":[{\"@type\":\"ListItem\",\"position\":1,\"name\":\"Home\",\"item\":\"https:\\\/\\\/hotelgastro.ch\\\/fr\\\/\"},{\"@type\":\"ListItem\",\"position\":2,\"name\":\"SwissSkills 2027\"}]},{\"@type\":\"WebSite\",\"@id\":\"https:\\\/\\\/hotelgastro.ch\\\/fr\\\/#website\",\"url\":\"https:\\\/\\\/hotelgastro.ch\\\/fr\\\/\",\"name\":\"Karriere Hotel Gastro\",\"description\":\"\",\"publisher\":{\"@id\":\"https:\\\/\\\/hotelgastro.ch\\\/fr\\\/#organization\"},\"potentialAction\":[{\"@type\":\"SearchAction\",\"target\":{\"@type\":\"EntryPoint\",\"urlTemplate\":\"https:\\\/\\\/hotelgastro.ch\\\/fr\\\/?s={search_term_string}\"},\"query-input\":{\"@type\":\"PropertyValueSpecification\",\"valueRequired\":true,\"valueName\":\"search_term_string\"}}],\"inLanguage\":\"fr-FR\"},{\"@type\":\"Organization\",\"@id\":\"https:\\\/\\\/hotelgastro.ch\\\/fr\\\/#organization\",\"name\":\"Karriere Hotel Gastro\",\"url\":\"https:\\\/\\\/hotelgastro.ch\\\/fr\\\/\",\"logo\":{\"@type\":\"ImageObject\",\"inLanguage\":\"fr-FR\",\"@id\":\"https:\\\/\\\/hotelgastro.ch\\\/fr\\\/#\\\/schema\\\/logo\\\/image\\\/\",\"url\":\"https:\\\/\\\/hotelgastro.ch\\\/wp-content\\\/uploads\\\/2026\\\/02\\\/HGf_3Verbandslogo_feb2026_FR.svg\",\"contentUrl\":\"https:\\\/\\\/hotelgastro.ch\\\/wp-content\\\/uploads\\\/2026\\\/02\\\/HGf_3Verbandslogo_feb2026_FR.svg\",\"width\":377,\"height\":61,\"caption\":\"Karriere Hotel Gastro\"},\"image\":{\"@id\":\"https:\\\/\\\/hotelgastro.ch\\\/fr\\\/#\\\/schema\\\/logo\\\/image\\\/\"},\"sameAs\":[\"https:\\\/\\\/www.facebook.com\\\/hgfschweiz\",\"https:\\\/\\\/www.linkedin.com\\\/company\\\/hotelgastroformationschweiz\\\/posts\\\/?feedView=all\"]}]}<\/script>\n<!-- \/ Yoast SEO plugin. -->","yoast_head_json":{"title":"SwissSkills 2027 - Hotel &amp; Gastro formation","robots":{"index":"index","follow":"follow","max-snippet":"max-snippet:-1","max-image-preview":"max-image-preview:large","max-video-preview":"max-video-preview:-1"},"canonical":"https:\/\/hotelgastro.ch\/fr\/swissskills-2027\/","og_locale":"fr_FR","og_type":"article","og_title":"SwissSkills 2027 - Hotel &amp; Gastro formation","og_description":"Quatre m\u00e9tiers. Quatre comp\u00e9titions. Une grande sc\u00e8ne. Pour nous, les m\u00e9tiers de la cuisine, de la restauration, de l\u2019h\u00f4tellerie-intendance et de la r\u00e9ception d\u2019h\u00f4tel sont au c\u0153ur des SwissSkills. Et chaque comp\u00e9tition \u00e9crit sa propre histoire. En cuisine, des plats cr\u00e9atifs prennent forme sous la pression du temps. En restauration, l\u2019attention et le sens de [&hellip;]","og_url":"https:\/\/hotelgastro.ch\/fr\/swissskills-2027\/","og_site_name":"Hotel &amp; Gastro formation","article_publisher":"https:\/\/www.facebook.com\/hgfschweiz","article_modified_time":"2026-09-01T14:08:54+00:00","og_image":[{"width":2400,"height":800,"url":"https:\/\/hotelgastro.ch\/wp-content\/uploads\/2026\/08\/FRENCH.png","type":"image\/png"}],"twitter_card":"summary_large_image","twitter_misc":{"Dur\u00e9e de lecture estim\u00e9e":"5 minutes"},"schema":{"@context":"https:\/\/schema.org","@graph":[{"@type":"WebPage","@id":"https:\/\/hotelgastro.ch\/fr\/swissskills-2027\/","url":"https:\/\/hotelgastro.ch\/fr\/swissskills-2027\/","name":"SwissSkills 2027 - Hotel &amp; Gastro formation","isPartOf":{"@id":"https:\/\/hotelgastro.ch\/fr\/#website"},"primaryImageOfPage":{"@id":"https:\/\/hotelgastro.ch\/fr\/swissskills-2027\/#primaryimage"},"image":{"@id":"https:\/\/hotelgastro.ch\/fr\/swissskills-2027\/#primaryimage"},"thumbnailUrl":"https:\/\/hotelgastro.ch\/wp-content\/uploads\/2026\/08\/FRENCH.png","datePublished":"2026-08-13T14:13:55+00:00","dateModified":"2026-09-01T14:08:54+00:00","breadcrumb":{"@id":"https:\/\/hotelgastro.ch\/fr\/swissskills-2027\/#breadcrumb"},"inLanguage":"fr-FR","potentialAction":[{"@type":"ReadAction","target":["https:\/\/hotelgastro.ch\/fr\/swissskills-2027\/"]}]},{"@type":"ImageObject","inLanguage":"fr-FR","@id":"https:\/\/hotelgastro.ch\/fr\/swissskills-2027\/#primaryimage","url":"https:\/\/hotelgastro.ch\/wp-content\/uploads\/2026\/08\/FRENCH.png","contentUrl":"https:\/\/hotelgastro.ch\/wp-content\/uploads\/2026\/08\/FRENCH.png"},{"@type":"BreadcrumbList","@id":"https:\/\/hotelgastro.ch\/fr\/swissskills-2027\/#breadcrumb","itemListElement":[{"@type":"ListItem","position":1,"name":"Home","item":"https:\/\/hotelgastro.ch\/fr\/"},{"@type":"ListItem","position":2,"name":"SwissSkills 2027"}]},{"@type":"WebSite","@id":"https:\/\/hotelgastro.ch\/fr\/#website","url":"https:\/\/hotelgastro.ch\/fr\/","name":"Karriere Hotel Gastro","description":"","publisher":{"@id":"https:\/\/hotelgastro.ch\/fr\/#organization"},"potentialAction":[{"@type":"SearchAction","target":{"@type":"EntryPoint","urlTemplate":"https:\/\/hotelgastro.ch\/fr\/?s={search_term_string}"},"query-input":{"@type":"PropertyValueSpecification","valueRequired":true,"valueName":"search_term_string"}}],"inLanguage":"fr-FR"},{"@type":"Organization","@id":"https:\/\/hotelgastro.ch\/fr\/#organization","name":"Karriere Hotel Gastro","url":"https:\/\/hotelgastro.ch\/fr\/","logo":{"@type":"ImageObject","inLanguage":"fr-FR","@id":"https:\/\/hotelgastro.ch\/fr\/#\/schema\/logo\/image\/","url":"https:\/\/hotelgastro.ch\/wp-content\/uploads\/2026\/02\/HGf_3Verbandslogo_feb2026_FR.svg","contentUrl":"https:\/\/hotelgastro.ch\/wp-content\/uploads\/2026\/02\/HGf_3Verbandslogo_feb2026_FR.svg","width":377,"height":61,"caption":"Karriere Hotel Gastro"},"image":{"@id":"https:\/\/hotelgastro.ch\/fr\/#\/schema\/logo\/image\/"},"sameAs":["https:\/\/www.facebook.com\/hgfschweiz","https:\/\/www.linkedin.com\/company\/hotelgastroformationschweiz\/posts\/?feedView=all"]}]}},"_links":{"self":[{"href":"https:\/\/hotelgastro.ch\/fr\/wp-json\/wp\/v2\/pages\/11608","targetHints":{"allow":["GET"]}}],"collection":[{"href":"https:\/\/hotelgastro.ch\/fr\/wp-json\/wp\/v2\/pages"}],"about":[{"href":"https:\/\/hotelgastro.ch\/fr\/wp-json\/wp\/v2\/types\/page"}],"author":[{"embeddable":true,"href":"https:\/\/hotelgastro.ch\/fr\/wp-json\/wp\/v2\/users\/3"}],"replies":[{"embeddable":true,"href":"https:\/\/hotelgastro.ch\/fr\/wp-json\/wp\/v2\/comments?post=11608"}],"version-history":[{"count":20,"href":"https:\/\/hotelgastro.ch\/fr\/wp-json\/wp\/v2\/pages\/11608\/revisions"}],"predecessor-version":[{"id":11859,"href":"https:\/\/hotelgastro.ch\/fr\/wp-json\/wp\/v2\/pages\/11608\/revisions\/11859"}],"wp:attachment":[{"href":"https:\/\/hotelgastro.ch\/fr\/wp-json\/wp\/v2\/media?parent=11608"}],"curies":[{"name":"wp","href":"https:\/\/api.w.org\/{rel}","templated":true}]}}