{"id":11750,"date":"2026-09-01T15:47:49","date_gmt":"2026-09-01T13:47:49","guid":{"rendered":"https:\/\/hotelgastro.ch\/?page_id=11750"},"modified":"2026-09-01T16:21:21","modified_gmt":"2026-09-01T14:21:21","slug":"gastroclub","status":"publish","type":"page","link":"https:\/\/hotelgastro.ch\/fr\/gastroclub\/","title":{"rendered":"GastroClub"},"content":{"rendered":"\n<div class=\"wp-block-cover alignfull is-light\" style=\"min-height:477px;aspect-ratio:unset;\"><img loading=\"lazy\" decoding=\"async\" width=\"2400\" height=\"800\" class=\"wp-block-cover__image-background wp-image-11470 size-full\" alt=\"\" src=\"https:\/\/hotelgastro.ch\/wp-content\/uploads\/2026\/08\/Unbenannt-17.-August-2026-um-08.01.08-3-5.png\" data-object-fit=\"cover\" srcset=\"https:\/\/hotelgastro.ch\/wp-content\/uploads\/2026\/08\/Unbenannt-17.-August-2026-um-08.01.08-3-5.png 2400w, https:\/\/hotelgastro.ch\/wp-content\/uploads\/2026\/08\/Unbenannt-17.-August-2026-um-08.01.08-3-5-300x100.png 300w, https:\/\/hotelgastro.ch\/wp-content\/uploads\/2026\/08\/Unbenannt-17.-August-2026-um-08.01.08-3-5-1024x341.png 1024w, https:\/\/hotelgastro.ch\/wp-content\/uploads\/2026\/08\/Unbenannt-17.-August-2026-um-08.01.08-3-5-768x256.png 768w, https:\/\/hotelgastro.ch\/wp-content\/uploads\/2026\/08\/Unbenannt-17.-August-2026-um-08.01.08-3-5-1536x512.png 1536w, https:\/\/hotelgastro.ch\/wp-content\/uploads\/2026\/08\/Unbenannt-17.-August-2026-um-08.01.08-3-5-2048x683.png 2048w\" sizes=\"auto, (max-width: 2400px) 100vw, 2400px\" \/><span aria-hidden=\"true\" class=\"wp-block-cover__background has-background-dim-0 has-background-dim\"><\/span><div class=\"wp-block-cover__inner-container is-layout-constrained wp-block-cover-is-layout-constrained\">\n<p class=\"wp-block-paragraph\"><\/p>\n\n\n\n<p class=\"wp-block-paragraph\"><\/p>\n<\/div><\/div>\n\n\n\n<div style=\"height:24px\" aria-hidden=\"true\" class=\"wp-block-spacer\"><\/div>\n\n\n\n<div class=\"wp-block-group is-layout-constrained wp-block-group-is-layout-constrained\">\n<div class=\"wp-block-buttons is-layout-flex wp-block-buttons-is-layout-flex\">\n<div class=\"wp-block-button\"><a class=\"wp-block-button__link wp-element-button\" href=\"https:\/\/hotelgastro.ch\/fr\/deviens-membre-du-swissskills-worldskills-gastroclub\/\" target=\"_blank\" rel=\"noopener\">Je deviens membre<\/a><\/div>\n\n\n\n<div class=\"wp-block-button\"><a class=\"wp-block-button__link wp-element-button\">SwissSkills<\/a><\/div>\n\n\n\n<div class=\"wp-block-button\"><a class=\"wp-block-button__link wp-element-button\">WorldSkills<\/a><\/div>\n<\/div>\n<\/div>\n\n\n\n<div style=\"height:24px\" aria-hidden=\"true\" class=\"wp-block-spacer\"><\/div>\n\n\n\n<div class=\"wp-block-group is-layout-constrained wp-block-group-is-layout-constrained\">\n<p class=\"wp-block-paragraph\"><strong>Derri\u00e8re les grands talents, il y a des personnes qui les soutiennent.<\/strong><\/p>\n\n\n\n<p class=\"wp-block-paragraph\">Le SwissSkills \/ WorldSkills GastroClub r\u00e9unit des entreprises, des fournisseurs, des organisations partenaires et des professionnels qui s\u2019engagent en faveur de la rel\u00e8ve professionnelle suisse. En devenant membre, tu contribues \u00e0 offrir aux jeunes professionnels les conditions dont ils ont besoin pour montrer leur savoir-faire sur la sc\u00e8ne nationale et internationale. <\/p>\n\n\n\n<p class=\"wp-block-paragraph\">Mais il s\u2019agit de bien plus que de m\u00e9dailles. Il s\u2019agit de jeunes qui se d\u00e9passent, de m\u00e9tiers qui m\u00e9ritent d\u2019\u00eatre mis en lumi\u00e8re et d\u2019une branche qui pourra continuer \u00e0 compter sur des professionnels parfaitement form\u00e9s \u00e0 l\u2019avenir. Car le talent a besoin d\u2019une sc\u00e8ne. Et de personnes qui la rendent possible.  <\/p>\n<\/div>\n\n\n\n<div style=\"height:24px\" aria-hidden=\"true\" class=\"wp-block-spacer\"><\/div>\n\n\n<div style=\"background-color: #f5f5f5\" class=\"hgf-accordion-item alignfull wp-block-hgf-accordion-item has-background has-f-5-f-5-f-5-background-color\" data-open-default=\"false\">\n\t<button\n\t\tclass=\"hgf-accordion-item__header\"\n\t\taria-expanded=\"false\"\n\t\taria-controls=\"accordion-content-1\"\n\t>\n\t\t\t\t\t<h3 class=\"hgf-accordion-item__title\">\n\t\t\t\tUn succ\u00e8s qui renforce toute la branche \t\t\t<\/h3>\n\t\t\t\t<figure class=\"hgf-accordion-item__toggle-icon\"><\/figure>\n\t\t\t<\/button>\n\t<div\n\t\tid=\"accordion-content-1\"\n\t\tclass=\"hgf-accordion-item__content\"\n\t\taria-hidden=\"true\"\n\t>\n\t\t<div class=\"hgf-accordion-item__content-inner\">\n\t\t\t<div class=\"hgf-accordion-item__content-container\">\n\t\t\t\t\n\n<p class=\"wp-block-paragraph\">Lorsque nos talents entrent en comp\u00e9tition, ils ne sont pas les seuls \u00e0 \u00eatre sous les projecteurs. Avec eux, les m\u00e9tiers de la gastronomie et de l\u2019h\u00f4tellerie gagnent \u00e9galement en visibilit\u00e9. Leurs performances montrent tout le savoir-faire, la pr\u00e9cision, la cr\u00e9ativit\u00e9 et le sens de l\u2019accueil qui caract\u00e9risent notre branche.  <\/p>\n\n\n\n<div style=\"height:24px\" aria-hidden=\"true\" class=\"wp-block-spacer\"><\/div>\n\n\n\n<p class=\"wp-block-paragraph\">Cela attire l\u2019attention, \u00e9veille l\u2019int\u00e9r\u00eat des jeunes pour l\u2019h\u00f4tellerie-restauration et montre les perspectives qu\u2019offrent nos m\u00e9tiers.<\/p>\n\n\n\n<div style=\"height:12px\" aria-hidden=\"true\" class=\"wp-block-spacer\"><\/div>\n\n\t\t\t<\/div>\n\t\t<\/div>\n\t<\/div>\n<\/div>\n\n\n<div style=\"background-color: #f5f5f5\" class=\"hgf-accordion-item alignfull wp-block-hgf-accordion-item has-background has-f-5-f-5-f-5-background-color\" data-open-default=\"false\">\n\t<button\n\t\tclass=\"hgf-accordion-item__header\"\n\t\taria-expanded=\"false\"\n\t\taria-controls=\"accordion-content-2\"\n\t>\n\t\t\t\t\t<h3 class=\"hgf-accordion-item__title\">\n\t\t\t\tEnsemble, nous rendons l\u2019excellence possible \t\t\t<\/h3>\n\t\t\t\t<figure class=\"hgf-accordion-item__toggle-icon\"><\/figure>\n\t\t\t<\/button>\n\t<div\n\t\tid=\"accordion-content-2\"\n\t\tclass=\"hgf-accordion-item__content\"\n\t\taria-hidden=\"true\"\n\t>\n\t\t<div class=\"hgf-accordion-item__content-inner\">\n\t\t\t<div class=\"hgf-accordion-item__content-container\">\n\t\t\t\t\n\n<p class=\"wp-block-paragraph\">Pour jouer les premiers r\u00f4les aux SwissSkills et aux WorldSkills, il faut beaucoup de pr\u00e9paration : un entra\u00eenement intensif, des formations professionnelles et des coaches exp\u00e9riment\u00e9s.<\/p>\n\n\n\n<div style=\"height:24px\" aria-hidden=\"true\" class=\"wp-block-spacer\"><\/div>\n\n\n\n<p class=\"wp-block-paragraph\">C\u2019est pr\u00e9cis\u00e9ment l\u00e0 que ton engagement fait la diff\u00e9rence. Les contributions du GastroClub financent les entra\u00eenements, des infrastructures modernes pour la pr\u00e9paration et les comp\u00e9titions, les d\u00e9placements ainsi que l\u2019accompagnement professionnel des participantes et participants. Ils peuvent ainsi se concentrer pleinement sur leur objectif et tirer, \u00e9tape par \u00e9tape, le meilleur de leur savoir-faire.  <\/p>\n\n\t\t\t<\/div>\n\t\t<\/div>\n\t<\/div>\n<\/div>\n\n\n<div style=\"background-color: #f5f5f5\" class=\"hgf-accordion-item alignfull wp-block-hgf-accordion-item has-background has-f-5-f-5-f-5-background-color\" data-open-default=\"false\">\n\t<button\n\t\tclass=\"hgf-accordion-item__header\"\n\t\taria-expanded=\"false\"\n\t\taria-controls=\"accordion-content-3\"\n\t>\n\t\t\t\t\t<h3 class=\"hgf-accordion-item__title\">\n\t\t\t\tUn r\u00e9seau qui cr\u00e9e des liens \t\t\t<\/h3>\n\t\t\t\t<figure class=\"hgf-accordion-item__toggle-icon\"><\/figure>\n\t\t\t<\/button>\n\t<div\n\t\tid=\"accordion-content-3\"\n\t\tclass=\"hgf-accordion-item__content\"\n\t\taria-hidden=\"true\"\n\t>\n\t\t<div class=\"hgf-accordion-item__content-inner\">\n\t\t\t<div class=\"hgf-accordion-item__content-container\">\n\t\t\t\t\n\n<p class=\"wp-block-paragraph\">Mais le GastroClub ne se limite pas au soutien, il favorise aussi les rencontres. En tant que membre, tu rejoins un r\u00e9seau de professionnels, d\u2019entreprises et de partenaires qui s\u2019engagent pour l\u2019avenir de l\u2019h\u00f4tellerie-restauration. Tu noues de nouveaux contacts, \u00e9changes avec des personnes qui partagent le m\u00eame engagement et participes au d\u00eener exclusif du GastroClub.  <\/p>\n\n\t\t\t<\/div>\n\t\t<\/div>\n\t<\/div>\n<\/div>\n\n\n<div style=\"background-color: hellgrau\" class=\"hgf-accordion-item alignfull wp-block-hgf-accordion-item has-background has-hellgrau-background-color\" data-open-default=\"false\">\n\t<button\n\t\tclass=\"hgf-accordion-item__header\"\n\t\taria-expanded=\"false\"\n\t\taria-controls=\"accordion-content-4\"\n\t>\n\t\t\t\t\t<h3 class=\"hgf-accordion-item__title\">\n\t\t\t\tTrouve l\u2019adh\u00e9sion qui te convient \t\t\t<\/h3>\n\t\t\t\t<figure class=\"hgf-accordion-item__toggle-icon\"><\/figure>\n\t\t\t<\/button>\n\t<div\n\t\tid=\"accordion-content-4\"\n\t\tclass=\"hgf-accordion-item__content\"\n\t\taria-hidden=\"true\"\n\t>\n\t\t<div class=\"hgf-accordion-item__content-inner\">\n\t\t\t<div class=\"hgf-accordion-item__content-container\">\n\t\t\t\t\n\n<p class=\"wp-block-paragraph\">Platine, Or, Argent ou Friend : avec ta contribution, tu soutiens les jeunes talents professionnels et renforces l\u2019avenir de l\u2019h\u00f4tellerie et de la gastronomie suisses.<\/p>\n\n\n\n<div style=\"height:24px\" aria-hidden=\"true\" class=\"wp-block-spacer\"><\/div>\n\n\n\n<p class=\"wp-block-paragraph\">D\u00e9couvre ici les avantages de ton adh\u00e9sion :<\/p>\n\n\n\n<div style=\"height:24px\" aria-hidden=\"true\" class=\"wp-block-spacer\"><\/div>\n\n\n\n<h4 class=\"wp-block-heading\">GastroClub Platin<\/h4>\n\n\n\n<figure class=\"wp-block-table is-style-stripes\"><table class=\"has-hellgrau-background-color has-background\" style=\"border-style:none;border-width:0px\"><tbody><tr><td><strong>Visibilit\u00e9<\/strong> : Le logo de ton entreprise est affich\u00e9 sur notre site internet, avec un lien vers ton site.<br><br><strong>SwissSkills :<\/strong> D\u00e9couvre les championnats des m\u00e9tiers 2025 \u00e0 Berne lors d\u2019une visite guid\u00e9e exclusive. Tu <br>b\u00e9n\u00e9ficies \u00e9galement de deux places \u00e0 la Competition-Table. Toi et la personne qui t\u2019accompagne pourrez <br>ainsi vivre au plus pr\u00e8s la comp\u00e9tition et voir nos talents se battre pour la victoire. <br><br><strong>\u00c9v\u00e9nement GastroClub <\/strong>: Toi et trois personnes de ton choix \u00eates invit\u00e9s \u00e0 une soir\u00e9e culinaire \u00e0 Weggis avec les participantes et participants aux SwissSkills et aux WorldSkills.<\/td><td class=\"has-text-align-right\" data-align=\"right\"><strong><mark style=\"background-color:rgba(0, 0, 0, 0)\" class=\"has-inline-color has-primary-color\">Cotisation : CHF 800 par an<\/mark><\/strong><\/td><\/tr><\/tbody><\/table><\/figure>\n\n\n\n<div style=\"height:24px\" aria-hidden=\"true\" class=\"wp-block-spacer\"><\/div>\n\n\n\n<h4 class=\"wp-block-heading\">Membres Argent<\/h4>\n\n\n\n<figure class=\"wp-block-table is-style-stripes\"><table class=\"has-foreground-color has-hellgrau-background-color has-text-color has-background has-link-color\"><tbody><tr><td><strong>Visibilit\u00e9 <\/strong>: Le logo de ton entreprise est affich\u00e9 sur notre site internet, avec un lien vers ton site.<br><br><strong>SwissSkills : <\/strong>D\u00e9couvre les championnats des m\u00e9tiers 2025 \u00e0 Berne lors d\u2019une visite guid\u00e9e exclusive. Tu <br>b\u00e9n\u00e9ficies \u00e9galement d\u2019une place \u00e0 la Competition-Table et peux ainsi vivre au plus pr\u00e8s la comp\u00e9tition et voir nos talents se battre pour la victoire. <br><br><strong>\u00c9v\u00e9nement GastroClub : <\/strong>Toi et deux personnes de ton choix \u00eates invit\u00e9s \u00e0 une soir\u00e9e culinaire \u00e0 Weggis <br>r\u00e9unissant les membres du GastroClub ainsi que les participantes et participants aux SwissSkills et aux<br>WorldSkills.<\/td><td class=\"has-text-align-right\" data-align=\"right\"><strong><mark style=\"background-color:rgba(0, 0, 0, 0)\" class=\"has-inline-color has-primary-color\">Cotisation : CHF 500 par an<\/mark><\/strong><\/td><\/tr><\/tbody><\/table><\/figure>\n\n\n\n<div style=\"height:24px\" aria-hidden=\"true\" class=\"wp-block-spacer\"><\/div>\n\n\n\n<h4 class=\"wp-block-heading\">Membres Argent<\/h4>\n\n\n\n<figure class=\"wp-block-table is-style-stripes\"><table class=\"has-foreground-color has-hellgrau-background-color has-text-color has-background has-link-color\" style=\"border-style:none;border-width:0px\"><tbody><tr><td>SwissSkills : D\u00e9couvre les championnats des m\u00e9tiers 2025 lors d\u2019une visite guid\u00e9e exclusive et profite d\u2019un aper\u00e7u passionnant des coulisses.<br><br><br><strong>\u00c9v\u00e9nement GastroClub : <\/strong>Toi et une personne de ton choix \u00eates invit\u00e9s \u00e0 une soir\u00e9e culinaire \u00e0 Weggis <br>r\u00e9unissant les membres du GastroClub ainsi que les participantes et participants aux SwissSkills et aux WorldSkills.<\/td><td class=\"has-text-align-right\" data-align=\"right\"><mark style=\"background-color:rgba(0, 0, 0, 0)\" class=\"has-inline-color has-primary-color\"><strong>Cotisation : CHF 300 par an<\/strong><\/mark><\/td><\/tr><\/tbody><\/table><\/figure>\n\n\n\n<div style=\"height:24px\" aria-hidden=\"true\" class=\"wp-block-spacer\"><\/div>\n\n\n\n<h4 class=\"wp-block-heading\">GastroClub Friends<\/h4>\n\n\n\n<figure class=\"wp-block-table is-style-stripes\"><table class=\"has-foreground-color has-hellgrau-background-color has-text-color has-background has-link-color\"><tbody><tr><td><strong>\u00c9v\u00e9nement GastroClub<\/strong> : Tu es cordialement invit\u00e9 \u00e0 une soir\u00e9e culinaire \u00e0 Weggis r\u00e9unissant les membres <br>du GastroClub ainsi que les participantes et participants aux SwissSkills et aux WorldSkills.<\/td><td class=\"has-text-align-right\" data-align=\"right\"><strong><mark style=\"background-color:rgba(0, 0, 0, 0)\" class=\"has-inline-color has-primary-color\">Cotisation : CHF 150 par an<\/mark><\/strong><\/td><\/tr><\/tbody><\/table><\/figure>\n\n\n\n<div style=\"height:24px\" aria-hidden=\"true\" class=\"wp-block-spacer\"><\/div>\n\n\n\n<div class=\"wp-block-buttons is-layout-flex wp-block-buttons-is-layout-flex\">\n<div class=\"wp-block-button\"><a class=\"wp-block-button__link wp-element-button\" href=\"https:\/\/hotelgastro.ch\/fr\/deviens-membre-du-swissskills-worldskills-gastroclub\/\" target=\"_blank\" rel=\"noopener\">Je deviens membre<\/a><\/div>\n<\/div>\n\n\t\t\t<\/div>\n\t\t<\/div>\n\t<\/div>\n<\/div>\n\n\n<div style=\"background-color: white\" class=\"hgf-accordion-item alignfull wp-block-hgf-accordion-item has-background has-white-background-color\" data-open-default=\"false\">\n\t<button\n\t\tclass=\"hgf-accordion-item__header\"\n\t\taria-expanded=\"false\"\n\t\taria-controls=\"accordion-content-8\"\n\t>\n\t\t\t\t\t<h3 class=\"hgf-accordion-item__title\">\n\t\t\t\tMembres du GastroClub \t\t\t<\/h3>\n\t\t\t\t<figure class=\"hgf-accordion-item__toggle-icon\"><\/figure>\n\t\t\t<\/button>\n\t<div\n\t\tid=\"accordion-content-8\"\n\t\tclass=\"hgf-accordion-item__content\"\n\t\taria-hidden=\"true\"\n\t>\n\t\t<div class=\"hgf-accordion-item__content-inner\">\n\t\t\t<div class=\"hgf-accordion-item__content-container\">\n\t\t\t\t\n\n<h3 class=\"wp-block-heading\">GastroClub Platin<\/h3>\n\n\n\n<div style=\"height:24px\" aria-hidden=\"true\" class=\"wp-block-spacer\"><\/div>\n\n\n\n<div class=\"wp-block-columns is-layout-flex wp-container-core-columns-is-layout-7387b849 wp-block-columns-is-layout-flex\">\n<div class=\"wp-block-column is-layout-flow wp-block-column-is-layout-flow\">\n<div class=\"wp-block-columns is-layout-flex wp-container-core-columns-is-layout-7387b849 wp-block-columns-is-layout-flex\">\n<div class=\"wp-block-column is-layout-flow wp-block-column-is-layout-flow\">\n<figure class=\"wp-block-image aligncenter size-large\"><a href=\"https:\/\/gastrosuisse.ch\/\" target=\"_blank\" rel=\" noreferrer noopener\"><img loading=\"lazy\" decoding=\"async\" width=\"1024\" height=\"247\" src=\"https:\/\/hotelgastro.ch\/wp-content\/uploads\/2026\/05\/GastroSuisse-1024x247.jpg\" alt=\"\" class=\"wp-image-7591\" srcset=\"https:\/\/hotelgastro.ch\/wp-content\/uploads\/2026\/05\/GastroSuisse-1024x247.jpg 1024w, https:\/\/hotelgastro.ch\/wp-content\/uploads\/2026\/05\/GastroSuisse-300x72.jpg 300w, https:\/\/hotelgastro.ch\/wp-content\/uploads\/2026\/05\/GastroSuisse-768x185.jpg 768w, https:\/\/hotelgastro.ch\/wp-content\/uploads\/2026\/05\/GastroSuisse.jpg 1193w\" sizes=\"auto, (max-width: 1024px) 100vw, 1024px\" \/><\/a><\/figure>\n<\/div>\n\n\n\n<div class=\"wp-block-column is-layout-flow wp-block-column-is-layout-flow\">\n<figure class=\"wp-block-gallery has-nested-images columns-default is-cropped wp-block-gallery-5 is-layout-flex wp-block-gallery-is-layout-flex\">\n<figure class=\"wp-block-image size-large\"><a href=\"https:\/\/www.hotelleriesuisse.ch\/de\/\" target=\"_blank\" rel=\" noreferrer noopener\"><img loading=\"lazy\" decoding=\"async\" width=\"1024\" height=\"271\" data-id=\"7593\" src=\"https:\/\/hotelgastro.ch\/wp-content\/uploads\/2026\/05\/HotellerieSuisse-1024x271.jpg\" alt=\"\" class=\"wp-image-7593\" srcset=\"https:\/\/hotelgastro.ch\/wp-content\/uploads\/2026\/05\/HotellerieSuisse-1024x271.jpg 1024w, https:\/\/hotelgastro.ch\/wp-content\/uploads\/2026\/05\/HotellerieSuisse-300x79.jpg 300w, https:\/\/hotelgastro.ch\/wp-content\/uploads\/2026\/05\/HotellerieSuisse-768x203.jpg 768w, https:\/\/hotelgastro.ch\/wp-content\/uploads\/2026\/05\/HotellerieSuisse-1536x406.jpg 1536w, https:\/\/hotelgastro.ch\/wp-content\/uploads\/2026\/05\/HotellerieSuisse-2048x542.jpg 2048w\" sizes=\"auto, (max-width: 1024px) 100vw, 1024px\" \/><\/a><\/figure>\n<\/figure>\n<\/div>\n<\/div>\n<\/div>\n\n\n\n<div class=\"wp-block-column is-layout-flow wp-block-column-is-layout-flow\">\n<div class=\"wp-block-columns is-layout-flex wp-container-core-columns-is-layout-7387b849 wp-block-columns-is-layout-flex\">\n<div class=\"wp-block-column is-layout-flow wp-block-column-is-layout-flow\">\n<figure class=\"wp-block-image size-full\"><a href=\"https:\/\/www.hotelgastrounion.ch\/de\/bvham\/\" target=\"_blank\" rel=\" noreferrer noopener\"><img loading=\"lazy\" decoding=\"async\" width=\"1000\" height=\"405\" src=\"https:\/\/hotelgastro.ch\/wp-content\/uploads\/2026\/05\/BVHAM.jpg\" alt=\"\" class=\"wp-image-7578\" srcset=\"https:\/\/hotelgastro.ch\/wp-content\/uploads\/2026\/05\/BVHAM.jpg 1000w, https:\/\/hotelgastro.ch\/wp-content\/uploads\/2026\/05\/BVHAM-300x122.jpg 300w, https:\/\/hotelgastro.ch\/wp-content\/uploads\/2026\/05\/BVHAM-768x311.jpg 768w\" sizes=\"auto, (max-width: 1000px) 100vw, 1000px\" \/><\/a><\/figure>\n<\/div>\n\n\n\n<div class=\"wp-block-column is-layout-flow wp-block-column-is-layout-flow\">\n<figure class=\"wp-block-image size-full\"><a href=\"https:\/\/www.hotelgastrounion.ch\/de\/bvr\/\" target=\"_blank\" rel=\" noreferrer noopener\"><img loading=\"lazy\" decoding=\"async\" width=\"1000\" height=\"534\" src=\"https:\/\/hotelgastro.ch\/wp-content\/uploads\/2026\/05\/BVSR.jpg\" alt=\"\" class=\"wp-image-7580\" srcset=\"https:\/\/hotelgastro.ch\/wp-content\/uploads\/2026\/05\/BVSR.jpg 1000w, https:\/\/hotelgastro.ch\/wp-content\/uploads\/2026\/05\/BVSR-300x160.jpg 300w, https:\/\/hotelgastro.ch\/wp-content\/uploads\/2026\/05\/BVSR-768x410.jpg 768w\" sizes=\"auto, (max-width: 1000px) 100vw, 1000px\" \/><\/a><\/figure>\n<\/div>\n<\/div>\n<\/div>\n\n\n\n<div class=\"wp-block-column is-layout-flow wp-block-column-is-layout-flow\">\n<div class=\"wp-block-columns is-layout-flex wp-container-core-columns-is-layout-7387b849 wp-block-columns-is-layout-flex\">\n<div class=\"wp-block-column is-layout-flow wp-block-column-is-layout-flow\">\n<figure class=\"wp-block-image size-full\"><a href=\"https:\/\/www.hotelgastrounion.ch\/de\/bvhh\" target=\"_blank\" rel=\" noreferrer noopener\"><img loading=\"lazy\" decoding=\"async\" width=\"1000\" height=\"534\" src=\"https:\/\/hotelgastro.ch\/wp-content\/uploads\/2026\/05\/BVHH.jpg\" alt=\"\" class=\"wp-image-7579\" srcset=\"https:\/\/hotelgastro.ch\/wp-content\/uploads\/2026\/05\/BVHH.jpg 1000w, https:\/\/hotelgastro.ch\/wp-content\/uploads\/2026\/05\/BVHH-300x160.jpg 300w, https:\/\/hotelgastro.ch\/wp-content\/uploads\/2026\/05\/BVHH-768x410.jpg 768w\" sizes=\"auto, (max-width: 1000px) 100vw, 1000px\" \/><\/a><\/figure>\n<\/div>\n\n\n\n<div class=\"wp-block-column is-layout-flow wp-block-column-is-layout-flow\">\n<figure class=\"wp-block-image size-large\"><a href=\"https:\/\/www.hotelgastrounion.ch\/de\/skv\/\" target=\"_blank\" rel=\" noreferrer noopener\"><img loading=\"lazy\" decoding=\"async\" width=\"1000\" height=\"367\" src=\"https:\/\/hotelgastro.ch\/wp-content\/uploads\/2026\/05\/SKV.jpg\" alt=\"\" class=\"wp-image-7599\" srcset=\"https:\/\/hotelgastro.ch\/wp-content\/uploads\/2026\/05\/SKV.jpg 1000w, https:\/\/hotelgastro.ch\/wp-content\/uploads\/2026\/05\/SKV-300x110.jpg 300w, https:\/\/hotelgastro.ch\/wp-content\/uploads\/2026\/05\/SKV-768x282.jpg 768w\" sizes=\"auto, (max-width: 1000px) 100vw, 1000px\" \/><\/a><\/figure>\n<\/div>\n<\/div>\n<\/div>\n<\/div>\n\n\n\n<div class=\"wp-block-columns is-layout-flex wp-container-core-columns-is-layout-7387b849 wp-block-columns-is-layout-flex\">\n<div class=\"wp-block-column is-layout-flow wp-block-column-is-layout-flow\">\n<div class=\"wp-block-columns is-layout-flex wp-container-core-columns-is-layout-7387b849 wp-block-columns-is-layout-flex\">\n<div class=\"wp-block-column is-layout-flow wp-block-column-is-layout-flow\">\n<div class=\"wp-block-columns is-layout-flex wp-container-core-columns-is-layout-7387b849 wp-block-columns-is-layout-flex\">\n<div class=\"wp-block-column is-layout-flow wp-block-column-is-layout-flow\">\n<figure class=\"wp-block-image size-large\"><a href=\"https:\/\/hauswirtschaft.ch\/\" target=\"_blank\" rel=\" noreferrer noopener\"><img loading=\"lazy\" decoding=\"async\" width=\"554\" height=\"147\" src=\"https:\/\/hotelgastro.ch\/wp-content\/uploads\/2026\/05\/OdaHH.jpg\" alt=\"\" class=\"wp-image-7597\" srcset=\"https:\/\/hotelgastro.ch\/wp-content\/uploads\/2026\/05\/OdaHH.jpg 554w, https:\/\/hotelgastro.ch\/wp-content\/uploads\/2026\/05\/OdaHH-300x80.jpg 300w\" sizes=\"auto, (max-width: 554px) 100vw, 554px\" \/><\/a><\/figure>\n<\/div>\n\n\n\n<div class=\"wp-block-column is-layout-flow wp-block-column-is-layout-flow\">\n<figure class=\"wp-block-image size-large\"><a href=\"https:\/\/www.gastrozug.ch\/startseite\" target=\"_blank\" rel=\" noreferrer noopener\"><img loading=\"lazy\" decoding=\"async\" width=\"629\" height=\"131\" src=\"https:\/\/hotelgastro.ch\/wp-content\/uploads\/2026\/05\/GastroZug.jpg\" alt=\"\" class=\"wp-image-7592\" srcset=\"https:\/\/hotelgastro.ch\/wp-content\/uploads\/2026\/05\/GastroZug.jpg 629w, https:\/\/hotelgastro.ch\/wp-content\/uploads\/2026\/05\/GastroZug-300x62.jpg 300w\" sizes=\"auto, (max-width: 629px) 100vw, 629px\" \/><\/a><\/figure>\n<\/div>\n<\/div>\n<\/div>\n<\/div>\n<\/div>\n\n\n\n<div class=\"wp-block-column is-layout-flow wp-block-column-is-layout-flow\">\n<div class=\"wp-block-columns is-layout-flex wp-container-core-columns-is-layout-7387b849 wp-block-columns-is-layout-flex\">\n<div class=\"wp-block-column is-layout-flow wp-block-column-is-layout-flow\">\n<figure class=\"wp-block-image size-large\"><a href=\"https:\/\/www.gastroschwyz.ch\/gastroschwyz\/\" target=\"_blank\" rel=\" noreferrer noopener\"><img loading=\"lazy\" decoding=\"async\" width=\"310\" height=\"100\" src=\"https:\/\/hotelgastro.ch\/wp-content\/uploads\/2026\/05\/GastroSchwyz.png\" alt=\"\" class=\"wp-image-7589\" srcset=\"https:\/\/hotelgastro.ch\/wp-content\/uploads\/2026\/05\/GastroSchwyz.png 310w, https:\/\/hotelgastro.ch\/wp-content\/uploads\/2026\/05\/GastroSchwyz-300x97.png 300w\" sizes=\"auto, (max-width: 310px) 100vw, 310px\" \/><\/a><\/figure>\n<\/div>\n\n\n\n<div class=\"wp-block-column is-layout-flow wp-block-column-is-layout-flow\">\n<figure class=\"wp-block-image aligncenter size-full\"><a href=\"https:\/\/www.gastroaargau.ch\/\" target=\"_blank\" rel=\" noreferrer noopener\"><img loading=\"lazy\" decoding=\"async\" width=\"128\" height=\"102\" src=\"https:\/\/hotelgastro.ch\/wp-content\/uploads\/2026\/05\/Gastro-Aargau.jpg\" alt=\"\" class=\"wp-image-7588\"\/><\/a><\/figure>\n<\/div>\n<\/div>\n<\/div>\n\n\n\n<div class=\"wp-block-column is-layout-flow wp-block-column-is-layout-flow\">\n<div class=\"wp-block-columns is-layout-flex wp-container-core-columns-is-layout-7387b849 wp-block-columns-is-layout-flex\">\n<div class=\"wp-block-column is-layout-flow wp-block-column-is-layout-flow\">\n<figure class=\"wp-block-image size-large\"><a href=\"https:\/\/www.gastro-solothurn.ch\/\" target=\"_blank\" rel=\" noreferrer noopener\"><img loading=\"lazy\" decoding=\"async\" width=\"1024\" height=\"153\" src=\"https:\/\/hotelgastro.ch\/wp-content\/uploads\/2026\/05\/GastroSolothurn-1024x153.jpg\" alt=\"\" class=\"wp-image-7590\" srcset=\"https:\/\/hotelgastro.ch\/wp-content\/uploads\/2026\/05\/GastroSolothurn-1024x153.jpg 1024w, https:\/\/hotelgastro.ch\/wp-content\/uploads\/2026\/05\/GastroSolothurn-300x45.jpg 300w, https:\/\/hotelgastro.ch\/wp-content\/uploads\/2026\/05\/GastroSolothurn-768x115.jpg 768w, https:\/\/hotelgastro.ch\/wp-content\/uploads\/2026\/05\/GastroSolothurn-1536x230.jpg 1536w, https:\/\/hotelgastro.ch\/wp-content\/uploads\/2026\/05\/GastroSolothurn.jpg 1744w\" sizes=\"auto, (max-width: 1024px) 100vw, 1024px\" \/><\/a><\/figure>\n<\/div>\n\n\n\n<div class=\"wp-block-column is-layout-flow wp-block-column-is-layout-flow\">\n<figure class=\"wp-block-image size-full\"><a href=\"https:\/\/www.shl.ch\/de\" target=\"_blank\" rel=\" noreferrer noopener\"><img loading=\"lazy\" decoding=\"async\" width=\"200\" height=\"60\" src=\"https:\/\/hotelgastro.ch\/wp-content\/uploads\/2026\/05\/hotelfachschule_luzern.jpg\" alt=\"\" class=\"wp-image-7611\"\/><\/a><\/figure>\n<\/div>\n<\/div>\n<\/div>\n<\/div>\n\n\n\n<div class=\"wp-block-columns is-layout-flex wp-container-core-columns-is-layout-7387b849 wp-block-columns-is-layout-flex\">\n<div class=\"wp-block-column is-layout-flow wp-block-column-is-layout-flow\">\n<div class=\"wp-block-columns is-layout-flex wp-container-core-columns-is-layout-7387b849 wp-block-columns-is-layout-flex\">\n<div class=\"wp-block-column is-layout-flow wp-block-column-is-layout-flow\">\n<figure class=\"wp-block-image size-large\"><a href=\"https:\/\/www.emmi-food-service.ch\/che\/de\" target=\"_blank\" rel=\" noreferrer noopener\"><img loading=\"lazy\" decoding=\"async\" width=\"123\" height=\"120\" src=\"https:\/\/hotelgastro.ch\/wp-content\/uploads\/2026\/05\/Emmiweb-1.jpg\" alt=\"\" class=\"wp-image-7585\"\/><\/a><\/figure>\n<\/div>\n\n\n\n<div class=\"wp-block-column is-layout-flow wp-block-column-is-layout-flow\">\n<figure class=\"wp-block-gallery has-nested-images columns-default is-cropped wp-block-gallery-6 is-layout-flex wp-block-gallery-is-layout-flex\">\n<figure class=\"wp-block-image size-large is-resized\"><a href=\"https:\/\/escoffierch.com\/\" target=\"_blank\" rel=\" noreferrer noopener\"><img loading=\"lazy\" decoding=\"async\" width=\"974\" height=\"1024\" data-id=\"7586\" src=\"https:\/\/hotelgastro.ch\/wp-content\/uploads\/2026\/05\/EscoffierYoungTalent-974x1024.jpg\" alt=\"\" class=\"wp-image-7586\" style=\"width:110px;height:auto\" srcset=\"https:\/\/hotelgastro.ch\/wp-content\/uploads\/2026\/05\/EscoffierYoungTalent-974x1024.jpg 974w, https:\/\/hotelgastro.ch\/wp-content\/uploads\/2026\/05\/EscoffierYoungTalent-285x300.jpg 285w, https:\/\/hotelgastro.ch\/wp-content\/uploads\/2026\/05\/EscoffierYoungTalent-768x807.jpg 768w, https:\/\/hotelgastro.ch\/wp-content\/uploads\/2026\/05\/EscoffierYoungTalent.jpg 1412w\" sizes=\"auto, (max-width: 974px) 100vw, 974px\" \/><\/a><\/figure>\n<\/figure>\n<\/div>\n<\/div>\n<\/div>\n\n\n\n<div class=\"wp-block-column is-layout-flow wp-block-column-is-layout-flow\">\n<div class=\"wp-block-columns is-layout-flex wp-container-core-columns-is-layout-7387b849 wp-block-columns-is-layout-flex\">\n<div class=\"wp-block-column is-layout-flow wp-block-column-is-layout-flow\">\n<figure class=\"wp-block-image size-full\"><a href=\"https:\/\/www.hotelleriesuisse.ch\/de\/regionen\/basel-und-region\" target=\"_blank\" rel=\" noreferrer noopener\"><img loading=\"lazy\" decoding=\"async\" width=\"512\" height=\"169\" src=\"https:\/\/hotelgastro.ch\/wp-content\/uploads\/2026\/05\/Basel-und-Reion-.jpg\" alt=\"\" class=\"wp-image-7577\" srcset=\"https:\/\/hotelgastro.ch\/wp-content\/uploads\/2026\/05\/Basel-und-Reion-.jpg 512w, https:\/\/hotelgastro.ch\/wp-content\/uploads\/2026\/05\/Basel-und-Reion--300x99.jpg 300w\" sizes=\"auto, (max-width: 512px) 100vw, 512px\" \/><\/a><\/figure>\n<\/div>\n\n\n\n<div class=\"wp-block-column is-layout-flow wp-block-column-is-layout-flow\">\n<figure class=\"wp-block-image size-full\"><a href=\"https:\/\/www.gastroformationbern.ch\/\" target=\"_blank\" rel=\" noreferrer noopener\"><img loading=\"lazy\" decoding=\"async\" width=\"280\" height=\"111\" src=\"https:\/\/hotelgastro.ch\/wp-content\/uploads\/2026\/05\/logo.png\" alt=\"\" class=\"wp-image-7594\"\/><\/a><\/figure>\n<\/div>\n<\/div>\n<\/div>\n\n\n\n<div class=\"wp-block-column is-layout-flow wp-block-column-is-layout-flow\">\n<div class=\"wp-block-columns is-layout-flex wp-container-core-columns-is-layout-7387b849 wp-block-columns-is-layout-flex\">\n<div class=\"wp-block-column is-layout-flow wp-block-column-is-layout-flow\">\n<figure class=\"wp-block-image size-large\"><a href=\"https:\/\/www.marmite.ch\/\" target=\"_blank\" rel=\" noreferrer noopener\"><img loading=\"lazy\" decoding=\"async\" width=\"1024\" height=\"362\" src=\"https:\/\/hotelgastro.ch\/wp-content\/uploads\/2026\/05\/marmite-1024x362.jpg\" alt=\"\" class=\"wp-image-7595\" srcset=\"https:\/\/hotelgastro.ch\/wp-content\/uploads\/2026\/05\/marmite-1024x362.jpg 1024w, https:\/\/hotelgastro.ch\/wp-content\/uploads\/2026\/05\/marmite-300x106.jpg 300w, https:\/\/hotelgastro.ch\/wp-content\/uploads\/2026\/05\/marmite-768x271.jpg 768w, https:\/\/hotelgastro.ch\/wp-content\/uploads\/2026\/05\/marmite-1536x543.jpg 1536w, https:\/\/hotelgastro.ch\/wp-content\/uploads\/2026\/05\/marmite.jpg 1972w\" sizes=\"auto, (max-width: 1024px) 100vw, 1024px\" \/><\/a><\/figure>\n<\/div>\n\n\n\n<div class=\"wp-block-column is-layout-flow wp-block-column-is-layout-flow\">\n<figure class=\"wp-block-image size-full\"><a href=\"https:\/\/narimpex.ch\/\" target=\"_blank\" rel=\" noreferrer noopener\"><img loading=\"lazy\" decoding=\"async\" width=\"200\" height=\"60\" src=\"https:\/\/hotelgastro.ch\/wp-content\/uploads\/2026\/05\/Nectaflor.jpg\" alt=\"\" class=\"wp-image-7596\"\/><\/a><\/figure>\n<\/div>\n<\/div>\n<\/div>\n<\/div>\n\n\n\n<div class=\"wp-block-columns is-layout-flex wp-container-core-columns-is-layout-7387b849 wp-block-columns-is-layout-flex\">\n<div class=\"wp-block-column is-layout-flow wp-block-column-is-layout-flow\">\n<div class=\"wp-block-columns is-layout-flex wp-container-core-columns-is-layout-7387b849 wp-block-columns-is-layout-flex\">\n<div class=\"wp-block-column is-layout-flow wp-block-column-is-layout-flow\">\n<figure class=\"wp-block-image size-large\"><a href=\"https:\/\/www.blaettlercoaching.ch\/\" target=\"_blank\" rel=\" noreferrer noopener\"><img loading=\"lazy\" decoding=\"async\" width=\"447\" height=\"324\" src=\"https:\/\/hotelgastro.ch\/wp-content\/uploads\/2026\/05\/Andreas-Blaettler.jpg\" alt=\"\" class=\"wp-image-7576\" srcset=\"https:\/\/hotelgastro.ch\/wp-content\/uploads\/2026\/05\/Andreas-Blaettler.jpg 447w, https:\/\/hotelgastro.ch\/wp-content\/uploads\/2026\/05\/Andreas-Blaettler-300x217.jpg 300w\" sizes=\"auto, (max-width: 447px) 100vw, 447px\" \/><\/a><\/figure>\n<\/div>\n\n\n\n<div class=\"wp-block-column is-layout-flow wp-block-column-is-layout-flow\">\n<figure class=\"wp-block-image size-large\"><a href=\"https:\/\/schweizerfleisch.ch\/\" target=\"_blank\" rel=\" noreferrer noopener\"><img loading=\"lazy\" decoding=\"async\" width=\"1024\" height=\"631\" src=\"https:\/\/hotelgastro.ch\/wp-content\/uploads\/2026\/05\/SF_Logo2D_rgb_ohne_Claim_d-1024x631.png\" alt=\"\" class=\"wp-image-7610\" srcset=\"https:\/\/hotelgastro.ch\/wp-content\/uploads\/2026\/05\/SF_Logo2D_rgb_ohne_Claim_d-1024x631.png 1024w, https:\/\/hotelgastro.ch\/wp-content\/uploads\/2026\/05\/SF_Logo2D_rgb_ohne_Claim_d-300x185.png 300w, https:\/\/hotelgastro.ch\/wp-content\/uploads\/2026\/05\/SF_Logo2D_rgb_ohne_Claim_d-768x473.png 768w, https:\/\/hotelgastro.ch\/wp-content\/uploads\/2026\/05\/SF_Logo2D_rgb_ohne_Claim_d-1536x946.png 1536w, https:\/\/hotelgastro.ch\/wp-content\/uploads\/2026\/05\/SF_Logo2D_rgb_ohne_Claim_d-2048x1262.png 2048w\" sizes=\"auto, (max-width: 1024px) 100vw, 1024px\" \/><\/a><\/figure>\n<\/div>\n<\/div>\n<\/div>\n\n\n\n<div class=\"wp-block-column is-layout-flow wp-block-column-is-layout-flow\">\n<div class=\"wp-block-columns is-layout-flex wp-container-core-columns-is-layout-7387b849 wp-block-columns-is-layout-flex\">\n<div class=\"wp-block-column is-layout-flow wp-block-column-is-layout-flow\">\n<figure class=\"wp-block-image size-large\"><a href=\"https:\/\/www.schwob.swiss\/de\" target=\"_blank\" rel=\" noreferrer noopener\"><img loading=\"lazy\" decoding=\"async\" width=\"1024\" height=\"289\" src=\"https:\/\/hotelgastro.ch\/wp-content\/uploads\/2026\/05\/Schwob-1024x289.jpg\" alt=\"\" class=\"wp-image-7598\" srcset=\"https:\/\/hotelgastro.ch\/wp-content\/uploads\/2026\/05\/Schwob-1024x289.jpg 1024w, https:\/\/hotelgastro.ch\/wp-content\/uploads\/2026\/05\/Schwob-300x85.jpg 300w, https:\/\/hotelgastro.ch\/wp-content\/uploads\/2026\/05\/Schwob-768x217.jpg 768w, https:\/\/hotelgastro.ch\/wp-content\/uploads\/2026\/05\/Schwob.jpg 1231w\" sizes=\"auto, (max-width: 1024px) 100vw, 1024px\" \/><\/a><\/figure>\n<\/div>\n\n\n\n<div class=\"wp-block-column is-layout-flow wp-block-column-is-layout-flow\">\n<figure class=\"wp-block-gallery has-nested-images columns-default is-cropped wp-block-gallery-7 is-layout-flex wp-block-gallery-is-layout-flex\">\n<figure class=\"wp-block-image size-large is-resized\"><a href=\"https:\/\/www.der-frisch-fisch.ch\/\" target=\"_blank\" rel=\" noreferrer noopener\"><img loading=\"lazy\" decoding=\"async\" width=\"150\" height=\"65\" data-id=\"7581\" src=\"https:\/\/hotelgastro.ch\/wp-content\/uploads\/2026\/05\/Doerig.png\" alt=\"\" class=\"wp-image-7581\" style=\"width:180px;height:auto\"\/><\/a><\/figure>\n<\/figure>\n<\/div>\n<\/div>\n<\/div>\n\n\n\n<div class=\"wp-block-column is-layout-flow wp-block-column-is-layout-flow\">\n<div class=\"wp-block-columns is-layout-flex wp-container-core-columns-is-layout-7387b849 wp-block-columns-is-layout-flex\">\n<div class=\"wp-block-column is-layout-flow wp-block-column-is-layout-flow\">\n<figure class=\"wp-block-image size-large\"><img loading=\"lazy\" decoding=\"async\" width=\"120\" height=\"41\" src=\"https:\/\/hotelgastro.ch\/wp-content\/uploads\/2026\/05\/agrano-3.jpg\" alt=\"\" class=\"wp-image-7587\"\/><\/figure>\n<\/div>\n\n\n\n<div class=\"wp-block-column is-layout-flow wp-block-column-is-layout-flow\">\n<figure class=\"wp-block-image size-full\"><a href=\"https:\/\/website.wigl.ch\/\" target=\"_blank\" rel=\" noreferrer noopener\"><img loading=\"lazy\" decoding=\"async\" width=\"470\" height=\"224\" src=\"https:\/\/hotelgastro.ch\/wp-content\/uploads\/2026\/05\/WIGL.png\" alt=\"\" class=\"wp-image-7601\" srcset=\"https:\/\/hotelgastro.ch\/wp-content\/uploads\/2026\/05\/WIGL.png 470w, https:\/\/hotelgastro.ch\/wp-content\/uploads\/2026\/05\/WIGL-300x143.png 300w\" sizes=\"auto, (max-width: 470px) 100vw, 470px\" \/><\/a><\/figure>\n<\/div>\n<\/div>\n<\/div>\n<\/div>\n\n\n\n<div class=\"wp-block-columns is-layout-flex wp-container-core-columns-is-layout-7387b849 wp-block-columns-is-layout-flex\">\n<div class=\"wp-block-column is-layout-flow wp-block-column-is-layout-flow\">\n<div class=\"wp-block-columns is-layout-flex wp-container-core-columns-is-layout-7387b849 wp-block-columns-is-layout-flex\">\n<div class=\"wp-block-column is-layout-flow wp-block-column-is-layout-flow\">\n<figure class=\"wp-block-image size-large\"><a href=\"https:\/\/www.zagg.ch\/de\" target=\"_blank\" rel=\" noreferrer noopener\"><img loading=\"lazy\" decoding=\"async\" width=\"1024\" height=\"407\" src=\"https:\/\/hotelgastro.ch\/wp-content\/uploads\/2026\/05\/Zagg-1024x407.jpg\" alt=\"\" class=\"wp-image-7602\" srcset=\"https:\/\/hotelgastro.ch\/wp-content\/uploads\/2026\/05\/Zagg-1024x407.jpg 1024w, https:\/\/hotelgastro.ch\/wp-content\/uploads\/2026\/05\/Zagg-300x119.jpg 300w, https:\/\/hotelgastro.ch\/wp-content\/uploads\/2026\/05\/Zagg-768x305.jpg 768w, https:\/\/hotelgastro.ch\/wp-content\/uploads\/2026\/05\/Zagg-1536x611.jpg 1536w, https:\/\/hotelgastro.ch\/wp-content\/uploads\/2026\/05\/Zagg.jpg 1720w\" sizes=\"auto, (max-width: 1024px) 100vw, 1024px\" \/><\/a><\/figure>\n<\/div>\n\n\n\n<div class=\"wp-block-column is-layout-flow wp-block-column-is-layout-flow\">\n<figure class=\"wp-block-image size-full\"><a href=\"https:\/\/support4skills.ch\/\" target=\"_blank\" rel=\" noreferrer noopener\"><img loading=\"lazy\" decoding=\"async\" width=\"200\" height=\"60\" src=\"https:\/\/hotelgastro.ch\/wp-content\/uploads\/2026\/05\/swisssklogoweg.jpg\" alt=\"\" class=\"wp-image-7600\"\/><\/a><\/figure>\n<\/div>\n<\/div>\n<\/div>\n\n\n\n<div class=\"wp-block-column is-layout-flow wp-block-column-is-layout-flow\"><\/div>\n\n\n\n<div class=\"wp-block-column is-layout-flow wp-block-column-is-layout-flow\"><\/div>\n<\/div>\n\n\n\n<div style=\"height:93px\" aria-hidden=\"true\" class=\"wp-block-spacer\"><\/div>\n\n\n\n<div class=\"wp-block-group is-layout-constrained wp-block-group-is-layout-constrained\">\n<h3 class=\"wp-block-heading\">Membred d&rsquo;Or<\/h3>\n\n\n\n<div style=\"height:24px\" aria-hidden=\"true\" class=\"wp-block-spacer\"><\/div>\n\n\n\n<div class=\"wp-block-columns is-layout-flex wp-container-core-columns-is-layout-7387b849 wp-block-columns-is-layout-flex\">\n<div class=\"wp-block-column is-layout-flow wp-block-column-is-layout-flow\">\n<div class=\"wp-block-columns is-layout-flex wp-container-core-columns-is-layout-7387b849 wp-block-columns-is-layout-flex\">\n<div class=\"wp-block-column is-layout-flow wp-block-column-is-layout-flow\">\n<figure class=\"wp-block-image size-full\"><a href=\"https:\/\/ews.ch\/\" target=\"_blank\" rel=\" noreferrer noopener\"><img loading=\"lazy\" decoding=\"async\" width=\"455\" height=\"154\" src=\"https:\/\/hotelgastro.ch\/wp-content\/uploads\/2026\/05\/EWS.jpg\" alt=\"\" class=\"wp-image-7603\" srcset=\"https:\/\/hotelgastro.ch\/wp-content\/uploads\/2026\/05\/EWS.jpg 455w, https:\/\/hotelgastro.ch\/wp-content\/uploads\/2026\/05\/EWS-300x102.jpg 300w\" sizes=\"auto, (max-width: 455px) 100vw, 455px\" \/><\/a><\/figure>\n<\/div>\n\n\n\n<div class=\"wp-block-column is-layout-flow wp-block-column-is-layout-flow\">\n<figure class=\"wp-block-image size-large\"><a href=\"https:\/\/gart.ch\/\" target=\"_blank\" rel=\" noreferrer noopener\"><img loading=\"lazy\" decoding=\"async\" width=\"1024\" height=\"309\" src=\"https:\/\/hotelgastro.ch\/wp-content\/uploads\/2026\/05\/GART-1024x309.jpg\" alt=\"\" class=\"wp-image-7604\" srcset=\"https:\/\/hotelgastro.ch\/wp-content\/uploads\/2026\/05\/GART-1024x309.jpg 1024w, https:\/\/hotelgastro.ch\/wp-content\/uploads\/2026\/05\/GART-300x90.jpg 300w, https:\/\/hotelgastro.ch\/wp-content\/uploads\/2026\/05\/GART-768x232.jpg 768w, https:\/\/hotelgastro.ch\/wp-content\/uploads\/2026\/05\/GART.jpg 1399w\" sizes=\"auto, (max-width: 1024px) 100vw, 1024px\" \/><\/a><\/figure>\n<\/div>\n<\/div>\n<\/div>\n\n\n\n<div class=\"wp-block-column is-layout-flow wp-block-column-is-layout-flow\">\n<div class=\"wp-block-columns is-layout-flex wp-container-core-columns-is-layout-7387b849 wp-block-columns-is-layout-flex\">\n<div class=\"wp-block-column is-layout-flow wp-block-column-is-layout-flow\">\n<figure class=\"wp-block-image size-full\"><a href=\"https:\/\/www.weggis.ch\/gemeinde\" target=\"_blank\" rel=\" noreferrer noopener\"><img loading=\"lazy\" decoding=\"async\" width=\"660\" height=\"250\" src=\"https:\/\/hotelgastro.ch\/wp-content\/uploads\/2026\/05\/Gemeinde_Weggis.jpg\" alt=\"\" class=\"wp-image-7605\" srcset=\"https:\/\/hotelgastro.ch\/wp-content\/uploads\/2026\/05\/Gemeinde_Weggis.jpg 660w, https:\/\/hotelgastro.ch\/wp-content\/uploads\/2026\/05\/Gemeinde_Weggis-300x114.jpg 300w\" sizes=\"auto, (max-width: 660px) 100vw, 660px\" \/><\/a><\/figure>\n<\/div>\n\n\n\n<div class=\"wp-block-column is-layout-flow wp-block-column-is-layout-flow\">\n<figure class=\"wp-block-image size-full\"><a href=\"https:\/\/haco.ch\/\" target=\"_blank\" rel=\" noreferrer noopener\"><img loading=\"lazy\" decoding=\"async\" width=\"1000\" height=\"308\" src=\"https:\/\/hotelgastro.ch\/wp-content\/uploads\/2026\/05\/Haco.jpg\" alt=\"\" class=\"wp-image-7606\" srcset=\"https:\/\/hotelgastro.ch\/wp-content\/uploads\/2026\/05\/Haco.jpg 1000w, https:\/\/hotelgastro.ch\/wp-content\/uploads\/2026\/05\/Haco-300x92.jpg 300w, https:\/\/hotelgastro.ch\/wp-content\/uploads\/2026\/05\/Haco-768x237.jpg 768w\" sizes=\"auto, (max-width: 1000px) 100vw, 1000px\" \/><\/a><\/figure>\n<\/div>\n<\/div>\n<\/div>\n\n\n\n<div class=\"wp-block-column is-layout-flow wp-block-column-is-layout-flow\">\n<div class=\"wp-block-columns is-layout-flex wp-container-core-columns-is-layout-7387b849 wp-block-columns-is-layout-flex\">\n<div class=\"wp-block-column is-layout-flow wp-block-column-is-layout-flow\">\n<figure class=\"wp-block-image size-full\"><a href=\"https:\/\/www.local.ch\/de\/d\/weggis\/6353\/gebaeudetechnik\/boesch-josef-gmbh-CD7pzxCCBgRxYH12JWomVA\" target=\"_blank\" rel=\" noreferrer noopener\"><img loading=\"lazy\" decoding=\"async\" width=\"200\" height=\"60\" src=\"https:\/\/hotelgastro.ch\/wp-content\/uploads\/2026\/05\/josef_boesch.jpg\" alt=\"\" class=\"wp-image-7607\"\/><\/a><\/figure>\n<\/div>\n\n\n\n<div class=\"wp-block-column is-layout-flow wp-block-column-is-layout-flow\">\n<figure class=\"wp-block-image size-large\"><a href=\"]]&amp;gt;\" target=\"_blank\" rel=\" noreferrer noopener\"><img loading=\"lazy\" decoding=\"async\" width=\"1024\" height=\"352\" src=\"https:\/\/hotelgastro.ch\/wp-content\/uploads\/2026\/05\/Saviva_Logo_RGB-1024x352.jpg\" alt=\"\" class=\"wp-image-7608\" srcset=\"https:\/\/hotelgastro.ch\/wp-content\/uploads\/2026\/05\/Saviva_Logo_RGB-1024x352.jpg 1024w, https:\/\/hotelgastro.ch\/wp-content\/uploads\/2026\/05\/Saviva_Logo_RGB-300x103.jpg 300w, https:\/\/hotelgastro.ch\/wp-content\/uploads\/2026\/05\/Saviva_Logo_RGB-768x264.jpg 768w, https:\/\/hotelgastro.ch\/wp-content\/uploads\/2026\/05\/Saviva_Logo_RGB.jpg 1300w\" sizes=\"auto, (max-width: 1024px) 100vw, 1024px\" \/><\/a><\/figure>\n<\/div>\n<\/div>\n<\/div>\n<\/div>\n\n\n\n<div class=\"wp-block-columns is-layout-flex wp-container-core-columns-is-layout-7387b849 wp-block-columns-is-layout-flex\">\n<div class=\"wp-block-column is-layout-flow wp-block-column-is-layout-flow\">\n<div class=\"wp-block-columns is-layout-flex wp-container-core-columns-is-layout-7387b849 wp-block-columns-is-layout-flex\">\n<div class=\"wp-block-column is-layout-flow wp-block-column-is-layout-flow\">\n<figure class=\"wp-block-image size-full\"><img loading=\"lazy\" decoding=\"async\" width=\"725\" height=\"231\" src=\"https:\/\/hotelgastro.ch\/wp-content\/uploads\/2026\/05\/Seinet-Comestibles.jpg\" alt=\"\" class=\"wp-image-7609\" srcset=\"https:\/\/hotelgastro.ch\/wp-content\/uploads\/2026\/05\/Seinet-Comestibles.jpg 725w, https:\/\/hotelgastro.ch\/wp-content\/uploads\/2026\/05\/Seinet-Comestibles-300x96.jpg 300w\" sizes=\"auto, (max-width: 725px) 100vw, 725px\" \/><\/figure>\n<\/div>\n\n\n\n<div class=\"wp-block-column is-layout-flow wp-block-column-is-layout-flow\"><\/div>\n<\/div>\n<\/div>\n\n\n\n<div class=\"wp-block-column is-layout-flow wp-block-column-is-layout-flow\"><\/div>\n\n\n\n<div class=\"wp-block-column is-layout-flow wp-block-column-is-layout-flow\"><\/div>\n<\/div>\n\n\n\n<div style=\"height:81px\" aria-hidden=\"true\" class=\"wp-block-spacer\"><\/div>\n<\/div>\n\n\n\n<div class=\"wp-block-group is-layout-constrained wp-block-group-is-layout-constrained\">\n<h3 class=\"wp-block-heading\">Membres Argent<\/h3>\n\n\n\n<figure class=\"wp-block-table has-medium-font-size\"><table class=\"has-border-color has-background-border-color has-fixed-layout\"><tbody><tr><td>Angehrn Martin<\/td><td>Birrer Heiner<\/td><td>Christe Yann<\/td><td>Erlacher Martin A.<\/td><td>GIBZ, Zug<\/td><\/tr><tr><td>Gm\u00fcr Robert<\/td><td>Gr\u00fctter Hans-Peter<\/td><td>Gsell Max<\/td><td>G\u00fcnthardt Rudolf<\/td><td>Hotel &amp; Gastro formation Thurgau<\/td><\/tr><tr><td>K\u00fcng Lukas<\/td><td>Kuhn Mike<\/td><td>Leder Reto<\/td><td>Lotz Horst<\/td><td>Lucas Charles<\/td><\/tr><tr><td>Masshardt Urs<\/td><td>Muggli Christoph<\/td><td>Neher Jacques<\/td><td>Nussbaumer Patrizia &amp; Thomas<\/td><td>Salzgeber Petra<\/td><\/tr><tr><td>Weishaupt-Hildebrand Barbara<\/td><td>Zoss-Kessler Noemi<\/td><td>Z\u00fcst Max<\/td><td><\/td><td><\/td><\/tr><tr><td><\/td><td><\/td><td><br><\/td><td><\/td><td><\/td><\/tr><\/tbody><\/table><\/figure>\n<\/div>\n\n\n\n<h3 class=\"wp-block-heading\">GastroClub Friends<\/h3>\n\n\n\n<div class=\"wp-block-group is-layout-constrained wp-block-group-is-layout-constrained\">\n<figure class=\"wp-block-table has-medium-font-size\"><table class=\"has-border-color has-background-border-color has-fixed-layout\"><tbody><tr><td>Auer Werner<\/td><td>Augsburger Roger<\/td><td>Basile-Ang\u00e9loz Catherine<\/td><td>Camenzind Sabrina<\/td><td>Caviezel Tatjana<\/td><\/tr><tr><td>Duss-Selzer Sven<\/td><td>F\u00fcger David<\/td><td>Gasser Franziska<\/td><td>G\u00fcttinger Vreni<\/td><td>B\u00f6ni-Keller Sabrina Anita<\/td><\/tr><tr><td>L\u00fcscher Esther<\/td><td>Pirker Gunther<\/td><td>Remele Manfred<\/td><td>R\u00f6llin Walter<\/td><td>Rutz Nicole<\/td><\/tr><tr><td>Schaad Karin<\/td><td>Sch\u00e4rli Oliver<\/td><td>Schmocker Jean Claude<\/td><td>Steiner-Rickli Sabrina<\/td><td>Tanner Evelyne<\/td><\/tr><tr><td>Knaus-Wick Martina<\/td><td><\/td><td><\/td><td><\/td><td><\/td><\/tr><\/tbody><\/table><\/figure>\n<\/div>\n\n\n\n<div style=\"height:24px\" aria-hidden=\"true\" class=\"wp-block-spacer\"><\/div>\n\n\n\n<div class=\"wp-block-buttons is-layout-flex wp-block-buttons-is-layout-flex\">\n<div class=\"wp-block-button\"><a class=\"wp-block-button__link wp-element-button\" href=\"https:\/\/hotelgastro.ch\/fr\/deviens-membre-du-swissskills-worldskills-gastroclub\/\" target=\"_blank\" rel=\"noopener\">Je deviens membre<\/a><\/div>\n<\/div>\n\n\t\t\t<\/div>\n\t\t<\/div>\n\t<\/div>\n<\/div>\n\n\n\n<p class=\"wp-block-paragraph\"><\/p>\n\n\n\n<p class=\"wp-block-paragraph\"><\/p>\n","protected":false},"excerpt":{"rendered":"<p>Derri\u00e8re les grands talents, il y a des personnes qui les soutiennent. Le SwissSkills \/ WorldSkills GastroClub r\u00e9unit des entreprises, des fournisseurs, des organisations partenaires et des professionnels qui s\u2019engagent en faveur de la rel\u00e8ve professionnelle suisse. En devenant membre, tu contribues \u00e0 offrir aux jeunes professionnels les conditions dont ils ont besoin pour montrer [&hellip;]<\/p>\n","protected":false},"author":3,"featured_media":0,"parent":0,"menu_order":3,"comment_status":"closed","ping_status":"closed","template":"hero-content-template","meta":{"_acf_changed":false,"footnotes":""},"class_list":["post-11750","page","type-page","status-publish","hentry"],"acf":[],"yoast_head":"<!-- This site is optimized with the Yoast SEO plugin v28.3 - https:\/\/yoast.com\/product\/yoast-seo-wordpress\/ -->\n<title>GastroClub - Hotel &amp; Gastro formation<\/title>\n<meta name=\"robots\" content=\"index, follow, max-snippet:-1, max-image-preview:large, max-video-preview:-1\" \/>\n<link rel=\"canonical\" href=\"https:\/\/hotelgastro.ch\/fr\/gastroclub\/\" \/>\n<meta property=\"og:locale\" content=\"fr_FR\" \/>\n<meta property=\"og:type\" content=\"article\" \/>\n<meta property=\"og:title\" content=\"GastroClub - Hotel &amp; Gastro formation\" \/>\n<meta property=\"og:description\" content=\"Derri\u00e8re les grands talents, il y a des personnes qui les soutiennent. Le SwissSkills \/ WorldSkills GastroClub r\u00e9unit des entreprises, des fournisseurs, des organisations partenaires et des professionnels qui s\u2019engagent en faveur de la rel\u00e8ve professionnelle suisse. En devenant membre, tu contribues \u00e0 offrir aux jeunes professionnels les conditions dont ils ont besoin pour montrer [&hellip;]\" \/>\n<meta property=\"og:url\" content=\"https:\/\/hotelgastro.ch\/fr\/gastroclub\/\" \/>\n<meta property=\"og:site_name\" content=\"Hotel &amp; Gastro formation\" \/>\n<meta property=\"article:publisher\" content=\"https:\/\/www.facebook.com\/hgfschweiz\" \/>\n<meta property=\"article:modified_time\" content=\"2026-09-01T14:21:21+00:00\" \/>\n<meta property=\"og:image\" content=\"https:\/\/hotelgastro.ch\/wp-content\/uploads\/2026\/08\/Unbenannt-17.-August-2026-um-08.01.08-3-5.png\" \/>\n\t<meta property=\"og:image:width\" content=\"2400\" \/>\n\t<meta property=\"og:image:height\" content=\"800\" \/>\n\t<meta property=\"og:image:type\" content=\"image\/png\" \/>\n<meta name=\"twitter:card\" content=\"summary_large_image\" \/>\n<meta name=\"twitter:label1\" content=\"Dur\u00e9e de lecture estim\u00e9e\" \/>\n\t<meta name=\"twitter:data1\" content=\"11 minutes\" \/>\n<script type=\"application\/ld+json\" class=\"yoast-schema-graph\">{\"@context\":\"https:\\\/\\\/schema.org\",\"@graph\":[{\"@type\":\"WebPage\",\"@id\":\"https:\\\/\\\/hotelgastro.ch\\\/fr\\\/gastroclub\\\/\",\"url\":\"https:\\\/\\\/hotelgastro.ch\\\/fr\\\/gastroclub\\\/\",\"name\":\"GastroClub - Hotel &amp; Gastro formation\",\"isPartOf\":{\"@id\":\"https:\\\/\\\/hotelgastro.ch\\\/fr\\\/#website\"},\"primaryImageOfPage\":{\"@id\":\"https:\\\/\\\/hotelgastro.ch\\\/fr\\\/gastroclub\\\/#primaryimage\"},\"image\":{\"@id\":\"https:\\\/\\\/hotelgastro.ch\\\/fr\\\/gastroclub\\\/#primaryimage\"},\"thumbnailUrl\":\"https:\\\/\\\/hotelgastro.ch\\\/wp-content\\\/uploads\\\/2026\\\/08\\\/Unbenannt-17.-August-2026-um-08.01.08-3-5.png\",\"datePublished\":\"2026-09-01T13:47:49+00:00\",\"dateModified\":\"2026-09-01T14:21:21+00:00\",\"breadcrumb\":{\"@id\":\"https:\\\/\\\/hotelgastro.ch\\\/fr\\\/gastroclub\\\/#breadcrumb\"},\"inLanguage\":\"fr-FR\",\"potentialAction\":[{\"@type\":\"ReadAction\",\"target\":[\"https:\\\/\\\/hotelgastro.ch\\\/fr\\\/gastroclub\\\/\"]}]},{\"@type\":\"ImageObject\",\"inLanguage\":\"fr-FR\",\"@id\":\"https:\\\/\\\/hotelgastro.ch\\\/fr\\\/gastroclub\\\/#primaryimage\",\"url\":\"https:\\\/\\\/hotelgastro.ch\\\/wp-content\\\/uploads\\\/2026\\\/08\\\/Unbenannt-17.-August-2026-um-08.01.08-3-5.png\",\"contentUrl\":\"https:\\\/\\\/hotelgastro.ch\\\/wp-content\\\/uploads\\\/2026\\\/08\\\/Unbenannt-17.-August-2026-um-08.01.08-3-5.png\"},{\"@type\":\"BreadcrumbList\",\"@id\":\"https:\\\/\\\/hotelgastro.ch\\\/fr\\\/gastroclub\\\/#breadcrumb\",\"itemListElement\":[{\"@type\":\"ListItem\",\"position\":1,\"name\":\"Home\",\"item\":\"https:\\\/\\\/hotelgastro.ch\\\/fr\\\/\"},{\"@type\":\"ListItem\",\"position\":2,\"name\":\"GastroClub\"}]},{\"@type\":\"WebSite\",\"@id\":\"https:\\\/\\\/hotelgastro.ch\\\/fr\\\/#website\",\"url\":\"https:\\\/\\\/hotelgastro.ch\\\/fr\\\/\",\"name\":\"Karriere Hotel Gastro\",\"description\":\"\",\"publisher\":{\"@id\":\"https:\\\/\\\/hotelgastro.ch\\\/fr\\\/#organization\"},\"potentialAction\":[{\"@type\":\"SearchAction\",\"target\":{\"@type\":\"EntryPoint\",\"urlTemplate\":\"https:\\\/\\\/hotelgastro.ch\\\/fr\\\/?s={search_term_string}\"},\"query-input\":{\"@type\":\"PropertyValueSpecification\",\"valueRequired\":true,\"valueName\":\"search_term_string\"}}],\"inLanguage\":\"fr-FR\"},{\"@type\":\"Organization\",\"@id\":\"https:\\\/\\\/hotelgastro.ch\\\/fr\\\/#organization\",\"name\":\"Karriere Hotel Gastro\",\"url\":\"https:\\\/\\\/hotelgastro.ch\\\/fr\\\/\",\"logo\":{\"@type\":\"ImageObject\",\"inLanguage\":\"fr-FR\",\"@id\":\"https:\\\/\\\/hotelgastro.ch\\\/fr\\\/#\\\/schema\\\/logo\\\/image\\\/\",\"url\":\"https:\\\/\\\/hotelgastro.ch\\\/wp-content\\\/uploads\\\/2026\\\/02\\\/HGf_3Verbandslogo_feb2026_FR.svg\",\"contentUrl\":\"https:\\\/\\\/hotelgastro.ch\\\/wp-content\\\/uploads\\\/2026\\\/02\\\/HGf_3Verbandslogo_feb2026_FR.svg\",\"width\":377,\"height\":61,\"caption\":\"Karriere Hotel Gastro\"},\"image\":{\"@id\":\"https:\\\/\\\/hotelgastro.ch\\\/fr\\\/#\\\/schema\\\/logo\\\/image\\\/\"},\"sameAs\":[\"https:\\\/\\\/www.facebook.com\\\/hgfschweiz\",\"https:\\\/\\\/www.linkedin.com\\\/company\\\/hotelgastroformationschweiz\\\/posts\\\/?feedView=all\"]}]}<\/script>\n<!-- \/ Yoast SEO plugin. -->","yoast_head_json":{"title":"GastroClub - Hotel &amp; Gastro formation","robots":{"index":"index","follow":"follow","max-snippet":"max-snippet:-1","max-image-preview":"max-image-preview:large","max-video-preview":"max-video-preview:-1"},"canonical":"https:\/\/hotelgastro.ch\/fr\/gastroclub\/","og_locale":"fr_FR","og_type":"article","og_title":"GastroClub - Hotel &amp; Gastro formation","og_description":"Derri\u00e8re les grands talents, il y a des personnes qui les soutiennent. Le SwissSkills \/ WorldSkills GastroClub r\u00e9unit des entreprises, des fournisseurs, des organisations partenaires et des professionnels qui s\u2019engagent en faveur de la rel\u00e8ve professionnelle suisse. En devenant membre, tu contribues \u00e0 offrir aux jeunes professionnels les conditions dont ils ont besoin pour montrer [&hellip;]","og_url":"https:\/\/hotelgastro.ch\/fr\/gastroclub\/","og_site_name":"Hotel &amp; Gastro formation","article_publisher":"https:\/\/www.facebook.com\/hgfschweiz","article_modified_time":"2026-09-01T14:21:21+00:00","og_image":[{"width":2400,"height":800,"url":"https:\/\/hotelgastro.ch\/wp-content\/uploads\/2026\/08\/Unbenannt-17.-August-2026-um-08.01.08-3-5.png","type":"image\/png"}],"twitter_card":"summary_large_image","twitter_misc":{"Dur\u00e9e de lecture estim\u00e9e":"11 minutes"},"schema":{"@context":"https:\/\/schema.org","@graph":[{"@type":"WebPage","@id":"https:\/\/hotelgastro.ch\/fr\/gastroclub\/","url":"https:\/\/hotelgastro.ch\/fr\/gastroclub\/","name":"GastroClub - Hotel &amp; Gastro formation","isPartOf":{"@id":"https:\/\/hotelgastro.ch\/fr\/#website"},"primaryImageOfPage":{"@id":"https:\/\/hotelgastro.ch\/fr\/gastroclub\/#primaryimage"},"image":{"@id":"https:\/\/hotelgastro.ch\/fr\/gastroclub\/#primaryimage"},"thumbnailUrl":"https:\/\/hotelgastro.ch\/wp-content\/uploads\/2026\/08\/Unbenannt-17.-August-2026-um-08.01.08-3-5.png","datePublished":"2026-09-01T13:47:49+00:00","dateModified":"2026-09-01T14:21:21+00:00","breadcrumb":{"@id":"https:\/\/hotelgastro.ch\/fr\/gastroclub\/#breadcrumb"},"inLanguage":"fr-FR","potentialAction":[{"@type":"ReadAction","target":["https:\/\/hotelgastro.ch\/fr\/gastroclub\/"]}]},{"@type":"ImageObject","inLanguage":"fr-FR","@id":"https:\/\/hotelgastro.ch\/fr\/gastroclub\/#primaryimage","url":"https:\/\/hotelgastro.ch\/wp-content\/uploads\/2026\/08\/Unbenannt-17.-August-2026-um-08.01.08-3-5.png","contentUrl":"https:\/\/hotelgastro.ch\/wp-content\/uploads\/2026\/08\/Unbenannt-17.-August-2026-um-08.01.08-3-5.png"},{"@type":"BreadcrumbList","@id":"https:\/\/hotelgastro.ch\/fr\/gastroclub\/#breadcrumb","itemListElement":[{"@type":"ListItem","position":1,"name":"Home","item":"https:\/\/hotelgastro.ch\/fr\/"},{"@type":"ListItem","position":2,"name":"GastroClub"}]},{"@type":"WebSite","@id":"https:\/\/hotelgastro.ch\/fr\/#website","url":"https:\/\/hotelgastro.ch\/fr\/","name":"Karriere Hotel Gastro","description":"","publisher":{"@id":"https:\/\/hotelgastro.ch\/fr\/#organization"},"potentialAction":[{"@type":"SearchAction","target":{"@type":"EntryPoint","urlTemplate":"https:\/\/hotelgastro.ch\/fr\/?s={search_term_string}"},"query-input":{"@type":"PropertyValueSpecification","valueRequired":true,"valueName":"search_term_string"}}],"inLanguage":"fr-FR"},{"@type":"Organization","@id":"https:\/\/hotelgastro.ch\/fr\/#organization","name":"Karriere Hotel Gastro","url":"https:\/\/hotelgastro.ch\/fr\/","logo":{"@type":"ImageObject","inLanguage":"fr-FR","@id":"https:\/\/hotelgastro.ch\/fr\/#\/schema\/logo\/image\/","url":"https:\/\/hotelgastro.ch\/wp-content\/uploads\/2026\/02\/HGf_3Verbandslogo_feb2026_FR.svg","contentUrl":"https:\/\/hotelgastro.ch\/wp-content\/uploads\/2026\/02\/HGf_3Verbandslogo_feb2026_FR.svg","width":377,"height":61,"caption":"Karriere Hotel Gastro"},"image":{"@id":"https:\/\/hotelgastro.ch\/fr\/#\/schema\/logo\/image\/"},"sameAs":["https:\/\/www.facebook.com\/hgfschweiz","https:\/\/www.linkedin.com\/company\/hotelgastroformationschweiz\/posts\/?feedView=all"]}]}},"_links":{"self":[{"href":"https:\/\/hotelgastro.ch\/fr\/wp-json\/wp\/v2\/pages\/11750","targetHints":{"allow":["GET"]}}],"collection":[{"href":"https:\/\/hotelgastro.ch\/fr\/wp-json\/wp\/v2\/pages"}],"about":[{"href":"https:\/\/hotelgastro.ch\/fr\/wp-json\/wp\/v2\/types\/page"}],"author":[{"embeddable":true,"href":"https:\/\/hotelgastro.ch\/fr\/wp-json\/wp\/v2\/users\/3"}],"replies":[{"embeddable":true,"href":"https:\/\/hotelgastro.ch\/fr\/wp-json\/wp\/v2\/comments?post=11750"}],"version-history":[{"count":8,"href":"https:\/\/hotelgastro.ch\/fr\/wp-json\/wp\/v2\/pages\/11750\/revisions"}],"predecessor-version":[{"id":11947,"href":"https:\/\/hotelgastro.ch\/fr\/wp-json\/wp\/v2\/pages\/11750\/revisions\/11947"}],"wp:attachment":[{"href":"https:\/\/hotelgastro.ch\/fr\/wp-json\/wp\/v2\/media?parent=11750"}],"curies":[{"name":"wp","href":"https:\/\/api.w.org\/{rel}","templated":true}]}}