{"id":2689,"date":"2025-09-11T13:27:58","date_gmt":"2025-09-11T13:27:58","guid":{"rendered":"https:\/\/hotelgastro.ch\/accueil\/"},"modified":"2026-03-06T09:25:13","modified_gmt":"2026-03-06T09:25:13","slug":"accueil","status":"publish","type":"page","link":"https:\/\/hotelgastro.ch\/fr\/","title":{"rendered":"Accueil"},"content":{"rendered":"<div style=\"min-height: 1080px;\" class=\"hgf-hero-home wp-block-hgf-hero-home\">\n\t\t\t\t<video\n\t\t\tclass=\"hgf-hero-home__background hgf-hero-home__video\"\n\t\t\tautoplay\n\t\t\tloop\n\t\t\tmuted\n\t\t\tplaysinline\n\t\t>\n\t\t\t\t\t\t\t<source src=\"https:\/\/hotelgastro.ch\/wp-content\/uploads\/2026\/02\/Kunden-Short-V21-1.mp4\" type=\"video\/mp4\">\n\t\t\t\t\t<\/video>\n\t\n\t<div\n\t\tclass=\"hgf-hero-home__overlay\"\n\t\tstyle=\"background-color: #430e17; opacity: 0.1;\"\n\t><\/div>\n\n\t<!-- <div class=\"hgf-hero-home__overlay_bottom\"><\/div> -->\n\n\t<div class=\"hgf-hero-home__content\">\n\t\t<h1 class=\"hgf-hero-home__headline\">\n\t\t\t<span class=\"hgf-hero-home__headline-row\">\n\t\t\t\t<span class=\"hgf-hero-home__heading-text\">\n\t\t\t\t\tTu apportes le talent\t\t\t\t<\/span>\n\t\t\t\t<svg class=\"hgf-hero-home__ampersand\" xmlns=\"http:\/\/www.w3.org\/2000\/svg\" viewBox=\"0 0 136 139\" fill=\"none\" aria-hidden=\"true\">\n\t<path d=\"M129.835 135.875C123.11 130.678 113.398 121.396 101.442 109.144C113.398 94.2963 118.999 80.7449 120.868 68.4938C123.67 67.7498 130.584 66.8251 134.691 66.4531L136 62.5559C133.572 62.9279 118.999 63.2999 113.209 63.2999C104.804 63.2999 95.4624 62.9279 89.112 62.5559L90.4171 66.4531C95.277 67.0093 101.068 67.7533 104.804 68.4938C106.298 78.7042 101.442 96.1527 96.2112 104.319C86.4949 94.4805 68 75.7319 55.6701 62.3682C74.3539 52.5298 88.5488 38.9784 88.5488 26.171C88.5488 13.3636 76.5932 0 52.6821 0C30.6394 0 12.5153 13.5513 12.5153 30.4401C12.5153 41.2068 20.7377 53.086 33.4385 64.7809C18.1205 70.5345 0 83.5296 0 102.647C0 121.764 19.9889 135.872 45.583 135.872C68.7488 135.872 83.1325 127.333 92.4744 118.979C101.813 125.477 111.529 133.643 120.868 138.097L129.835 135.868V135.875ZM21.4829 95.7843C21.4829 85.7615 27.4624 74.6229 37.5496 69.0535C52.3077 83.9016 70.2428 101.538 86.8693 114.161C80.7043 120.286 69.3086 126.784 53.9906 126.784C37.1752 126.784 21.4829 114.533 21.4829 95.7843ZM70.6172 28.5871C70.6172 37.4974 65.9462 49.0046 50.8137 57.7305C40.5376 47.3358 30.8248 35.8287 30.8248 26.1745C30.8248 13.7391 38.2984 6.49752 49.3197 6.49752C59.7813 6.49752 70.6172 14.2953 70.6172 28.5871Z\" fill=\"currentColor\"\/>\n<\/svg>\t\t\t<\/span>\n\t\t\t<span class=\"hgf-hero-home__heading-text hgf-hero-home__heading-text--line2\">\n\t\t\t\tnous te menons \u00e0 la r\u00e9ussite\t\t\t<\/span>\n\t\t<\/h1>\n\n\t\t\t\t\t<div class=\"hgf-hero-home__cta\">\n\t\t\t\t\t\t\t\t\t<a\n\t\t\t\t\t\thref=\"https:\/\/hotelgastro.ch\/alle-ausbildungen\/\"\n\t\t\t\t\t\tclass=\"hgf-hero-home__button\"\n\t\t\t\t\t\t\t\t\t\t\t>\n\t\t\t\t\t\tQuelle formation me correspond ?\t\t\t\t\t<\/a>\n\t\t\t\t\t\t\t\t\t\t\t\t\t<a\n\t\t\t\t\t\thref=\"https:\/\/hotelgastro.ch\/news\/\"\n\t\t\t\t\t\tclass=\"hgf-hero-home__button hgf-hero-home__button--secondary\"\n\t\t\t\t\t\t\t\t\t\t\t>\n\t\t\t\t\t\tActualit\u00e9s\t\t\t\t\t<\/a>\n\t\t\t\t\t\t\t<\/div>\n\t\t\t<\/div>\n\n\t\t\t<div class=\"hgf-hero-home__scroll-indicator\">\n\t\t\t<svg class=\"hgf-hero-home__scroll-chevron\" width=\"51\" height=\"27\" viewBox=\"0 0 51 27\" fill=\"none\" xmlns=\"http:\/\/www.w3.org\/2000\/svg\" aria-hidden=\"true\">\n\t<path d=\"M1 1L25.25 25.5L49.5 1\" stroke=\"#E4E4E7\" stroke-width=\"2\" stroke-linecap=\"round\" stroke-linejoin=\"round\"\/>\n<\/svg>\t\t<\/div>\n\t<\/div>\n\n<div class=\"wp-block-cover is-light\" style=\"margin-top:0;margin-bottom:0;padding-top:112px;padding-bottom:112px\"><span aria-hidden=\"true\" class=\"wp-block-cover__background has-hellgrau-background-color has-background-dim-100 has-background-dim\"><\/span><div class=\"wp-block-cover__inner-container is-layout-constrained wp-block-cover-is-layout-constrained\">\n<div class=\"wp-block-columns alignwide is-layout-flex wp-container-core-columns-is-layout-cf05694f wp-block-columns-is-layout-flex\">\n<div class=\"wp-block-column is-layout-flow wp-block-column-is-layout-flow\">\n<p style=\"font-size:32px\"><mark style=\"background-color:rgba(0, 0, 0, 0)\" class=\"has-inline-color has-dark-red-color\">L&rsquo;h\u00f4tellerie et la restauration sont un univers rempli d&rsquo;opportunit\u00e9s. <\/mark><\/p>\n\n\n\n<p style=\"font-size:32px\"><br\/>Si tu aimes cr\u00e9er, prendre des responsabilit\u00e9s et enthousiasmer les gens, tu trouveras ici ta place. Et avec la formation ad\u00e9quate, tu donnes de l&rsquo;\u00e9lan \u00e0 ton avenir. <\/p>\n<\/div>\n<\/div>\n<\/div><\/div>\n\n<div class=\"wp-block-group is-layout-constrained wp-block-group-is-layout-constrained\">\n<div style=\"height:120px\" aria-hidden=\"true\" class=\"wp-block-spacer\"><\/div>\n\n\n\n<div class=\"wp-block-columns alignwide is-layout-flex wp-container-core-columns-is-layout-28f84493 wp-block-columns-is-layout-flex\">\n<div class=\"wp-block-column is-layout-flow wp-block-column-is-layout-flow\" style=\"flex-basis:66.66%\">\n<h2 class=\"wp-block-heading alignwide\" style=\"font-style:normal;font-weight:700\">Trouve ta voie dans le secteur.<\/h2>\n\n\n\n<p>Chaque carri\u00e8re commence diff\u00e9remment \u2013 mais toutes \u00e9voluent avec les d\u00e9cisions prises. Quel que soit le domaine dans lequel tu te sens \u00e0 l&rsquo;aise : d\u00e9couvre la formation initiale ou continue qui te correspond et trouve ton propre parcours. <\/p>\n<\/div>\n\n\n\n<div class=\"wp-block-column is-layout-flow wp-block-column-is-layout-flow\" style=\"flex-basis:33.33%\"><\/div>\n<\/div>\n\n\n<div class=\"hgf-fachbereiche-grid columns-3 alignwide wp-block-hgf-fachbereiche-grid\">\n\t<div class=\"hgf-fachbereiche-grid__items\">\n\t\t\t\t\t<a\n\t\t\t\thref=\"https:\/\/hotelgastro.ch\/gastronomie\/\"\n\t\t\t\tclass=\"hgf-fachbereiche-grid__item\"\n\t\t\t\taria-label=\" Gastronomie\"\n\t\t\t>\n\t\t\t\t\t\t\t\t\t<img\n\t\t\t\t\t\tclass=\"hgf-fachbereiche-grid__image\"\n\t\t\t\t\t\tsrc=\"https:\/\/hotelgastro.ch\/wp-content\/uploads\/2026\/01\/gastronomie_1-1024x683.jpg\"\n\t\t\t\t\t\talt=\"Gastronomie\"\n\t\t\t\t\t\tloading=\"lazy\"\n\t\t\t\t\t\/>\n\t\t\t\t\n\t\t\t\t<div class=\"hgf-fachbereiche-grid__label\">\n\t\t\t\t\t\t\t\t\t\t<span class=\"hgf-fachbereiche-grid__name\">\n\t\t\t\t\t\tGastronomie\t\t\t\t\t<\/span>\n\t\t\t\t<\/div>\n\t\t\t<\/a>\n\t\t\t\t\t<a\n\t\t\t\thref=\"https:\/\/hotelgastro.ch\/hotellerie\/\"\n\t\t\t\tclass=\"hgf-fachbereiche-grid__item\"\n\t\t\t\taria-label=\" Hotellerie\"\n\t\t\t>\n\t\t\t\t\t\t\t\t\t<img\n\t\t\t\t\t\tclass=\"hgf-fachbereiche-grid__image\"\n\t\t\t\t\t\tsrc=\"https:\/\/hotelgastro.ch\/wp-content\/uploads\/2026\/01\/hotellerie_1-1024x683.jpg\"\n\t\t\t\t\t\talt=\"Hotellerie\"\n\t\t\t\t\t\tloading=\"lazy\"\n\t\t\t\t\t\/>\n\t\t\t\t\n\t\t\t\t<div class=\"hgf-fachbereiche-grid__label\">\n\t\t\t\t\t\t\t\t\t\t<span class=\"hgf-fachbereiche-grid__name\">\n\t\t\t\t\t\tHotellerie\t\t\t\t\t<\/span>\n\t\t\t\t<\/div>\n\t\t\t<\/a>\n\t\t\t\t\t<a\n\t\t\t\thref=\"https:\/\/hotelgastro.ch\/management\/\"\n\t\t\t\tclass=\"hgf-fachbereiche-grid__item\"\n\t\t\t\taria-label=\" Management\"\n\t\t\t>\n\t\t\t\t\t\t\t\t\t<img\n\t\t\t\t\t\tclass=\"hgf-fachbereiche-grid__image\"\n\t\t\t\t\t\tsrc=\"https:\/\/hotelgastro.ch\/wp-content\/uploads\/2026\/01\/management_1-1024x683.jpg\"\n\t\t\t\t\t\talt=\"Management\"\n\t\t\t\t\t\tloading=\"lazy\"\n\t\t\t\t\t\/>\n\t\t\t\t\n\t\t\t\t<div class=\"hgf-fachbereiche-grid__label\">\n\t\t\t\t\t\t\t\t\t\t<span class=\"hgf-fachbereiche-grid__name\">\n\t\t\t\t\t\tManagement\t\t\t\t\t<\/span>\n\t\t\t\t<\/div>\n\t\t\t<\/a>\n\t\t\t<\/div>\n<\/div>\n<\/div>\n\n<div style=\"height:120px\" aria-hidden=\"true\" class=\"wp-block-spacer\"><\/div>\n\n<div class=\"wp-block-group is-layout-constrained wp-block-group-is-layout-constrained\"><div class=\"hgf-levels-overview alignwide wp-block-hgf-levels-overview\">\n\t<div class=\"hgf-levels-overview__sticky\">\n\t\t\t\t\t<img\n\t\t\t\tclass=\"hgf-levels-overview__background\"\n\t\t\t\tsrc=\"https:\/\/hotelgastro.ch\/wp-content\/uploads\/2026\/01\/Deine_Reise_1_7672.jpg\"\n\t\t\t\talt=\"\"\n\t\t\t\tloading=\"eager\"\n\t\t\t\/>\n\t\t\n\t\t<div\n\t\t\tclass=\"hgf-levels-overview__overlay\"\n\t\t\tstyle=\"background-color: #000000; opacity: 0.3;\"\n\t\t><\/div>\n\n\t\t<div class=\"hgf-levels-overview__intro\">\n\t\t\t<h2 class=\"hgf-levels-overview__title\">\n\t\t\t\tTon parcours. \u00c9tape par \u00e9tape.  \t\t\t<\/h2>\n\t\t\t\t\t<\/div>\n\t<\/div>\n\n\t<div class=\"hgf-levels-overview__cards\">\n\t\t\t\t\t\t\t\t<div\n\t\t\t\tclass=\"hgf-levels-overview__card\"\n\t\t\t\tdata-card-index=\"0\"\n\t\t\t>\n\t\t\t\t<span class=\"hgf-levels-overview__card-label\">\n\t\t\t\t\tFormation professionnelle initiale\t\t\t\t<\/span>\n\t\t\t\t\t\t\t\t\t\t\t\t\t<p class=\"hgf-levels-overview__card-description\">\n\t\t\t\t\t\tLes bases pour ton avenir.\t\t\t\t\t<\/p>\n\t\t\t\t\t\t\t\t\n\t\t\t\t\t\t\t\t\t<a\n\t\t\t\t\t\thref=\"https:\/\/hotelgastro.ch\/alle-ausbildungen\/\"\n\t\t\t\t\t\tclass=\"hgf-levels-overview__card-button\"\n\t\t\t\t\t>\n\t\t\t\t\t\ten savoir plus\t\t\t\t\t<\/a>\n\t\t\t\t\t\t\t<\/div>\n\t\t\t\t\t\t\t\t<div\n\t\t\t\tclass=\"hgf-levels-overview__card\"\n\t\t\t\tdata-card-index=\"1\"\n\t\t\t>\n\t\t\t\t<span class=\"hgf-levels-overview__card-label\">\n\t\t\t\t\tHaute \u00e9cole sp\u00e9cialis\u00e9e\t\t\t\t<\/span>\n\t\t\t\t\t\t\t\t\t\t\t\t\t<p class=\"hgf-levels-overview__card-description\">\n\t\t\t\t\t\tPenser strat\u00e9giquement et fa\u00e7onner l&rsquo;avenir.\t\t\t\t\t<\/p>\n\t\t\t\t\t\t\t\t\n\t\t\t\t\t\t\t\t\t<a\n\t\t\t\t\t\thref=\"https:\/\/hotelgastro.ch\/alle-ausbildungen\/\"\n\t\t\t\t\t\tclass=\"hgf-levels-overview__card-button\"\n\t\t\t\t\t>\n\t\t\t\t\t\ten savoir plus\t\t\t\t\t<\/a>\n\t\t\t\t\t\t\t<\/div>\n\t\t\t\t\t\t\t\t<div\n\t\t\t\tclass=\"hgf-levels-overview__card\"\n\t\t\t\tdata-card-index=\"2\"\n\t\t\t>\n\t\t\t\t<span class=\"hgf-levels-overview__card-label\">\n\t\t\t\t\tFormation de base\t\t\t\t<\/span>\n\t\t\t\t\t\t\t\t\t\t\t\t\t<p class=\"hgf-levels-overview__card-description\">\n\t\t\t\t\t\tTu trouveras ici ton point d&rsquo;entr\u00e9e dans le secteur, m\u00eame sans formation initiale.\t\t\t\t\t<\/p>\n\t\t\t\t\t\t\t\t\n\t\t\t\t\t\t\t\t\t<a\n\t\t\t\t\t\thref=\"https:\/\/hotelgastro.ch\/brancheneinstieg\/\"\n\t\t\t\t\t\tclass=\"hgf-levels-overview__card-button\"\n\t\t\t\t\t>\n\t\t\t\t\t\ten savoir plus\t\t\t\t\t<\/a>\n\t\t\t\t\t\t\t<\/div>\n\t\t\t\t\t\t\t\t<div\n\t\t\t\tclass=\"hgf-levels-overview__card\"\n\t\t\t\tdata-card-index=\"3\"\n\t\t\t>\n\t\t\t\t<span class=\"hgf-levels-overview__card-label\">\n\t\t\t\t\tFormation professionnelle sup\u00e9rieure\t\t\t\t<\/span>\n\t\t\t\t\t\t\t\t\t\t\t\t\t<p class=\"hgf-levels-overview__card-description\">\n\t\t\t\t\t\tDe membre d&rsquo;\u00e9quipe \u00e0 cadre dirigeant.\t\t\t\t\t<\/p>\n\t\t\t\t\t\t\t\t\n\t\t\t\t\t\t\t\t\t<a\n\t\t\t\t\t\thref=\"https:\/\/hotelgastro.ch\/alle-ausbildungen\/\"\n\t\t\t\t\t\tclass=\"hgf-levels-overview__card-button\"\n\t\t\t\t\t>\n\t\t\t\t\t\ten savoir plus\t\t\t\t\t<\/a>\n\t\t\t\t\t\t\t<\/div>\n\t\t\t\t\t\t\t\t<div\n\t\t\t\tclass=\"hgf-levels-overview__card\"\n\t\t\t\tdata-card-index=\"4\"\n\t\t\t>\n\t\t\t\t<span class=\"hgf-levels-overview__card-label\">\n\t\t\t\t\tCours professionnels\t\t\t\t<\/span>\n\t\t\t\t\t\t\t\t\t\t\t\t\t<p class=\"hgf-levels-overview__card-description\">\n\t\t\t\t\t\tAcqu\u00e9rir un savoir-faire \u00e9tendu et cibl\u00e9.\nCours et formations continues pour tous les centres d&rsquo;int\u00e9r\u00eat et toutes les situations.\t\t\t\t\t<\/p>\n\t\t\t\t\t\t\t\t\n\t\t\t\t\t\t\t\t\t<a\n\t\t\t\t\t\thref=\"https:\/\/hotelgastro.ch\/fachkurse\/\"\n\t\t\t\t\t\tclass=\"hgf-levels-overview__card-button\"\n\t\t\t\t\t>\n\t\t\t\t\t\ten savoir plus\t\t\t\t\t<\/a>\n\t\t\t\t\t\t\t<\/div>\n\t\t\t<\/div>\n<\/div>\n\n\n\n<div style=\"height:120px\" aria-hidden=\"true\" class=\"wp-block-spacer\"><\/div>\n<\/div>\n\n<div class=\"wp-block-cover eoss-testimonial alignfull\" style=\"padding-top:4rem;padding-right:4rem;padding-bottom:6rem;padding-left:4rem\"><span aria-hidden=\"true\" class=\"wp-block-cover__background has-primary-background-color has-background-dim-100 has-background-dim\"><\/span><div class=\"wp-block-cover__inner-container is-layout-constrained wp-container-core-cover-is-layout-c334a62c wp-block-cover-is-layout-constrained\">\n<div class=\"wp-block-group is-vertical is-layout-flex wp-container-core-group-is-layout-fe9cc265 wp-block-group-is-layout-flex\">\n<figure class=\"wp-block-image size-full is-resized\"><img loading=\"lazy\" decoding=\"async\" width=\"96\" height=\"96\" src=\"https:\/\/hotelgastro.ch\/wp-content\/uploads\/2025\/11\/material-symbols-light_format-quote.svg\" alt=\"\" class=\"wp-image-252\" style=\"width:129px;height:auto\"\/><\/figure>\n\n\n\n<p class=\"has-text-align-left has-large-font-size\" style=\"font-style:normal;font-weight:700\">La formation continue menant \u00e0 l&rsquo;obtention du brevet f\u00e9d\u00e9ral m&rsquo;apporte une r\u00e9elle valeur ajout\u00e9e, tant sur le plan professionnel que personnel. Les \u00e9changes avec les autres participants sont particuli\u00e8rement enrichissants : la diversit\u00e9 des exp\u00e9riences ouvre de nouvelles perspectives et permet de trouver de nouvelles solutions.  <\/p>\n\n\n\n<p class=\"has-small-font-size\">Noraly Frommholz<br\/>Front Assistant Managerin, Waldst\u00e4tterhof Luzern<\/p>\n<\/div>\n<\/div><\/div>\n\n<div style=\"height:120px\" aria-hidden=\"true\" class=\"wp-block-spacer\"><\/div>\n\n<div class=\"wp-block-group is-layout-constrained wp-block-group-is-layout-constrained\">\n<div class=\"wp-block-columns alignwide is-layout-flex wp-container-core-columns-is-layout-28f84493 wp-block-columns-is-layout-flex\">\n<div class=\"wp-block-column is-layout-flow wp-block-column-is-layout-flow\">\n<figure class=\"wp-block-image size-large has-custom-border\"><img loading=\"lazy\" decoding=\"async\" width=\"1024\" height=\"683\" src=\"https:\/\/hotelgastro.ch\/wp-content\/uploads\/2026\/02\/251121_LOGO1O8_GASTRO-2423-1-1024x683.jpg\" alt=\"\" class=\"wp-image-5607\" style=\"border-radius:25px\" srcset=\"https:\/\/hotelgastro.ch\/wp-content\/uploads\/2026\/02\/251121_LOGO1O8_GASTRO-2423-1-1024x683.jpg 1024w, https:\/\/hotelgastro.ch\/wp-content\/uploads\/2026\/02\/251121_LOGO1O8_GASTRO-2423-1-300x200.jpg 300w, https:\/\/hotelgastro.ch\/wp-content\/uploads\/2026\/02\/251121_LOGO1O8_GASTRO-2423-1-768x512.jpg 768w, https:\/\/hotelgastro.ch\/wp-content\/uploads\/2026\/02\/251121_LOGO1O8_GASTRO-2423-1-1536x1024.jpg 1536w, https:\/\/hotelgastro.ch\/wp-content\/uploads\/2026\/02\/251121_LOGO1O8_GASTRO-2423-1-2048x1365.jpg 2048w\" sizes=\"auto, (max-width: 1024px) 100vw, 1024px\" \/><\/figure>\n<\/div>\n\n\n\n<div class=\"wp-block-column is-vertically-aligned-center is-layout-flow wp-container-core-column-is-layout-487e0b53 wp-block-column-is-layout-flow\">\n<h2 class=\"wp-block-heading\" style=\"font-style:normal;font-weight:700\">Nichts passendes gefunden?<\/h2>\n\n\n\n<p>Sag uns, was dir am Aus- und Weiterbildungsangebot fehlt!<\/p>\n\n\n\n<div class=\"wp-block-buttons is-layout-flex wp-block-buttons-is-layout-flex\">\n<div class=\"wp-block-button is-style-fill\"><a class=\"wp-block-button__link wp-element-button\" href=\"https:\/\/hotelgastro.ch\/fr\/a-propos-de-nous\/formation-hotelgastro\/contact\/\">Dein Input<\/a><\/div>\n<\/div>\n<\/div>\n<\/div>\n<\/div>\n\n<div style=\"height:120px\" aria-hidden=\"true\" class=\"wp-block-spacer\"><\/div>\n\n<p><\/p>\n","protected":false},"excerpt":{"rendered":"<p>Trouve ta voie dans le secteur. Chaque carri\u00e8re commence diff\u00e9remment \u2013 mais toutes \u00e9voluent avec les d\u00e9cisions prises. Quel que soit le domaine dans lequel tu te sens \u00e0 l&rsquo;aise : d\u00e9couvre la formation initiale ou continue qui te correspond et trouve ton propre parcours. Nichts passendes gefunden? Sag uns, was dir am Aus- und [&hellip;]<\/p>\n","protected":false},"author":1,"featured_media":0,"parent":0,"menu_order":0,"comment_status":"closed","ping_status":"closed","template":"hero-content-template","meta":{"_acf_changed":false,"footnotes":""},"class_list":["post-2689","page","type-page","status-publish","hentry"],"acf":[],"yoast_head":"<!-- This site is optimized with the Yoast SEO plugin v27.4 - https:\/\/yoast.com\/product\/yoast-seo-wordpress\/ -->\n<title>Accueil - Hotel &amp; Gastro formation<\/title>\n<meta name=\"robots\" content=\"index, follow, max-snippet:-1, max-image-preview:large, max-video-preview:-1\" \/>\n<link rel=\"canonical\" href=\"https:\/\/hotelgastro.ch\/fr\/\" \/>\n<meta property=\"og:locale\" content=\"fr_FR\" \/>\n<meta property=\"og:type\" content=\"article\" \/>\n<meta property=\"og:title\" content=\"Accueil - Hotel &amp; Gastro formation\" \/>\n<meta property=\"og:description\" content=\"Trouve ta voie dans le secteur. Chaque carri\u00e8re commence diff\u00e9remment \u2013 mais toutes \u00e9voluent avec les d\u00e9cisions prises. Quel que soit le domaine dans lequel tu te sens \u00e0 l&rsquo;aise : d\u00e9couvre la formation initiale ou continue qui te correspond et trouve ton propre parcours. Nichts passendes gefunden? Sag uns, was dir am Aus- und [&hellip;]\" \/>\n<meta property=\"og:url\" content=\"https:\/\/hotelgastro.ch\/fr\/\" \/>\n<meta property=\"og:site_name\" content=\"Hotel &amp; Gastro formation\" \/>\n<meta property=\"article:publisher\" content=\"https:\/\/www.facebook.com\/hgfschweiz\" \/>\n<meta property=\"article:modified_time\" content=\"2026-03-06T09:25:13+00:00\" \/>\n<meta property=\"og:image\" content=\"https:\/\/hotelgastro.ch\/wp-content\/uploads\/2026\/02\/251121_LOGO1O8_GASTRO-2423-1-1024x683.jpg\" \/>\n<meta name=\"twitter:card\" content=\"summary_large_image\" \/>\n<meta name=\"twitter:label1\" content=\"Dur\u00e9e de lecture estim\u00e9e\" \/>\n\t<meta name=\"twitter:data1\" content=\"1 minute\" \/>\n<script type=\"application\/ld+json\" class=\"yoast-schema-graph\">{\"@context\":\"https:\\\/\\\/schema.org\",\"@graph\":[{\"@type\":\"WebPage\",\"@id\":\"https:\\\/\\\/hotelgastro.ch\\\/fr\\\/\",\"url\":\"https:\\\/\\\/hotelgastro.ch\\\/fr\\\/\",\"name\":\"Accueil - Hotel &amp; Gastro formation\",\"isPartOf\":{\"@id\":\"https:\\\/\\\/hotelgastro.ch\\\/fr\\\/#website\"},\"primaryImageOfPage\":{\"@id\":\"https:\\\/\\\/hotelgastro.ch\\\/fr\\\/#primaryimage\"},\"image\":{\"@id\":\"https:\\\/\\\/hotelgastro.ch\\\/fr\\\/#primaryimage\"},\"thumbnailUrl\":\"https:\\\/\\\/hotelgastro.ch\\\/wp-content\\\/uploads\\\/2026\\\/02\\\/251121_LOGO1O8_GASTRO-2423-1-1024x683.jpg\",\"datePublished\":\"2025-09-11T13:27:58+00:00\",\"dateModified\":\"2026-03-06T09:25:13+00:00\",\"breadcrumb\":{\"@id\":\"https:\\\/\\\/hotelgastro.ch\\\/fr\\\/#breadcrumb\"},\"inLanguage\":\"fr-FR\",\"potentialAction\":[{\"@type\":\"ReadAction\",\"target\":[\"https:\\\/\\\/hotelgastro.ch\\\/fr\\\/\"]}]},{\"@type\":\"ImageObject\",\"inLanguage\":\"fr-FR\",\"@id\":\"https:\\\/\\\/hotelgastro.ch\\\/fr\\\/#primaryimage\",\"url\":\"https:\\\/\\\/hotelgastro.ch\\\/wp-content\\\/uploads\\\/2026\\\/02\\\/251121_LOGO1O8_GASTRO-2423-1-1024x683.jpg\",\"contentUrl\":\"https:\\\/\\\/hotelgastro.ch\\\/wp-content\\\/uploads\\\/2026\\\/02\\\/251121_LOGO1O8_GASTRO-2423-1-1024x683.jpg\"},{\"@type\":\"BreadcrumbList\",\"@id\":\"https:\\\/\\\/hotelgastro.ch\\\/fr\\\/#breadcrumb\",\"itemListElement\":[{\"@type\":\"ListItem\",\"position\":1,\"name\":\"Home\",\"item\":\"https:\\\/\\\/hotelgastro.ch\\\/fr\\\/\"},{\"@type\":\"ListItem\",\"position\":2,\"name\":\"Accueil\"}]},{\"@type\":\"WebSite\",\"@id\":\"https:\\\/\\\/hotelgastro.ch\\\/fr\\\/#website\",\"url\":\"https:\\\/\\\/hotelgastro.ch\\\/fr\\\/\",\"name\":\"Karriere Hotel Gastro\",\"description\":\"\",\"publisher\":{\"@id\":\"https:\\\/\\\/hotelgastro.ch\\\/fr\\\/#organization\"},\"potentialAction\":[{\"@type\":\"SearchAction\",\"target\":{\"@type\":\"EntryPoint\",\"urlTemplate\":\"https:\\\/\\\/hotelgastro.ch\\\/fr\\\/?s={search_term_string}\"},\"query-input\":{\"@type\":\"PropertyValueSpecification\",\"valueRequired\":true,\"valueName\":\"search_term_string\"}}],\"inLanguage\":\"fr-FR\"},{\"@type\":\"Organization\",\"@id\":\"https:\\\/\\\/hotelgastro.ch\\\/fr\\\/#organization\",\"name\":\"Karriere Hotel Gastro\",\"url\":\"https:\\\/\\\/hotelgastro.ch\\\/fr\\\/\",\"logo\":{\"@type\":\"ImageObject\",\"inLanguage\":\"fr-FR\",\"@id\":\"https:\\\/\\\/hotelgastro.ch\\\/fr\\\/#\\\/schema\\\/logo\\\/image\\\/\",\"url\":\"https:\\\/\\\/hotelgastro.ch\\\/wp-content\\\/uploads\\\/2026\\\/02\\\/HGf_3Verbandslogo_feb2026_FR.svg\",\"contentUrl\":\"https:\\\/\\\/hotelgastro.ch\\\/wp-content\\\/uploads\\\/2026\\\/02\\\/HGf_3Verbandslogo_feb2026_FR.svg\",\"width\":377,\"height\":61,\"caption\":\"Karriere Hotel Gastro\"},\"image\":{\"@id\":\"https:\\\/\\\/hotelgastro.ch\\\/fr\\\/#\\\/schema\\\/logo\\\/image\\\/\"},\"sameAs\":[\"https:\\\/\\\/www.facebook.com\\\/hgfschweiz\",\"https:\\\/\\\/www.linkedin.com\\\/company\\\/hotelgastroformationschweiz\\\/posts\\\/?feedView=all\"]}]}<\/script>\n<!-- \/ Yoast SEO plugin. -->","yoast_head_json":{"title":"Accueil - Hotel &amp; Gastro formation","robots":{"index":"index","follow":"follow","max-snippet":"max-snippet:-1","max-image-preview":"max-image-preview:large","max-video-preview":"max-video-preview:-1"},"canonical":"https:\/\/hotelgastro.ch\/fr\/","og_locale":"fr_FR","og_type":"article","og_title":"Accueil - Hotel &amp; Gastro formation","og_description":"Trouve ta voie dans le secteur. Chaque carri\u00e8re commence diff\u00e9remment \u2013 mais toutes \u00e9voluent avec les d\u00e9cisions prises. Quel que soit le domaine dans lequel tu te sens \u00e0 l&rsquo;aise : d\u00e9couvre la formation initiale ou continue qui te correspond et trouve ton propre parcours. Nichts passendes gefunden? Sag uns, was dir am Aus- und [&hellip;]","og_url":"https:\/\/hotelgastro.ch\/fr\/","og_site_name":"Hotel &amp; Gastro formation","article_publisher":"https:\/\/www.facebook.com\/hgfschweiz","article_modified_time":"2026-03-06T09:25:13+00:00","og_image":[{"url":"https:\/\/hotelgastro.ch\/wp-content\/uploads\/2026\/02\/251121_LOGO1O8_GASTRO-2423-1-1024x683.jpg","type":"","width":"","height":""}],"twitter_card":"summary_large_image","twitter_misc":{"Dur\u00e9e de lecture estim\u00e9e":"1 minute"},"schema":{"@context":"https:\/\/schema.org","@graph":[{"@type":"WebPage","@id":"https:\/\/hotelgastro.ch\/fr\/","url":"https:\/\/hotelgastro.ch\/fr\/","name":"Accueil - Hotel &amp; Gastro formation","isPartOf":{"@id":"https:\/\/hotelgastro.ch\/fr\/#website"},"primaryImageOfPage":{"@id":"https:\/\/hotelgastro.ch\/fr\/#primaryimage"},"image":{"@id":"https:\/\/hotelgastro.ch\/fr\/#primaryimage"},"thumbnailUrl":"https:\/\/hotelgastro.ch\/wp-content\/uploads\/2026\/02\/251121_LOGO1O8_GASTRO-2423-1-1024x683.jpg","datePublished":"2025-09-11T13:27:58+00:00","dateModified":"2026-03-06T09:25:13+00:00","breadcrumb":{"@id":"https:\/\/hotelgastro.ch\/fr\/#breadcrumb"},"inLanguage":"fr-FR","potentialAction":[{"@type":"ReadAction","target":["https:\/\/hotelgastro.ch\/fr\/"]}]},{"@type":"ImageObject","inLanguage":"fr-FR","@id":"https:\/\/hotelgastro.ch\/fr\/#primaryimage","url":"https:\/\/hotelgastro.ch\/wp-content\/uploads\/2026\/02\/251121_LOGO1O8_GASTRO-2423-1-1024x683.jpg","contentUrl":"https:\/\/hotelgastro.ch\/wp-content\/uploads\/2026\/02\/251121_LOGO1O8_GASTRO-2423-1-1024x683.jpg"},{"@type":"BreadcrumbList","@id":"https:\/\/hotelgastro.ch\/fr\/#breadcrumb","itemListElement":[{"@type":"ListItem","position":1,"name":"Home","item":"https:\/\/hotelgastro.ch\/fr\/"},{"@type":"ListItem","position":2,"name":"Accueil"}]},{"@type":"WebSite","@id":"https:\/\/hotelgastro.ch\/fr\/#website","url":"https:\/\/hotelgastro.ch\/fr\/","name":"Karriere Hotel Gastro","description":"","publisher":{"@id":"https:\/\/hotelgastro.ch\/fr\/#organization"},"potentialAction":[{"@type":"SearchAction","target":{"@type":"EntryPoint","urlTemplate":"https:\/\/hotelgastro.ch\/fr\/?s={search_term_string}"},"query-input":{"@type":"PropertyValueSpecification","valueRequired":true,"valueName":"search_term_string"}}],"inLanguage":"fr-FR"},{"@type":"Organization","@id":"https:\/\/hotelgastro.ch\/fr\/#organization","name":"Karriere Hotel Gastro","url":"https:\/\/hotelgastro.ch\/fr\/","logo":{"@type":"ImageObject","inLanguage":"fr-FR","@id":"https:\/\/hotelgastro.ch\/fr\/#\/schema\/logo\/image\/","url":"https:\/\/hotelgastro.ch\/wp-content\/uploads\/2026\/02\/HGf_3Verbandslogo_feb2026_FR.svg","contentUrl":"https:\/\/hotelgastro.ch\/wp-content\/uploads\/2026\/02\/HGf_3Verbandslogo_feb2026_FR.svg","width":377,"height":61,"caption":"Karriere Hotel Gastro"},"image":{"@id":"https:\/\/hotelgastro.ch\/fr\/#\/schema\/logo\/image\/"},"sameAs":["https:\/\/www.facebook.com\/hgfschweiz","https:\/\/www.linkedin.com\/company\/hotelgastroformationschweiz\/posts\/?feedView=all"]}]}},"_links":{"self":[{"href":"https:\/\/hotelgastro.ch\/fr\/wp-json\/wp\/v2\/pages\/2689","targetHints":{"allow":["GET"]}}],"collection":[{"href":"https:\/\/hotelgastro.ch\/fr\/wp-json\/wp\/v2\/pages"}],"about":[{"href":"https:\/\/hotelgastro.ch\/fr\/wp-json\/wp\/v2\/types\/page"}],"author":[{"embeddable":true,"href":"https:\/\/hotelgastro.ch\/fr\/wp-json\/wp\/v2\/users\/1"}],"replies":[{"embeddable":true,"href":"https:\/\/hotelgastro.ch\/fr\/wp-json\/wp\/v2\/comments?post=2689"}],"version-history":[{"count":24,"href":"https:\/\/hotelgastro.ch\/fr\/wp-json\/wp\/v2\/pages\/2689\/revisions"}],"predecessor-version":[{"id":6256,"href":"https:\/\/hotelgastro.ch\/fr\/wp-json\/wp\/v2\/pages\/2689\/revisions\/6256"}],"wp:attachment":[{"href":"https:\/\/hotelgastro.ch\/fr\/wp-json\/wp\/v2\/media?parent=2689"}],"curies":[{"name":"wp","href":"https:\/\/api.w.org\/{rel}","templated":true}]}}