{"id":4031,"date":"2025-09-11T13:30:14","date_gmt":"2025-09-11T11:30:14","guid":{"rendered":"https:\/\/hotelgastro.ch\/centre-de-formation-de-weggis\/"},"modified":"2026-08-19T08:18:10","modified_gmt":"2026-08-19T06:18:10","slug":"centre-de-formation-de-weggis","status":"publish","type":"page","link":"https:\/\/hotelgastro.ch\/fr\/a-propos-de-nous\/formation-hotelgastro\/centre-de-formation-de-weggis\/","title":{"rendered":"Centre de formation de Weggis"},"content":{"rendered":"<div style=\"min-height: 870px\" class=\"hgf-hero-home wp-block-hgf-hero-home\">\n\t\t\t\t<video\n\t\t\tclass=\"hgf-hero-home__background hgf-hero-home__video\"\n\t\t\tautoplay\n\t\t\tloop\n\t\t\tmuted\n\t\t\tplaysinline\n\t\t>\n\t\t\t\t\t\t\t<source src=\"https:\/\/hotelgastro.ch\/wp-content\/uploads\/2026\/07\/Video-BZW-fuer-Webseite.mp4\" type=\"video\/mp4\">\n\t\t\t\t\t<\/video>\n\t\n\t<div\n\t\tclass=\"hgf-hero-home__overlay\"\n\t\tstyle=\"background-color: #430e17; opacity: 0;\"\n\t><\/div>\n\n\t<!-- <div class=\"hgf-hero-home__overlay_bottom\"><\/div> -->\n\n\t<div class=\"hgf-hero-home__content\">\n\t\t<h1 class=\"hgf-hero-home__headline\">\n\t\t\t<span class=\"hgf-hero-home__headline-row\">\n\t\t\t\t<span class=\"hgf-hero-home__heading-text\">\n\t\t\t\t\tInspiration\t\t\t\t<\/span>\n\t\t\t\t<svg class=\"hgf-hero-home__ampersand\" xmlns=\"http:\/\/www.w3.org\/2000\/svg\" viewBox=\"0 0 136 139\" fill=\"none\" aria-hidden=\"true\">\n\t<path d=\"M129.835 135.875C123.11 130.678 113.398 121.396 101.442 109.144C113.398 94.2963 118.999 80.7449 120.868 68.4938C123.67 67.7498 130.584 66.8251 134.691 66.4531L136 62.5559C133.572 62.9279 118.999 63.2999 113.209 63.2999C104.804 63.2999 95.4624 62.9279 89.112 62.5559L90.4171 66.4531C95.277 67.0093 101.068 67.7533 104.804 68.4938C106.298 78.7042 101.442 96.1527 96.2112 104.319C86.4949 94.4805 68 75.7319 55.6701 62.3682C74.3539 52.5298 88.5488 38.9784 88.5488 26.171C88.5488 13.3636 76.5932 0 52.6821 0C30.6394 0 12.5153 13.5513 12.5153 30.4401C12.5153 41.2068 20.7377 53.086 33.4385 64.7809C18.1205 70.5345 0 83.5296 0 102.647C0 121.764 19.9889 135.872 45.583 135.872C68.7488 135.872 83.1325 127.333 92.4744 118.979C101.813 125.477 111.529 133.643 120.868 138.097L129.835 135.868V135.875ZM21.4829 95.7843C21.4829 85.7615 27.4624 74.6229 37.5496 69.0535C52.3077 83.9016 70.2428 101.538 86.8693 114.161C80.7043 120.286 69.3086 126.784 53.9906 126.784C37.1752 126.784 21.4829 114.533 21.4829 95.7843ZM70.6172 28.5871C70.6172 37.4974 65.9462 49.0046 50.8137 57.7305C40.5376 47.3358 30.8248 35.8287 30.8248 26.1745C30.8248 13.7391 38.2984 6.49752 49.3197 6.49752C59.7813 6.49752 70.6172 14.2953 70.6172 28.5871Z\" fill=\"currentColor\"\/>\n<\/svg>\t\t\t<\/span>\n\t\t\t<span class=\"hgf-hero-home__heading-text hgf-hero-home__heading-text--line2\">\n\t\t\t\tvision au CFWeggis\t\t\t<\/span>\n\t\t<\/h1>\n\n\t\t\t\t\t<div class=\"hgf-hero-home__cta\">\n\t\t\t\t\t\t\t\t\t<a\n\t\t\t\t\t\thref=\"https:\/\/hotelgastro.ch\/fr\/reservation-de-chambre\/\"\n\t\t\t\t\t\tclass=\"hgf-hero-home__button\"\n\t\t\t\t\t\ttarget=\"_blank\" rel=\"noopener noreferrer\"\t\t\t\t\t>\n\t\t\t\t\t\tR\u00e9servation de chambre\t\t\t\t\t<\/a>\n\t\t\t\t\t\t\t\t\t\t\t\t\t<a\n\t\t\t\t\t\thref=\"https:\/\/hotelgastro.ch\/fr\/a-propos-de-nous\/formation-hotelgastro\/centre-de-formation-de-weggis\/des-salles-de-formation-et-de-conference-modulables-pour-des-contenus-percutants\/\"\n\t\t\t\t\t\tclass=\"hgf-hero-home__button hgf-hero-home__button--secondary\"\n\t\t\t\t\t\ttarget=\"_blank\" rel=\"noopener noreferrer\"\t\t\t\t\t>\n\t\t\t\t\t\tS\u00e9minaires &amp; conf\u00e9rences\t\t\t\t\t<\/a>\n\t\t\t\t\t\t\t\t\t\t\t\t\t<a\n\t\t\t\t\t\thref=\"https:\/\/hotelgastro.ch\/fr\/a-propos-de-nous\/formation-hotelgastro\/contact\/\"\n\t\t\t\t\t\tclass=\"hgf-hero-home__button hgf-hero-home__button--secondary\"\n\t\t\t\t\t\ttarget=\"_blank\" rel=\"noopener noreferrer\"\t\t\t\t\t>\n\t\t\t\t\t\tDemande individuelle\t\t\t\t\t<\/a>\n\t\t\t\t\t\t\t<\/div>\n\t\t\t<\/div>\n\n\t\t\t<div class=\"hgf-hero-home__scroll-indicator\">\n\t\t\t<svg class=\"hgf-hero-home__scroll-chevron\" width=\"51\" height=\"27\" viewBox=\"0 0 51 27\" fill=\"none\" xmlns=\"http:\/\/www.w3.org\/2000\/svg\" aria-hidden=\"true\">\n\t<path d=\"M1 1L25.25 25.5L49.5 1\" stroke=\"#E4E4E7\" stroke-width=\"2\" stroke-linecap=\"round\" stroke-linejoin=\"round\"\/>\n<\/svg>\t\t<\/div>\n\t<\/div>\n\n\n\n<div class=\"wp-block-group is-layout-constrained wp-container-core-group-is-layout-73982f27 wp-block-group-is-layout-constrained\">\n<div style=\"height:48px\" aria-hidden=\"true\" class=\"wp-block-spacer\"><\/div>\n\n\n\n<h3 class=\"wp-block-heading\"><strong>Formation, conf\u00e9rences et plaisir \u00e0 Weggis<\/strong><\/h3>\n\n\n\n<p class=\"wp-block-paragraph\"><br>En tant que centre de formation de Hotel &amp; Gastro formation Suisse, le BZW est un lieu o\u00f9 les id\u00e9es trouvent leur place et o\u00f9 les \u00e9v\u00e9nements d\u00e9ploient tout leur impact. Une infrastructure bien pens\u00e9e s&rsquo;allie \u00e0 un v\u00e9ritable sens de l&rsquo;accueil, avec une organisation professionnelle, une mise en \u0153uvre efficace et une attention particuli\u00e8re aux d\u00e9tails.<\/p>\n\n\n\n<p class=\"wp-block-paragraph\">Qu&rsquo;il s&rsquo;agisse de travailler dans un environnement propice \u00e0 la concentration, de se d\u00e9tendre apr\u00e8s une journ\u00e9e intense ou de savourer des moments agr\u00e9ables entre deux activit\u00e9s, les espaces, l&rsquo;atmosph\u00e8re et le service du Centre de formation de Weggis s&rsquo;harmonisent parfaitement. Il en r\u00e9sulte un environnement qui favorise la r\u00e9ussite des \u00e9v\u00e9nements, facilite les rencontres et inspire durablement les participantes et participants.<\/p>\n\n\n\n<p class=\"wp-block-paragraph\">Dans les rubriques suivantes, tu trouveras des informations d\u00e9taill\u00e9es sur nos locaux, nos \u00e9quipements, nos offres de restauration et nos autres prestations.<\/p>\n\n\n\n<div class=\"wp-block-columns is-layout-flex wp-container-core-columns-is-layout-7387b849 wp-block-columns-is-layout-flex\">\n<div class=\"wp-block-column is-layout-flow wp-block-column-is-layout-flow\"><div class=\"hgf-single-verweis-card wp-block-hgf-single-verweis-card\">\n\t\t\t<a\n\t\t\thref=\"https:\/\/hotelgastro.ch\/fr\/a-propos-de-nous\/formation-hotelgastro\/centre-de-formation-de-weggis\/des-salles-de-formation-et-de-conference-modulables-pour-des-contenus-percutants\/\"\n\t\t\tclass=\"hgf-single-verweis-card__item\"\n\t\t\t target=\"_blank\" rel=\"noopener noreferrer\"\t\t>\n\t\t\t\t\t\t\t<img\n\t\t\t\t\tclass=\"hgf-single-verweis-card__image\"\n\t\t\t\t\tsrc=\"https:\/\/hotelgastro.ch\/wp-content\/uploads\/2026\/08\/c3e5cbfd-92a6-4095-a527-7a5636f7099b.png\"\n\t\t\t\t\talt=\"\"\n\t\t\t\t\tloading=\"lazy\"\n\t\t\t\t\/>\n\t\t\t\n\t\t\t<div class=\"hgf-single-verweis-card__label\">\n\t\t\t\t\t\t\t\t<span class=\"hgf-single-verweis-card__name\">\n\t\t\t\t\tS\u00e9minaires &amp; conf\u00e9rences\t\t\t\t<\/span>\n\t\t\t<\/div>\n\t\t<\/a>\n\t<\/div>\n<\/div>\n\n\n\n<div class=\"wp-block-column is-layout-flow wp-block-column-is-layout-flow\">\n<div class=\"wp-block-group is-nowrap is-layout-flex wp-container-core-group-is-layout-7387b849 wp-block-group-is-layout-flex\"><div class=\"hgf-single-verweis-card wp-block-hgf-single-verweis-card\">\n\t\t\t<a\n\t\t\thref=\"https:\/\/hotelgastro.ch\/fr\/a-propos-de-nous\/formation-hotelgastro\/centre-de-formation-de-weggis\/passer-la-nuit\/\"\n\t\t\tclass=\"hgf-single-verweis-card__item\"\n\t\t\t target=\"_blank\" rel=\"noopener noreferrer\"\t\t>\n\t\t\t\t\t\t\t<img\n\t\t\t\t\tclass=\"hgf-single-verweis-card__image\"\n\t\t\t\t\tsrc=\"https:\/\/hotelgastro.ch\/wp-content\/uploads\/2026\/08\/ChatGPT-Image-30.-Juli-2026-12_23_36-1.png\"\n\t\t\t\t\talt=\"\"\n\t\t\t\t\tloading=\"lazy\"\n\t\t\t\t\/>\n\t\t\t\n\t\t\t<div class=\"hgf-single-verweis-card__label\">\n\t\t\t\t\t\t\t\t<span class=\"hgf-single-verweis-card__name\">\n\t\t\t\t\tH\u00e9bergement\t\t\t\t<\/span>\n\t\t\t<\/div>\n\t\t<\/a>\n\t<\/div>\n<\/div>\n<\/div>\n\n\n\n<div class=\"wp-block-column is-layout-flow wp-block-column-is-layout-flow\"><div class=\"hgf-single-verweis-card wp-block-hgf-single-verweis-card\">\n\t\t\t<a\n\t\t\thref=\"https:\/\/hotelgastro.ch\/fr\/a-propos-de-nous\/formation-hotelgastro\/centre-de-formation-de-weggis\/culinaire\/\"\n\t\t\tclass=\"hgf-single-verweis-card__item\"\n\t\t\t target=\"_blank\" rel=\"noopener noreferrer\"\t\t>\n\t\t\t\t\t\t\t<img\n\t\t\t\t\tclass=\"hgf-single-verweis-card__image\"\n\t\t\t\t\tsrc=\"https:\/\/hotelgastro.ch\/wp-content\/uploads\/2026\/02\/DSC3212-scaled.jpg\"\n\t\t\t\t\talt=\"\"\n\t\t\t\t\tloading=\"lazy\"\n\t\t\t\t\/>\n\t\t\t\n\t\t\t<div class=\"hgf-single-verweis-card__label\">\n\t\t\t\t\t\t\t\t<span class=\"hgf-single-verweis-card__name\">\n\t\t\t\t\tGastronomie\t\t\t\t<\/span>\n\t\t\t<\/div>\n\t\t<\/a>\n\t<\/div>\n<\/div>\n<\/div>\n\n\n\n<div style=\"height:48px\" aria-hidden=\"true\" class=\"wp-block-spacer\"><\/div>\n\n\n\n<div class=\"wp-block-columns is-layout-flex wp-container-core-columns-is-layout-7387b849 wp-block-columns-is-layout-flex\">\n<div class=\"wp-block-column is-layout-flow wp-block-column-is-layout-flow\"><div class=\"hgf-content-scroll alignwide wp-block-hgf-content-scroll\">\n\t<div class=\"hgf-content-scroll__sticky\">\n\t\t\t\t\t<img\n\t\t\t\tclass=\"hgf-content-scroll__background\"\n\t\t\t\tsrc=\"https:\/\/hotelgastro.ch\/wp-content\/uploads\/2026\/07\/9bd0c55b-141e-4c23-a1bb-464610ec8dfb.png\"\n\t\t\t\talt=\"\"\n\t\t\t\tloading=\"eager\"\n\t\t\t\/>\n\t\t\n\t\t<div\n\t\t\tclass=\"hgf-content-scroll__overlay\"\n\t\t\tstyle=\"background-color: #000000; opacity: 0.3;\"\n\t\t><\/div>\n\n\t\t<div class=\"hgf-content-scroll__intro\">\n\t\t\t<h2 class=\"hgf-content-scroll__title\">\n\t\t\t\tArriver &amp; <br>aller plus loin\t\t\t<\/h2>\n\t\t\t\t\t\t\t<p class=\"hgf-content-scroll__description\">\n\t\t\t\t\tD\u00e9couvre les diff\u00e9rentes offres\t\t\t\t<\/p>\n\t\t\t\t\t<\/div>\n\t<\/div>\n\n\t\t\t<div class=\"hgf-content-scroll__cards\">\n\t\t\t\t\t\t\t\n\t\t\t\t<div\n\t\t\t\t\tclass=\"hgf-content-scroll__card\"\n\t\t\t\t\tdata-card-index=\"0\"\n\t\t\t\t>\n\t\t\t\t\t\t\t\t\t\t\t<h3 class=\"hgf-content-scroll__card-title\">\n\t\t\t\t\t\t\tPrestataires de formation\t\t\t\t\t\t<\/h3>\n\t\t\t\t\t\n\t\t\t\t\t\t\t\t\t\t\t<p class=\"hgf-content-scroll__card-description\">\n\t\t\t\t\t\t\t<br>De la r\u00e9servation des salles \u00e0 l\u2019h\u00e9bergement, nous t\u2019accompagnons dans la mise en \u0153uvre r\u00e9ussie de tes offres de formation. En tant que prestataire de formations initiales et continues, tu trouveras chez nous des solutions flexibles, des prestations combinables selon tes besoins et un accompagnement personnalis\u00e9.\t\t\t\t\t\t<\/p>\n\t\t\t\t\t\n\t\t\t\t\t\t\t\t\t\t\t<a\n\t\t\t\t\t\t\thref=\"https:\/\/hotelgastro.ch\/ueber-uns\/hotelgastro-formation\/bzw\/seminar-konferenzraeume\/\"\n\t\t\t\t\t\t\tclass=\"hgf-content-scroll__card-button\"\n\t\t\t\t\t\t>\n\t\t\t\t\t\t\tS\u00e9minaires &amp; conf\u00e9rences\t\t\t\t\t\t<\/a>\n\t\t\t\t\t\t\t\t\t<\/div>\n\t\t\t\t\t\t\t\n\t\t\t\t<div\n\t\t\t\t\tclass=\"hgf-content-scroll__card\"\n\t\t\t\t\tdata-card-index=\"1\"\n\t\t\t\t>\n\t\t\t\t\t\t\t\t\t\t\t<h3 class=\"hgf-content-scroll__card-title\">\n\t\t\t\t\t\t\tOffres pour groupes\t\t\t\t\t\t<\/h3>\n\t\t\t\t\t\n\t\t\t\t\t\t\t\t\t\t\t<p class=\"hgf-content-scroll__card-description\">\n\t\t\t\t\t\t\t<br>Qu\u2019il s\u2019agisse d\u2019un camp scolaire, d\u2019une r\u00e9union de classe, d\u2019une sortie d\u2019association ou d\u2019un autre \u00e9v\u00e9nement de groupe, nous avons l\u2019h\u00e9bergement adapt\u00e9. Gr\u00e2ce \u00e0 nos chambres confortables et \u00e0 nos infrastructures spacieuses, nous pouvons \u00e9galement accueillir des groupes plus importants.\t\t\t\t\t\t<\/p>\n\t\t\t\t\t\n\t\t\t\t\t\t\t\t\t\t\t<a\n\t\t\t\t\t\t\thref=\"https:\/\/hotelgastro.ch\/fr\/a-propos-de-nous\/formation-hotelgastro\/contact\/\"\n\t\t\t\t\t\t\tclass=\"hgf-content-scroll__card-button\"\n\t\t\t\t\t\t>\n\t\t\t\t\t\t\tDemande\t\t\t\t\t\t<\/a>\n\t\t\t\t\t\t\t\t\t<\/div>\n\t\t\t\t\t\t\t\n\t\t\t\t<div\n\t\t\t\t\tclass=\"hgf-content-scroll__card\"\n\t\t\t\t\tdata-card-index=\"2\"\n\t\t\t\t>\n\t\t\t\t\t\t\t\t\t\t\t<h3 class=\"hgf-content-scroll__card-title\">\n\t\t\t\t\t\t\tLe lieu id\u00e9al pour des examens r\u00e9ussis\t\t\t\t\t\t<\/h3>\n\t\t\t\t\t\n\t\t\t\t\t\t\t\t\t\t\t<p class=\"hgf-content-scroll__card-description\">\n\t\t\t\t\t\t\t<br>Qu\u2019ils soient \u00e9crits, oraux ou pratiques, le BZW offre l\u2019infrastructure id\u00e9ale pour l\u2019organisation professionnelle de tous types d\u2019examens. Nos locaux sont sp\u00e9cialement con\u00e7us pour les situations d\u2019examen et peuvent \u00eatre adapt\u00e9s de mani\u00e8re flexible \u00e0 tes exigences. Des salles d\u2019examen individuelles aux dispositifs d\u2019examen de plus grande envergure, nous offrons le cadre id\u00e9al pour garantir un d\u00e9roulement sans accroc.\t\t\t\t\t\t<\/p>\n\t\t\t\t\t\n\t\t\t\t\t\t\t\t\t\t\t<a\n\t\t\t\t\t\t\thref=\"https:\/\/hotelgastro.ch\/fr\/a-propos-de-nous\/formation-hotelgastro\/contact\/\"\n\t\t\t\t\t\t\tclass=\"hgf-content-scroll__card-button\"\n\t\t\t\t\t\t>\n\t\t\t\t\t\t\tContact\t\t\t\t\t\t<\/a>\n\t\t\t\t\t\t\t\t\t<\/div>\n\t\t\t\t\t\t\t\n\t\t\t\t<div\n\t\t\t\t\tclass=\"hgf-content-scroll__card\"\n\t\t\t\t\tdata-card-index=\"3\"\n\t\t\t\t>\n\t\t\t\t\t\t\t\t\t\t\t<h3 class=\"hgf-content-scroll__card-title\">\n\t\t\t\t\t\t\tOffres pour les participantes et participants aux cours et aux examens\t\t\t\t\t\t<\/h3>\n\t\t\t\t\t\n\t\t\t\t\t\t\t\t\t\t\t<p class=\"hgf-content-scroll__card-description\">\n\t\t\t\t\t\t\t<br>Pendant ta formation, ton cours sp\u00e9cialis\u00e9 ou ton examen final, tu peux s\u00e9journer chez nous \u00e0 des conditions sp\u00e9ciales avantageuses, afin de pouvoir te concentrer pleinement sur ta formation initiale ou continue.\t\t\t\t\t\t<\/p>\n\t\t\t\t\t\n\t\t\t\t\t\t\t\t\t\t\t<a\n\t\t\t\t\t\t\thref=\"https:\/\/hotelgastro.ch\/fr\/a-propos-de-nous\/formation-hotelgastro\/centre-de-formation-de-weggis\/passer-la-nuit\/\"\n\t\t\t\t\t\t\tclass=\"hgf-content-scroll__card-button\"\n\t\t\t\t\t\t>\n\t\t\t\t\t\t\tH\u00e9bergement\t\t\t\t\t\t<\/a>\n\t\t\t\t\t\t\t\t\t<\/div>\n\t\t\t\t\t<\/div>\n\t<\/div>\n<\/div>\n<\/div>\n\n\n\n<div class=\"wp-block-columns is-layout-flex wp-container-core-columns-is-layout-7387b849 wp-block-columns-is-layout-flex\">\n<div class=\"wp-block-column is-layout-flow wp-block-column-is-layout-flow\"><\/div>\n\n\n\n<div class=\"wp-block-column is-layout-flow wp-block-column-is-layout-flow\"><\/div>\n\n\n\n<div class=\"wp-block-column is-layout-flow wp-block-column-is-layout-flow\"><\/div>\n<\/div>\n\n\n\n<div class=\"wp-block-columns is-layout-flex wp-container-core-columns-is-layout-7387b849 wp-block-columns-is-layout-flex\">\n<div class=\"wp-block-column is-layout-flow wp-block-column-is-layout-flow\">\n<figure class=\"wp-block-image alignright size-full is-resized\"><a href=\"https:\/\/hotelgastro.ch\/fr\/a-propos-de-nous\/formation-hotelgastro\/impressions\/\" target=\"_blank\" rel=\" noreferrer noopener\"><img loading=\"lazy\" decoding=\"async\" width=\"394\" height=\"611\" src=\"https:\/\/hotelgastro.ch\/wp-content\/uploads\/2026\/08\/Unbenannt-18.-August-2026-um-13.24.05-2.png\" alt=\"\" class=\"wp-image-10872\" style=\"aspect-ratio:0.6572583906186817;width:72px;height:auto\" srcset=\"https:\/\/hotelgastro.ch\/wp-content\/uploads\/2026\/08\/Unbenannt-18.-August-2026-um-13.24.05-2.png 394w, https:\/\/hotelgastro.ch\/wp-content\/uploads\/2026\/08\/Unbenannt-18.-August-2026-um-13.24.05-2-193x300.png 193w\" sizes=\"auto, (max-width: 394px) 100vw, 394px\" \/><\/a><\/figure>\n<\/div>\n\n\n\n<div class=\"wp-block-column is-layout-flow wp-block-column-is-layout-flow\"><\/div>\n\n\n\n<div class=\"wp-block-column is-layout-flow wp-block-column-is-layout-flow\">\n<figure class=\"wp-block-image alignleft size-full is-resized\"><a href=\"https:\/\/hotelgastro.ch\/fr\/a-propos-de-nous\/formation-hotelgastro\/impressions\/\" target=\"_blank\" rel=\" noreferrer noopener\"><img loading=\"lazy\" decoding=\"async\" width=\"698\" height=\"831\" src=\"https:\/\/hotelgastro.ch\/wp-content\/uploads\/2026\/07\/Unbenannt-30.-Juli-2026-um-14.49.59-2.png\" alt=\"\" class=\"wp-image-10375\" style=\"aspect-ratio:0.8399753913459567;object-fit:cover;width:94px;height:auto\" srcset=\"https:\/\/hotelgastro.ch\/wp-content\/uploads\/2026\/07\/Unbenannt-30.-Juli-2026-um-14.49.59-2.png 698w, https:\/\/hotelgastro.ch\/wp-content\/uploads\/2026\/07\/Unbenannt-30.-Juli-2026-um-14.49.59-2-252x300.png 252w\" sizes=\"auto, (max-width: 698px) 100vw, 698px\" \/><\/a><\/figure>\n<\/div>\n<\/div>\n<\/div>\n","protected":false},"excerpt":{"rendered":"<p>Formation, conf\u00e9rences et plaisir \u00e0 Weggis En tant que centre de formation de Hotel &amp; Gastro formation Suisse, le BZW est un lieu o\u00f9 les id\u00e9es trouvent leur place et o\u00f9 les \u00e9v\u00e9nements d\u00e9ploient tout leur impact. Une infrastructure bien pens\u00e9e s&rsquo;allie \u00e0 un v\u00e9ritable sens de l&rsquo;accueil, avec une organisation professionnelle, une mise en [&hellip;]<\/p>\n","protected":false},"author":1,"featured_media":0,"parent":4064,"menu_order":126,"comment_status":"closed","ping_status":"closed","template":"hotel-gastro-formation","meta":{"_acf_changed":false,"footnotes":""},"class_list":["post-4031","page","type-page","status-publish","hentry"],"acf":[],"yoast_head":"<!-- This site is optimized with the Yoast SEO plugin v28.3 - https:\/\/yoast.com\/product\/yoast-seo-wordpress\/ -->\n<title>Centre de formation de Weggis - Hotel &amp; Gastro formation<\/title>\n<meta name=\"robots\" content=\"index, follow, max-snippet:-1, max-image-preview:large, max-video-preview:-1\" \/>\n<link rel=\"canonical\" href=\"https:\/\/hotelgastro.ch\/fr\/a-propos-de-nous\/formation-hotelgastro\/centre-de-formation-de-weggis\/\" \/>\n<meta property=\"og:locale\" content=\"fr_FR\" \/>\n<meta property=\"og:type\" content=\"article\" \/>\n<meta property=\"og:title\" content=\"Centre de formation de Weggis - Hotel &amp; Gastro formation\" \/>\n<meta property=\"og:description\" content=\"Formation, conf\u00e9rences et plaisir \u00e0 Weggis En tant que centre de formation de Hotel &amp; Gastro formation Suisse, le BZW est un lieu o\u00f9 les id\u00e9es trouvent leur place et o\u00f9 les \u00e9v\u00e9nements d\u00e9ploient tout leur impact. Une infrastructure bien pens\u00e9e s&rsquo;allie \u00e0 un v\u00e9ritable sens de l&rsquo;accueil, avec une organisation professionnelle, une mise en [&hellip;]\" \/>\n<meta property=\"og:url\" content=\"https:\/\/hotelgastro.ch\/fr\/a-propos-de-nous\/formation-hotelgastro\/centre-de-formation-de-weggis\/\" \/>\n<meta property=\"og:site_name\" content=\"Hotel &amp; Gastro formation\" \/>\n<meta property=\"article:publisher\" content=\"https:\/\/www.facebook.com\/hgfschweiz\" \/>\n<meta property=\"article:modified_time\" content=\"2026-08-19T06:18:10+00:00\" \/>\n<meta property=\"og:image\" content=\"https:\/\/hotelgastro.ch\/wp-content\/uploads\/2026\/08\/Unbenannt-18.-August-2026-um-13.24.05-2.png\" \/>\n<meta name=\"twitter:card\" content=\"summary_large_image\" \/>\n<meta name=\"twitter:label1\" content=\"Dur\u00e9e de lecture estim\u00e9e\" \/>\n\t<meta name=\"twitter:data1\" content=\"2 minutes\" \/>\n<script type=\"application\/ld+json\" class=\"yoast-schema-graph\">{\"@context\":\"https:\\\/\\\/schema.org\",\"@graph\":[{\"@type\":\"WebPage\",\"@id\":\"https:\\\/\\\/hotelgastro.ch\\\/fr\\\/a-propos-de-nous\\\/formation-hotelgastro\\\/centre-de-formation-de-weggis\\\/\",\"url\":\"https:\\\/\\\/hotelgastro.ch\\\/fr\\\/a-propos-de-nous\\\/formation-hotelgastro\\\/centre-de-formation-de-weggis\\\/\",\"name\":\"Centre de formation de Weggis - Hotel &amp; Gastro formation\",\"isPartOf\":{\"@id\":\"https:\\\/\\\/hotelgastro.ch\\\/fr\\\/#website\"},\"primaryImageOfPage\":{\"@id\":\"https:\\\/\\\/hotelgastro.ch\\\/fr\\\/a-propos-de-nous\\\/formation-hotelgastro\\\/centre-de-formation-de-weggis\\\/#primaryimage\"},\"image\":{\"@id\":\"https:\\\/\\\/hotelgastro.ch\\\/fr\\\/a-propos-de-nous\\\/formation-hotelgastro\\\/centre-de-formation-de-weggis\\\/#primaryimage\"},\"thumbnailUrl\":\"https:\\\/\\\/hotelgastro.ch\\\/wp-content\\\/uploads\\\/2026\\\/08\\\/Unbenannt-18.-August-2026-um-13.24.05-2.png\",\"datePublished\":\"2025-09-11T11:30:14+00:00\",\"dateModified\":\"2026-08-19T06:18:10+00:00\",\"breadcrumb\":{\"@id\":\"https:\\\/\\\/hotelgastro.ch\\\/fr\\\/a-propos-de-nous\\\/formation-hotelgastro\\\/centre-de-formation-de-weggis\\\/#breadcrumb\"},\"inLanguage\":\"fr-FR\",\"potentialAction\":[{\"@type\":\"ReadAction\",\"target\":[\"https:\\\/\\\/hotelgastro.ch\\\/fr\\\/a-propos-de-nous\\\/formation-hotelgastro\\\/centre-de-formation-de-weggis\\\/\"]}]},{\"@type\":\"ImageObject\",\"inLanguage\":\"fr-FR\",\"@id\":\"https:\\\/\\\/hotelgastro.ch\\\/fr\\\/a-propos-de-nous\\\/formation-hotelgastro\\\/centre-de-formation-de-weggis\\\/#primaryimage\",\"url\":\"https:\\\/\\\/hotelgastro.ch\\\/wp-content\\\/uploads\\\/2026\\\/08\\\/Unbenannt-18.-August-2026-um-13.24.05-2.png\",\"contentUrl\":\"https:\\\/\\\/hotelgastro.ch\\\/wp-content\\\/uploads\\\/2026\\\/08\\\/Unbenannt-18.-August-2026-um-13.24.05-2.png\"},{\"@type\":\"BreadcrumbList\",\"@id\":\"https:\\\/\\\/hotelgastro.ch\\\/fr\\\/a-propos-de-nous\\\/formation-hotelgastro\\\/centre-de-formation-de-weggis\\\/#breadcrumb\",\"itemListElement\":[{\"@type\":\"ListItem\",\"position\":1,\"name\":\"Home\",\"item\":\"https:\\\/\\\/hotelgastro.ch\\\/fr\\\/\"},{\"@type\":\"ListItem\",\"position\":2,\"name\":\"\u00c0 propos de nous\",\"item\":\"https:\\\/\\\/hotelgastro.ch\\\/fr\\\/ueber-uns\\\/\"},{\"@type\":\"ListItem\",\"position\":3,\"name\":\"Formation h\u00f4tel&amp;gastro\",\"item\":\"https:\\\/\\\/hotelgastro.ch\\\/fr\\\/ueber-uns\\\/hotelgastro-formation\\\/\"},{\"@type\":\"ListItem\",\"position\":4,\"name\":\"Centre de formation de Weggis\"}]},{\"@type\":\"WebSite\",\"@id\":\"https:\\\/\\\/hotelgastro.ch\\\/fr\\\/#website\",\"url\":\"https:\\\/\\\/hotelgastro.ch\\\/fr\\\/\",\"name\":\"Karriere Hotel Gastro\",\"description\":\"\",\"publisher\":{\"@id\":\"https:\\\/\\\/hotelgastro.ch\\\/fr\\\/#organization\"},\"potentialAction\":[{\"@type\":\"SearchAction\",\"target\":{\"@type\":\"EntryPoint\",\"urlTemplate\":\"https:\\\/\\\/hotelgastro.ch\\\/fr\\\/?s={search_term_string}\"},\"query-input\":{\"@type\":\"PropertyValueSpecification\",\"valueRequired\":true,\"valueName\":\"search_term_string\"}}],\"inLanguage\":\"fr-FR\"},{\"@type\":\"Organization\",\"@id\":\"https:\\\/\\\/hotelgastro.ch\\\/fr\\\/#organization\",\"name\":\"Karriere Hotel Gastro\",\"url\":\"https:\\\/\\\/hotelgastro.ch\\\/fr\\\/\",\"logo\":{\"@type\":\"ImageObject\",\"inLanguage\":\"fr-FR\",\"@id\":\"https:\\\/\\\/hotelgastro.ch\\\/fr\\\/#\\\/schema\\\/logo\\\/image\\\/\",\"url\":\"https:\\\/\\\/hotelgastro.ch\\\/wp-content\\\/uploads\\\/2026\\\/02\\\/HGf_3Verbandslogo_feb2026_FR.svg\",\"contentUrl\":\"https:\\\/\\\/hotelgastro.ch\\\/wp-content\\\/uploads\\\/2026\\\/02\\\/HGf_3Verbandslogo_feb2026_FR.svg\",\"width\":377,\"height\":61,\"caption\":\"Karriere Hotel Gastro\"},\"image\":{\"@id\":\"https:\\\/\\\/hotelgastro.ch\\\/fr\\\/#\\\/schema\\\/logo\\\/image\\\/\"},\"sameAs\":[\"https:\\\/\\\/www.facebook.com\\\/hgfschweiz\",\"https:\\\/\\\/www.linkedin.com\\\/company\\\/hotelgastroformationschweiz\\\/posts\\\/?feedView=all\"]}]}<\/script>\n<!-- \/ Yoast SEO plugin. -->","yoast_head_json":{"title":"Centre de formation de Weggis - Hotel &amp; Gastro formation","robots":{"index":"index","follow":"follow","max-snippet":"max-snippet:-1","max-image-preview":"max-image-preview:large","max-video-preview":"max-video-preview:-1"},"canonical":"https:\/\/hotelgastro.ch\/fr\/a-propos-de-nous\/formation-hotelgastro\/centre-de-formation-de-weggis\/","og_locale":"fr_FR","og_type":"article","og_title":"Centre de formation de Weggis - Hotel &amp; Gastro formation","og_description":"Formation, conf\u00e9rences et plaisir \u00e0 Weggis En tant que centre de formation de Hotel &amp; Gastro formation Suisse, le BZW est un lieu o\u00f9 les id\u00e9es trouvent leur place et o\u00f9 les \u00e9v\u00e9nements d\u00e9ploient tout leur impact. Une infrastructure bien pens\u00e9e s&rsquo;allie \u00e0 un v\u00e9ritable sens de l&rsquo;accueil, avec une organisation professionnelle, une mise en [&hellip;]","og_url":"https:\/\/hotelgastro.ch\/fr\/a-propos-de-nous\/formation-hotelgastro\/centre-de-formation-de-weggis\/","og_site_name":"Hotel &amp; Gastro formation","article_publisher":"https:\/\/www.facebook.com\/hgfschweiz","article_modified_time":"2026-08-19T06:18:10+00:00","og_image":[{"url":"https:\/\/hotelgastro.ch\/wp-content\/uploads\/2026\/08\/Unbenannt-18.-August-2026-um-13.24.05-2.png","type":"","width":"","height":""}],"twitter_card":"summary_large_image","twitter_misc":{"Dur\u00e9e de lecture estim\u00e9e":"2 minutes"},"schema":{"@context":"https:\/\/schema.org","@graph":[{"@type":"WebPage","@id":"https:\/\/hotelgastro.ch\/fr\/a-propos-de-nous\/formation-hotelgastro\/centre-de-formation-de-weggis\/","url":"https:\/\/hotelgastro.ch\/fr\/a-propos-de-nous\/formation-hotelgastro\/centre-de-formation-de-weggis\/","name":"Centre de formation de Weggis - Hotel &amp; Gastro formation","isPartOf":{"@id":"https:\/\/hotelgastro.ch\/fr\/#website"},"primaryImageOfPage":{"@id":"https:\/\/hotelgastro.ch\/fr\/a-propos-de-nous\/formation-hotelgastro\/centre-de-formation-de-weggis\/#primaryimage"},"image":{"@id":"https:\/\/hotelgastro.ch\/fr\/a-propos-de-nous\/formation-hotelgastro\/centre-de-formation-de-weggis\/#primaryimage"},"thumbnailUrl":"https:\/\/hotelgastro.ch\/wp-content\/uploads\/2026\/08\/Unbenannt-18.-August-2026-um-13.24.05-2.png","datePublished":"2025-09-11T11:30:14+00:00","dateModified":"2026-08-19T06:18:10+00:00","breadcrumb":{"@id":"https:\/\/hotelgastro.ch\/fr\/a-propos-de-nous\/formation-hotelgastro\/centre-de-formation-de-weggis\/#breadcrumb"},"inLanguage":"fr-FR","potentialAction":[{"@type":"ReadAction","target":["https:\/\/hotelgastro.ch\/fr\/a-propos-de-nous\/formation-hotelgastro\/centre-de-formation-de-weggis\/"]}]},{"@type":"ImageObject","inLanguage":"fr-FR","@id":"https:\/\/hotelgastro.ch\/fr\/a-propos-de-nous\/formation-hotelgastro\/centre-de-formation-de-weggis\/#primaryimage","url":"https:\/\/hotelgastro.ch\/wp-content\/uploads\/2026\/08\/Unbenannt-18.-August-2026-um-13.24.05-2.png","contentUrl":"https:\/\/hotelgastro.ch\/wp-content\/uploads\/2026\/08\/Unbenannt-18.-August-2026-um-13.24.05-2.png"},{"@type":"BreadcrumbList","@id":"https:\/\/hotelgastro.ch\/fr\/a-propos-de-nous\/formation-hotelgastro\/centre-de-formation-de-weggis\/#breadcrumb","itemListElement":[{"@type":"ListItem","position":1,"name":"Home","item":"https:\/\/hotelgastro.ch\/fr\/"},{"@type":"ListItem","position":2,"name":"\u00c0 propos de nous","item":"https:\/\/hotelgastro.ch\/fr\/ueber-uns\/"},{"@type":"ListItem","position":3,"name":"Formation h\u00f4tel&amp;gastro","item":"https:\/\/hotelgastro.ch\/fr\/ueber-uns\/hotelgastro-formation\/"},{"@type":"ListItem","position":4,"name":"Centre de formation de Weggis"}]},{"@type":"WebSite","@id":"https:\/\/hotelgastro.ch\/fr\/#website","url":"https:\/\/hotelgastro.ch\/fr\/","name":"Karriere Hotel Gastro","description":"","publisher":{"@id":"https:\/\/hotelgastro.ch\/fr\/#organization"},"potentialAction":[{"@type":"SearchAction","target":{"@type":"EntryPoint","urlTemplate":"https:\/\/hotelgastro.ch\/fr\/?s={search_term_string}"},"query-input":{"@type":"PropertyValueSpecification","valueRequired":true,"valueName":"search_term_string"}}],"inLanguage":"fr-FR"},{"@type":"Organization","@id":"https:\/\/hotelgastro.ch\/fr\/#organization","name":"Karriere Hotel Gastro","url":"https:\/\/hotelgastro.ch\/fr\/","logo":{"@type":"ImageObject","inLanguage":"fr-FR","@id":"https:\/\/hotelgastro.ch\/fr\/#\/schema\/logo\/image\/","url":"https:\/\/hotelgastro.ch\/wp-content\/uploads\/2026\/02\/HGf_3Verbandslogo_feb2026_FR.svg","contentUrl":"https:\/\/hotelgastro.ch\/wp-content\/uploads\/2026\/02\/HGf_3Verbandslogo_feb2026_FR.svg","width":377,"height":61,"caption":"Karriere Hotel Gastro"},"image":{"@id":"https:\/\/hotelgastro.ch\/fr\/#\/schema\/logo\/image\/"},"sameAs":["https:\/\/www.facebook.com\/hgfschweiz","https:\/\/www.linkedin.com\/company\/hotelgastroformationschweiz\/posts\/?feedView=all"]}]}},"_links":{"self":[{"href":"https:\/\/hotelgastro.ch\/fr\/wp-json\/wp\/v2\/pages\/4031","targetHints":{"allow":["GET"]}}],"collection":[{"href":"https:\/\/hotelgastro.ch\/fr\/wp-json\/wp\/v2\/pages"}],"about":[{"href":"https:\/\/hotelgastro.ch\/fr\/wp-json\/wp\/v2\/types\/page"}],"author":[{"embeddable":true,"href":"https:\/\/hotelgastro.ch\/fr\/wp-json\/wp\/v2\/users\/1"}],"replies":[{"embeddable":true,"href":"https:\/\/hotelgastro.ch\/fr\/wp-json\/wp\/v2\/comments?post=4031"}],"version-history":[{"count":39,"href":"https:\/\/hotelgastro.ch\/fr\/wp-json\/wp\/v2\/pages\/4031\/revisions"}],"predecessor-version":[{"id":10997,"href":"https:\/\/hotelgastro.ch\/fr\/wp-json\/wp\/v2\/pages\/4031\/revisions\/10997"}],"up":[{"embeddable":true,"href":"https:\/\/hotelgastro.ch\/fr\/wp-json\/wp\/v2\/pages\/4064"}],"wp:attachment":[{"href":"https:\/\/hotelgastro.ch\/fr\/wp-json\/wp\/v2\/media?parent=4031"}],"curies":[{"name":"wp","href":"https:\/\/api.w.org\/{rel}","templated":true}]}}