{"id":5525,"date":"2026-02-26T11:57:49","date_gmt":"2026-02-26T10:57:49","guid":{"rendered":"https:\/\/hotelgastro.ch\/a-propos-de-nous\/formation-hotelgastro\/centre-de-formation-de-weggis\/geniessen-im-bildungszentrum\/"},"modified":"2026-08-19T08:20:37","modified_gmt":"2026-08-19T06:20:37","slug":"culinaire","status":"publish","type":"page","link":"https:\/\/hotelgastro.ch\/fr\/a-propos-de-nous\/formation-hotelgastro\/centre-de-formation-de-weggis\/culinaire\/","title":{"rendered":"Une gastronomie qui convainc"},"content":{"rendered":"\n<div class=\"wp-block-cover is-light\"><img loading=\"lazy\" decoding=\"async\" width=\"1536\" height=\"1024\" class=\"wp-block-cover__image-background wp-image-9828 size-full\" alt=\"\" src=\"https:\/\/hotelgastro.ch\/wp-content\/uploads\/2026\/07\/24973705-9b7b-4c6c-86d2-f7f24a0b5bd3.png\" style=\"object-position:97% 56%\" data-object-fit=\"cover\" data-object-position=\"97% 56%\" srcset=\"https:\/\/hotelgastro.ch\/wp-content\/uploads\/2026\/07\/24973705-9b7b-4c6c-86d2-f7f24a0b5bd3.png 1536w, https:\/\/hotelgastro.ch\/wp-content\/uploads\/2026\/07\/24973705-9b7b-4c6c-86d2-f7f24a0b5bd3-300x200.png 300w, https:\/\/hotelgastro.ch\/wp-content\/uploads\/2026\/07\/24973705-9b7b-4c6c-86d2-f7f24a0b5bd3-1024x683.png 1024w, https:\/\/hotelgastro.ch\/wp-content\/uploads\/2026\/07\/24973705-9b7b-4c6c-86d2-f7f24a0b5bd3-768x512.png 768w\" sizes=\"auto, (max-width: 1536px) 100vw, 1536px\" \/><span aria-hidden=\"true\" class=\"wp-block-cover__background has-background-dim-10 has-background-dim\"><\/span><div class=\"wp-block-cover__inner-container is-layout-constrained wp-block-cover-is-layout-constrained\">\n<h1 class=\"wp-block-heading\" style=\"font-style:normal;font-weight:700\"><mark style=\"background-color:rgba(0, 0, 0, 0)\" class=\"has-inline-color has-background-color\">Une gastronomie qui convainc<\/mark><\/h1>\n<\/div><\/div>\n\n\n\n<div class=\"wp-block-group is-layout-constrained wp-block-group-is-layout-constrained\">\n<div class=\"wp-block-group is-layout-constrained wp-block-group-is-layout-constrained\">\n<div style=\"height:48px\" aria-hidden=\"true\" class=\"wp-block-spacer\"><\/div>\n\n\n\n<p class=\"wp-block-paragraph\"><strong>Une cuisine personnalis\u00e9e pour nos h\u00f4tes<\/strong><\/p>\n\n\n\n<p class=\"wp-block-paragraph\">Selon tes souhaits, nous cr\u00e9ons des propositions de menus personnalis\u00e9es pour ton \u00e9v\u00e9nement, adapt\u00e9es \u00e0 l\u2019occasion, au public cible et au budget. Sur demande, certaines offres sont \u00e9galement disponibles le week-end. <\/p>\n\n\n\n<p class=\"wp-block-paragraph\">Nous te conseillons volontiers personnellement et \u00e9tablissons une offre sans engagement.<\/p>\n<\/div>\n\n\n\n<div class=\"wp-block-buttons is-layout-flex wp-block-buttons-is-layout-flex\">\n<div class=\"wp-block-button\"><a class=\"wp-block-button__link wp-element-button\" href=\"https:\/\/hotelgastro.ch\/fr\/a-propos-de-nous\/formation-hotelgastro\/contact\/\" target=\"_blank\" rel=\"noreferrer noopener\">Contact<\/a><\/div>\n<\/div>\n<\/div>\n\n\n\n<div class=\"wp-block-group is-layout-constrained wp-block-group-is-layout-constrained\">\n<div style=\"height:48px\" aria-hidden=\"true\" class=\"wp-block-spacer\"><\/div>\n\n\n\n<p class=\"wp-block-paragraph\"><strong>Menu de la semaine<\/strong><\/p>\n\n\n\n<p class=\"wp-block-paragraph\">Au restaurant Federweiss, des plats fra\u00eechement pr\u00e9par\u00e9s chaque jour t\u2019attendent du lundi au vendredi, de saison, vari\u00e9s et r\u00e9pondant \u00e0 des exigences \u00e9lev\u00e9es en mati\u00e8re de qualit\u00e9. Des menus v\u00e9g\u00e9tariens sont bien entendu propos\u00e9s. Sur demande, nous pr\u00e9parons volontiers des variantes v\u00e9ganes ou des alternatives adapt\u00e9es en cas d\u2019allergies.  <\/p>\n\n\n\n<div class=\"wp-block-buttons is-layout-flex wp-block-buttons-is-layout-flex\">\n<div class=\"wp-block-button\"><a class=\"wp-block-button__link wp-element-button\" href=\"https:\/\/hotelgastro.ch\/menueplan\/\" target=\"_blank\" rel=\"noreferrer noopener\">Menu de la semaine<\/a><\/div>\n<\/div>\n<\/div>\n\n\n\n<div style=\"height:48px\" aria-hidden=\"true\" class=\"wp-block-spacer\"><\/div>\n\n\n\n<div class=\"wp-block-group is-layout-constrained wp-block-group-is-layout-constrained\">\n<p class=\"wp-block-paragraph\">Tu trouveras ici quelques impressions de notre cuisine gastronomique lors de diff\u00e9rents \u00e9v\u00e9nements.<\/p>\n\n\n\n<div style=\"height:24px\" aria-hidden=\"true\" class=\"wp-block-spacer\"><\/div>\n<\/div>\n\n\n\n<div class=\"wp-block-group is-layout-constrained wp-block-group-is-layout-constrained\">\n<div class=\"wp-block-columns is-layout-flex wp-container-core-columns-is-layout-7387b849 wp-block-columns-is-layout-flex\">\n<div class=\"wp-block-column is-layout-flow wp-block-column-is-layout-flow\">\n<figure class=\"wp-block-gallery has-nested-images columns-default is-cropped wp-block-gallery-1 is-layout-flex wp-block-gallery-is-layout-flex\">\n<figure class=\"wp-block-image size-large\"><img loading=\"lazy\" decoding=\"async\" width=\"1024\" height=\"735\" data-id=\"9794\" src=\"https:\/\/hotelgastro.ch\/wp-content\/uploads\/2026\/07\/ChatGPT-Image-10.-Juli-2026-09_53_06-3-1024x735.png\" alt=\"\" class=\"wp-image-9794\" srcset=\"https:\/\/hotelgastro.ch\/wp-content\/uploads\/2026\/07\/ChatGPT-Image-10.-Juli-2026-09_53_06-3-1024x735.png 1024w, https:\/\/hotelgastro.ch\/wp-content\/uploads\/2026\/07\/ChatGPT-Image-10.-Juli-2026-09_53_06-3-300x215.png 300w, https:\/\/hotelgastro.ch\/wp-content\/uploads\/2026\/07\/ChatGPT-Image-10.-Juli-2026-09_53_06-3-768x551.png 768w, https:\/\/hotelgastro.ch\/wp-content\/uploads\/2026\/07\/ChatGPT-Image-10.-Juli-2026-09_53_06-3.png 1426w\" sizes=\"auto, (max-width: 1024px) 100vw, 1024px\" \/><\/figure>\n<\/figure>\n<\/div>\n\n\n\n<div class=\"wp-block-column is-layout-flow wp-block-column-is-layout-flow\">\n<figure class=\"wp-block-image size-large\"><img loading=\"lazy\" decoding=\"async\" width=\"1024\" height=\"738\" src=\"https:\/\/hotelgastro.ch\/wp-content\/uploads\/2026\/07\/ChatGPT-Image-10.-Juli-2026-09_48_32-1-1024x738.png\" alt=\"\" class=\"wp-image-9795\" srcset=\"https:\/\/hotelgastro.ch\/wp-content\/uploads\/2026\/07\/ChatGPT-Image-10.-Juli-2026-09_48_32-1-1024x738.png 1024w, https:\/\/hotelgastro.ch\/wp-content\/uploads\/2026\/07\/ChatGPT-Image-10.-Juli-2026-09_48_32-1-300x216.png 300w, https:\/\/hotelgastro.ch\/wp-content\/uploads\/2026\/07\/ChatGPT-Image-10.-Juli-2026-09_48_32-1-768x553.png 768w, https:\/\/hotelgastro.ch\/wp-content\/uploads\/2026\/07\/ChatGPT-Image-10.-Juli-2026-09_48_32-1.png 1445w\" sizes=\"auto, (max-width: 1024px) 100vw, 1024px\" \/><\/figure>\n<\/div>\n\n\n\n<div class=\"wp-block-column is-layout-flow wp-block-column-is-layout-flow\">\n<figure class=\"wp-block-image size-large\"><img loading=\"lazy\" decoding=\"async\" width=\"1024\" height=\"733\" src=\"https:\/\/hotelgastro.ch\/wp-content\/uploads\/2026\/07\/ChatGPT-Image-10.-Juli-2026-09_45_30-1-1024x733.png\" alt=\"\" class=\"wp-image-9796\" srcset=\"https:\/\/hotelgastro.ch\/wp-content\/uploads\/2026\/07\/ChatGPT-Image-10.-Juli-2026-09_45_30-1-1024x733.png 1024w, https:\/\/hotelgastro.ch\/wp-content\/uploads\/2026\/07\/ChatGPT-Image-10.-Juli-2026-09_45_30-1-300x215.png 300w, https:\/\/hotelgastro.ch\/wp-content\/uploads\/2026\/07\/ChatGPT-Image-10.-Juli-2026-09_45_30-1-768x550.png 768w, https:\/\/hotelgastro.ch\/wp-content\/uploads\/2026\/07\/ChatGPT-Image-10.-Juli-2026-09_45_30-1.png 1445w\" sizes=\"auto, (max-width: 1024px) 100vw, 1024px\" \/><\/figure>\n<\/div>\n<\/div>\n\n\n\n<div class=\"wp-block-columns is-layout-flex wp-container-core-columns-is-layout-7387b849 wp-block-columns-is-layout-flex\">\n<div class=\"wp-block-column is-layout-flow wp-block-column-is-layout-flow\">\n<figure class=\"wp-block-image size-large\"><img loading=\"lazy\" decoding=\"async\" width=\"1024\" height=\"771\" src=\"https:\/\/hotelgastro.ch\/wp-content\/uploads\/2026\/07\/ChatGPT-Image-10.-Juli-2026-10_41_00-1024x771.png\" alt=\"\" class=\"wp-image-9644\" srcset=\"https:\/\/hotelgastro.ch\/wp-content\/uploads\/2026\/07\/ChatGPT-Image-10.-Juli-2026-10_41_00-1024x771.png 1024w, https:\/\/hotelgastro.ch\/wp-content\/uploads\/2026\/07\/ChatGPT-Image-10.-Juli-2026-10_41_00-300x226.png 300w, https:\/\/hotelgastro.ch\/wp-content\/uploads\/2026\/07\/ChatGPT-Image-10.-Juli-2026-10_41_00-768x578.png 768w, https:\/\/hotelgastro.ch\/wp-content\/uploads\/2026\/07\/ChatGPT-Image-10.-Juli-2026-10_41_00.png 1445w\" sizes=\"auto, (max-width: 1024px) 100vw, 1024px\" \/><\/figure>\n<\/div>\n\n\n\n<div class=\"wp-block-column is-layout-flow wp-block-column-is-layout-flow\">\n<div class=\"wp-block-group is-layout-constrained wp-block-group-is-layout-constrained\">\n<figure class=\"wp-block-image size-large\"><img loading=\"lazy\" decoding=\"async\" width=\"1024\" height=\"771\" src=\"https:\/\/hotelgastro.ch\/wp-content\/uploads\/2026\/07\/ChatGPT-Image-10.-Juli-2026-09_50_38-1024x771.png\" alt=\"\" class=\"wp-image-9615\" srcset=\"https:\/\/hotelgastro.ch\/wp-content\/uploads\/2026\/07\/ChatGPT-Image-10.-Juli-2026-09_50_38-1024x771.png 1024w, https:\/\/hotelgastro.ch\/wp-content\/uploads\/2026\/07\/ChatGPT-Image-10.-Juli-2026-09_50_38-300x226.png 300w, https:\/\/hotelgastro.ch\/wp-content\/uploads\/2026\/07\/ChatGPT-Image-10.-Juli-2026-09_50_38-768x578.png 768w, https:\/\/hotelgastro.ch\/wp-content\/uploads\/2026\/07\/ChatGPT-Image-10.-Juli-2026-09_50_38.png 1445w\" sizes=\"auto, (max-width: 1024px) 100vw, 1024px\" \/><\/figure>\n<\/div>\n<\/div>\n\n\n\n<div class=\"wp-block-column is-layout-flow wp-block-column-is-layout-flow\">\n<figure class=\"wp-block-gallery has-nested-images columns-default is-cropped wp-block-gallery-3 is-layout-flex wp-block-gallery-is-layout-flex\">\n<figure class=\"wp-block-image size-large wp-duotone-unset-2\"><img loading=\"lazy\" decoding=\"async\" width=\"1024\" height=\"769\" data-id=\"9627\" src=\"https:\/\/hotelgastro.ch\/wp-content\/uploads\/2026\/07\/e357e0ca-2409-42bc-b1b8-e165667e82ce-1024x769.png\" alt=\"\" class=\"wp-image-9627\" srcset=\"https:\/\/hotelgastro.ch\/wp-content\/uploads\/2026\/07\/e357e0ca-2409-42bc-b1b8-e165667e82ce-1024x769.png 1024w, https:\/\/hotelgastro.ch\/wp-content\/uploads\/2026\/07\/e357e0ca-2409-42bc-b1b8-e165667e82ce-300x225.png 300w, https:\/\/hotelgastro.ch\/wp-content\/uploads\/2026\/07\/e357e0ca-2409-42bc-b1b8-e165667e82ce-768x577.png 768w, https:\/\/hotelgastro.ch\/wp-content\/uploads\/2026\/07\/e357e0ca-2409-42bc-b1b8-e165667e82ce.png 1447w\" sizes=\"auto, (max-width: 1024px) 100vw, 1024px\" \/><\/figure>\n<\/figure>\n<\/div>\n<\/div>\n\n\n\n<div style=\"height:24px\" aria-hidden=\"true\" class=\"wp-block-spacer\"><\/div>\n\n\n\n<div class=\"wp-block-columns is-layout-flex wp-container-core-columns-is-layout-7387b849 wp-block-columns-is-layout-flex\">\n<div class=\"wp-block-column is-layout-flow wp-block-column-is-layout-flow\">\n<figure class=\"wp-block-image alignright size-full is-resized\"><a href=\"https:\/\/hotelgastro.ch\/fr\/a-propos-de-nous\/formation-hotelgastro\/impressions\/\" target=\"_blank\" rel=\" noreferrer noopener\"><img loading=\"lazy\" decoding=\"async\" width=\"394\" height=\"611\" src=\"https:\/\/hotelgastro.ch\/wp-content\/uploads\/2026\/08\/Unbenannt-18.-August-2026-um-13.24.05-2.png\" alt=\"\" class=\"wp-image-10872\" style=\"aspect-ratio:0.6572583906186817;width:66px;height:auto\" srcset=\"https:\/\/hotelgastro.ch\/wp-content\/uploads\/2026\/08\/Unbenannt-18.-August-2026-um-13.24.05-2.png 394w, https:\/\/hotelgastro.ch\/wp-content\/uploads\/2026\/08\/Unbenannt-18.-August-2026-um-13.24.05-2-193x300.png 193w\" sizes=\"auto, (max-width: 394px) 100vw, 394px\" \/><\/a><\/figure>\n<\/div>\n\n\n\n<div class=\"wp-block-column is-layout-flow wp-block-column-is-layout-flow\"><\/div>\n\n\n\n<div class=\"wp-block-column is-layout-flow wp-block-column-is-layout-flow\">\n<figure class=\"wp-block-image size-full is-resized\"><a href=\"https:\/\/hotelgastro.ch\/fr\/a-propos-de-nous\/formation-hotelgastro\/impressions\/\" target=\"_blank\" rel=\" noreferrer noopener\"><img loading=\"lazy\" decoding=\"async\" width=\"698\" height=\"831\" src=\"https:\/\/hotelgastro.ch\/wp-content\/uploads\/2026\/07\/Unbenannt-30.-Juli-2026-um-14.49.59-2.png\" alt=\"\" class=\"wp-image-10375\" style=\"aspect-ratio:0.8399753913459567;object-fit:cover;width:84px\" srcset=\"https:\/\/hotelgastro.ch\/wp-content\/uploads\/2026\/07\/Unbenannt-30.-Juli-2026-um-14.49.59-2.png 698w, https:\/\/hotelgastro.ch\/wp-content\/uploads\/2026\/07\/Unbenannt-30.-Juli-2026-um-14.49.59-2-252x300.png 252w\" sizes=\"auto, (max-width: 698px) 100vw, 698px\" \/><\/a><\/figure>\n<\/div>\n<\/div>\n\n\n\n<div style=\"height:48px\" aria-hidden=\"true\" class=\"wp-block-spacer\"><\/div>\n\n\n\n<p class=\"wp-block-paragraph\"><strong>Informations importantes :<\/strong><\/p>\n\n\n\n<ul class=\"wp-block-list\">\n<li>Pour les boissons alcoolis\u00e9es apport\u00e9es par vos soins au restaurant, un droit de bouchon de CHF 15 par bouteille sera factur\u00e9.<\/li>\n\n\n\n<li>L\u2019annulation est gratuite jusqu\u2019\u00e0 7 jours avant l\u2019arriv\u00e9e. Pass\u00e9 ce d\u00e9lai, 100 % des frais de restauration indiqu\u00e9s dans l\u2019offre seront factur\u00e9s.<\/li>\n\n\n\n<li>Tous les prix s&rsquo;entendent TVA comprise \/ NIF : CHE-105.839.298 TVA (num\u00e9ro de r\u00e9f\u00e9rence : 261468) Paiement en esp\u00e8ces, Twint, carte EC, Postcard, Visa et Mastercard (pour les \u00e9v\u00e9nements, nous envoyons volontiers une facture globale).<\/li>\n<\/ul>\n<\/div>\n\n\n\n<p class=\"wp-block-paragraph\"><\/p>\n","protected":false},"excerpt":{"rendered":"<p>Une cuisine personnalis\u00e9e pour nos h\u00f4tes Selon tes souhaits, nous cr\u00e9ons des propositions de menus personnalis\u00e9es pour ton \u00e9v\u00e9nement, adapt\u00e9es \u00e0 l\u2019occasion, au public cible et au budget. Sur demande, certaines offres sont \u00e9galement disponibles le week-end. Nous te conseillons volontiers personnellement et \u00e9tablissons une offre sans engagement. Menu de la semaine Au restaurant Federweiss, [&hellip;]<\/p>\n","protected":false},"author":3,"featured_media":0,"parent":4031,"menu_order":38,"comment_status":"closed","ping_status":"closed","template":"hotel-gastro-formation","meta":{"_acf_changed":false,"footnotes":""},"class_list":["post-5525","page","type-page","status-publish","hentry"],"acf":[],"yoast_head":"<!-- This site is optimized with the Yoast SEO plugin v28.3 - https:\/\/yoast.com\/product\/yoast-seo-wordpress\/ -->\n<title>Une gastronomie qui convainc - Hotel &amp; Gastro formation<\/title>\n<meta name=\"robots\" content=\"index, follow, max-snippet:-1, max-image-preview:large, max-video-preview:-1\" \/>\n<link rel=\"canonical\" href=\"https:\/\/hotelgastro.ch\/fr\/a-propos-de-nous\/formation-hotelgastro\/centre-de-formation-de-weggis\/culinaire\/\" \/>\n<meta property=\"og:locale\" content=\"fr_FR\" \/>\n<meta property=\"og:type\" content=\"article\" \/>\n<meta property=\"og:title\" content=\"Une gastronomie qui convainc - Hotel &amp; Gastro formation\" \/>\n<meta property=\"og:description\" content=\"Une cuisine personnalis\u00e9e pour nos h\u00f4tes Selon tes souhaits, nous cr\u00e9ons des propositions de menus personnalis\u00e9es pour ton \u00e9v\u00e9nement, adapt\u00e9es \u00e0 l\u2019occasion, au public cible et au budget. Sur demande, certaines offres sont \u00e9galement disponibles le week-end. Nous te conseillons volontiers personnellement et \u00e9tablissons une offre sans engagement. Menu de la semaine Au restaurant Federweiss, [&hellip;]\" \/>\n<meta property=\"og:url\" content=\"https:\/\/hotelgastro.ch\/fr\/a-propos-de-nous\/formation-hotelgastro\/centre-de-formation-de-weggis\/culinaire\/\" \/>\n<meta property=\"og:site_name\" content=\"Hotel &amp; Gastro formation\" \/>\n<meta property=\"article:publisher\" content=\"https:\/\/www.facebook.com\/hgfschweiz\" \/>\n<meta property=\"article:modified_time\" content=\"2026-08-19T06:20:37+00:00\" \/>\n<meta property=\"og:image\" content=\"https:\/\/hotelgastro.ch\/wp-content\/uploads\/2026\/07\/24973705-9b7b-4c6c-86d2-f7f24a0b5bd3.png\" \/>\n\t<meta property=\"og:image:width\" content=\"1536\" \/>\n\t<meta property=\"og:image:height\" content=\"1024\" \/>\n\t<meta property=\"og:image:type\" content=\"image\/png\" \/>\n<meta name=\"twitter:card\" content=\"summary_large_image\" \/>\n<script type=\"application\/ld+json\" class=\"yoast-schema-graph\">{\"@context\":\"https:\\\/\\\/schema.org\",\"@graph\":[{\"@type\":\"WebPage\",\"@id\":\"https:\\\/\\\/hotelgastro.ch\\\/fr\\\/a-propos-de-nous\\\/formation-hotelgastro\\\/centre-de-formation-de-weggis\\\/culinaire\\\/\",\"url\":\"https:\\\/\\\/hotelgastro.ch\\\/fr\\\/a-propos-de-nous\\\/formation-hotelgastro\\\/centre-de-formation-de-weggis\\\/culinaire\\\/\",\"name\":\"Une gastronomie qui convainc - Hotel &amp; Gastro formation\",\"isPartOf\":{\"@id\":\"https:\\\/\\\/hotelgastro.ch\\\/fr\\\/#website\"},\"primaryImageOfPage\":{\"@id\":\"https:\\\/\\\/hotelgastro.ch\\\/fr\\\/a-propos-de-nous\\\/formation-hotelgastro\\\/centre-de-formation-de-weggis\\\/culinaire\\\/#primaryimage\"},\"image\":{\"@id\":\"https:\\\/\\\/hotelgastro.ch\\\/fr\\\/a-propos-de-nous\\\/formation-hotelgastro\\\/centre-de-formation-de-weggis\\\/culinaire\\\/#primaryimage\"},\"thumbnailUrl\":\"https:\\\/\\\/hotelgastro.ch\\\/wp-content\\\/uploads\\\/2026\\\/07\\\/24973705-9b7b-4c6c-86d2-f7f24a0b5bd3.png\",\"datePublished\":\"2026-02-26T10:57:49+00:00\",\"dateModified\":\"2026-08-19T06:20:37+00:00\",\"breadcrumb\":{\"@id\":\"https:\\\/\\\/hotelgastro.ch\\\/fr\\\/a-propos-de-nous\\\/formation-hotelgastro\\\/centre-de-formation-de-weggis\\\/culinaire\\\/#breadcrumb\"},\"inLanguage\":\"fr-FR\",\"potentialAction\":[{\"@type\":\"ReadAction\",\"target\":[\"https:\\\/\\\/hotelgastro.ch\\\/fr\\\/a-propos-de-nous\\\/formation-hotelgastro\\\/centre-de-formation-de-weggis\\\/culinaire\\\/\"]}]},{\"@type\":\"ImageObject\",\"inLanguage\":\"fr-FR\",\"@id\":\"https:\\\/\\\/hotelgastro.ch\\\/fr\\\/a-propos-de-nous\\\/formation-hotelgastro\\\/centre-de-formation-de-weggis\\\/culinaire\\\/#primaryimage\",\"url\":\"https:\\\/\\\/hotelgastro.ch\\\/wp-content\\\/uploads\\\/2026\\\/07\\\/24973705-9b7b-4c6c-86d2-f7f24a0b5bd3.png\",\"contentUrl\":\"https:\\\/\\\/hotelgastro.ch\\\/wp-content\\\/uploads\\\/2026\\\/07\\\/24973705-9b7b-4c6c-86d2-f7f24a0b5bd3.png\"},{\"@type\":\"BreadcrumbList\",\"@id\":\"https:\\\/\\\/hotelgastro.ch\\\/fr\\\/a-propos-de-nous\\\/formation-hotelgastro\\\/centre-de-formation-de-weggis\\\/culinaire\\\/#breadcrumb\",\"itemListElement\":[{\"@type\":\"ListItem\",\"position\":1,\"name\":\"Home\",\"item\":\"https:\\\/\\\/hotelgastro.ch\\\/fr\\\/\"},{\"@type\":\"ListItem\",\"position\":2,\"name\":\"\u00c0 propos de nous\",\"item\":\"https:\\\/\\\/hotelgastro.ch\\\/fr\\\/ueber-uns\\\/\"},{\"@type\":\"ListItem\",\"position\":3,\"name\":\"Formation h\u00f4tel&amp;gastro\",\"item\":\"https:\\\/\\\/hotelgastro.ch\\\/fr\\\/ueber-uns\\\/hotelgastro-formation\\\/\"},{\"@type\":\"ListItem\",\"position\":4,\"name\":\"Centre de formation de Weggis\",\"item\":\"https:\\\/\\\/hotelgastro.ch\\\/fr\\\/a-propos-de-nous\\\/formation-hotelgastro\\\/centre-de-formation-de-weggis\\\/\"},{\"@type\":\"ListItem\",\"position\":5,\"name\":\"Une gastronomie qui convainc\"}]},{\"@type\":\"WebSite\",\"@id\":\"https:\\\/\\\/hotelgastro.ch\\\/fr\\\/#website\",\"url\":\"https:\\\/\\\/hotelgastro.ch\\\/fr\\\/\",\"name\":\"Karriere Hotel Gastro\",\"description\":\"\",\"publisher\":{\"@id\":\"https:\\\/\\\/hotelgastro.ch\\\/fr\\\/#organization\"},\"potentialAction\":[{\"@type\":\"SearchAction\",\"target\":{\"@type\":\"EntryPoint\",\"urlTemplate\":\"https:\\\/\\\/hotelgastro.ch\\\/fr\\\/?s={search_term_string}\"},\"query-input\":{\"@type\":\"PropertyValueSpecification\",\"valueRequired\":true,\"valueName\":\"search_term_string\"}}],\"inLanguage\":\"fr-FR\"},{\"@type\":\"Organization\",\"@id\":\"https:\\\/\\\/hotelgastro.ch\\\/fr\\\/#organization\",\"name\":\"Karriere Hotel Gastro\",\"url\":\"https:\\\/\\\/hotelgastro.ch\\\/fr\\\/\",\"logo\":{\"@type\":\"ImageObject\",\"inLanguage\":\"fr-FR\",\"@id\":\"https:\\\/\\\/hotelgastro.ch\\\/fr\\\/#\\\/schema\\\/logo\\\/image\\\/\",\"url\":\"https:\\\/\\\/hotelgastro.ch\\\/wp-content\\\/uploads\\\/2026\\\/02\\\/HGf_3Verbandslogo_feb2026_FR.svg\",\"contentUrl\":\"https:\\\/\\\/hotelgastro.ch\\\/wp-content\\\/uploads\\\/2026\\\/02\\\/HGf_3Verbandslogo_feb2026_FR.svg\",\"width\":377,\"height\":61,\"caption\":\"Karriere Hotel Gastro\"},\"image\":{\"@id\":\"https:\\\/\\\/hotelgastro.ch\\\/fr\\\/#\\\/schema\\\/logo\\\/image\\\/\"},\"sameAs\":[\"https:\\\/\\\/www.facebook.com\\\/hgfschweiz\",\"https:\\\/\\\/www.linkedin.com\\\/company\\\/hotelgastroformationschweiz\\\/posts\\\/?feedView=all\"]}]}<\/script>\n<!-- \/ Yoast SEO plugin. -->","yoast_head_json":{"title":"Une gastronomie qui convainc - Hotel &amp; Gastro formation","robots":{"index":"index","follow":"follow","max-snippet":"max-snippet:-1","max-image-preview":"max-image-preview:large","max-video-preview":"max-video-preview:-1"},"canonical":"https:\/\/hotelgastro.ch\/fr\/a-propos-de-nous\/formation-hotelgastro\/centre-de-formation-de-weggis\/culinaire\/","og_locale":"fr_FR","og_type":"article","og_title":"Une gastronomie qui convainc - Hotel &amp; Gastro formation","og_description":"Une cuisine personnalis\u00e9e pour nos h\u00f4tes Selon tes souhaits, nous cr\u00e9ons des propositions de menus personnalis\u00e9es pour ton \u00e9v\u00e9nement, adapt\u00e9es \u00e0 l\u2019occasion, au public cible et au budget. Sur demande, certaines offres sont \u00e9galement disponibles le week-end. Nous te conseillons volontiers personnellement et \u00e9tablissons une offre sans engagement. Menu de la semaine Au restaurant Federweiss, [&hellip;]","og_url":"https:\/\/hotelgastro.ch\/fr\/a-propos-de-nous\/formation-hotelgastro\/centre-de-formation-de-weggis\/culinaire\/","og_site_name":"Hotel &amp; Gastro formation","article_publisher":"https:\/\/www.facebook.com\/hgfschweiz","article_modified_time":"2026-08-19T06:20:37+00:00","og_image":[{"width":1536,"height":1024,"url":"https:\/\/hotelgastro.ch\/wp-content\/uploads\/2026\/07\/24973705-9b7b-4c6c-86d2-f7f24a0b5bd3.png","type":"image\/png"}],"twitter_card":"summary_large_image","schema":{"@context":"https:\/\/schema.org","@graph":[{"@type":"WebPage","@id":"https:\/\/hotelgastro.ch\/fr\/a-propos-de-nous\/formation-hotelgastro\/centre-de-formation-de-weggis\/culinaire\/","url":"https:\/\/hotelgastro.ch\/fr\/a-propos-de-nous\/formation-hotelgastro\/centre-de-formation-de-weggis\/culinaire\/","name":"Une gastronomie qui convainc - Hotel &amp; Gastro formation","isPartOf":{"@id":"https:\/\/hotelgastro.ch\/fr\/#website"},"primaryImageOfPage":{"@id":"https:\/\/hotelgastro.ch\/fr\/a-propos-de-nous\/formation-hotelgastro\/centre-de-formation-de-weggis\/culinaire\/#primaryimage"},"image":{"@id":"https:\/\/hotelgastro.ch\/fr\/a-propos-de-nous\/formation-hotelgastro\/centre-de-formation-de-weggis\/culinaire\/#primaryimage"},"thumbnailUrl":"https:\/\/hotelgastro.ch\/wp-content\/uploads\/2026\/07\/24973705-9b7b-4c6c-86d2-f7f24a0b5bd3.png","datePublished":"2026-02-26T10:57:49+00:00","dateModified":"2026-08-19T06:20:37+00:00","breadcrumb":{"@id":"https:\/\/hotelgastro.ch\/fr\/a-propos-de-nous\/formation-hotelgastro\/centre-de-formation-de-weggis\/culinaire\/#breadcrumb"},"inLanguage":"fr-FR","potentialAction":[{"@type":"ReadAction","target":["https:\/\/hotelgastro.ch\/fr\/a-propos-de-nous\/formation-hotelgastro\/centre-de-formation-de-weggis\/culinaire\/"]}]},{"@type":"ImageObject","inLanguage":"fr-FR","@id":"https:\/\/hotelgastro.ch\/fr\/a-propos-de-nous\/formation-hotelgastro\/centre-de-formation-de-weggis\/culinaire\/#primaryimage","url":"https:\/\/hotelgastro.ch\/wp-content\/uploads\/2026\/07\/24973705-9b7b-4c6c-86d2-f7f24a0b5bd3.png","contentUrl":"https:\/\/hotelgastro.ch\/wp-content\/uploads\/2026\/07\/24973705-9b7b-4c6c-86d2-f7f24a0b5bd3.png"},{"@type":"BreadcrumbList","@id":"https:\/\/hotelgastro.ch\/fr\/a-propos-de-nous\/formation-hotelgastro\/centre-de-formation-de-weggis\/culinaire\/#breadcrumb","itemListElement":[{"@type":"ListItem","position":1,"name":"Home","item":"https:\/\/hotelgastro.ch\/fr\/"},{"@type":"ListItem","position":2,"name":"\u00c0 propos de nous","item":"https:\/\/hotelgastro.ch\/fr\/ueber-uns\/"},{"@type":"ListItem","position":3,"name":"Formation h\u00f4tel&amp;gastro","item":"https:\/\/hotelgastro.ch\/fr\/ueber-uns\/hotelgastro-formation\/"},{"@type":"ListItem","position":4,"name":"Centre de formation de Weggis","item":"https:\/\/hotelgastro.ch\/fr\/a-propos-de-nous\/formation-hotelgastro\/centre-de-formation-de-weggis\/"},{"@type":"ListItem","position":5,"name":"Une gastronomie qui convainc"}]},{"@type":"WebSite","@id":"https:\/\/hotelgastro.ch\/fr\/#website","url":"https:\/\/hotelgastro.ch\/fr\/","name":"Karriere Hotel Gastro","description":"","publisher":{"@id":"https:\/\/hotelgastro.ch\/fr\/#organization"},"potentialAction":[{"@type":"SearchAction","target":{"@type":"EntryPoint","urlTemplate":"https:\/\/hotelgastro.ch\/fr\/?s={search_term_string}"},"query-input":{"@type":"PropertyValueSpecification","valueRequired":true,"valueName":"search_term_string"}}],"inLanguage":"fr-FR"},{"@type":"Organization","@id":"https:\/\/hotelgastro.ch\/fr\/#organization","name":"Karriere Hotel Gastro","url":"https:\/\/hotelgastro.ch\/fr\/","logo":{"@type":"ImageObject","inLanguage":"fr-FR","@id":"https:\/\/hotelgastro.ch\/fr\/#\/schema\/logo\/image\/","url":"https:\/\/hotelgastro.ch\/wp-content\/uploads\/2026\/02\/HGf_3Verbandslogo_feb2026_FR.svg","contentUrl":"https:\/\/hotelgastro.ch\/wp-content\/uploads\/2026\/02\/HGf_3Verbandslogo_feb2026_FR.svg","width":377,"height":61,"caption":"Karriere Hotel Gastro"},"image":{"@id":"https:\/\/hotelgastro.ch\/fr\/#\/schema\/logo\/image\/"},"sameAs":["https:\/\/www.facebook.com\/hgfschweiz","https:\/\/www.linkedin.com\/company\/hotelgastroformationschweiz\/posts\/?feedView=all"]}]}},"_links":{"self":[{"href":"https:\/\/hotelgastro.ch\/fr\/wp-json\/wp\/v2\/pages\/5525","targetHints":{"allow":["GET"]}}],"collection":[{"href":"https:\/\/hotelgastro.ch\/fr\/wp-json\/wp\/v2\/pages"}],"about":[{"href":"https:\/\/hotelgastro.ch\/fr\/wp-json\/wp\/v2\/types\/page"}],"author":[{"embeddable":true,"href":"https:\/\/hotelgastro.ch\/fr\/wp-json\/wp\/v2\/users\/3"}],"replies":[{"embeddable":true,"href":"https:\/\/hotelgastro.ch\/fr\/wp-json\/wp\/v2\/comments?post=5525"}],"version-history":[{"count":16,"href":"https:\/\/hotelgastro.ch\/fr\/wp-json\/wp\/v2\/pages\/5525\/revisions"}],"predecessor-version":[{"id":11000,"href":"https:\/\/hotelgastro.ch\/fr\/wp-json\/wp\/v2\/pages\/5525\/revisions\/11000"}],"up":[{"embeddable":true,"href":"https:\/\/hotelgastro.ch\/fr\/wp-json\/wp\/v2\/pages\/4031"}],"wp:attachment":[{"href":"https:\/\/hotelgastro.ch\/fr\/wp-json\/wp\/v2\/media?parent=5525"}],"curies":[{"name":"wp","href":"https:\/\/api.w.org\/{rel}","templated":true}]}}