{"id":5529,"date":"2026-02-26T11:55:19","date_gmt":"2026-02-26T10:55:19","guid":{"rendered":"https:\/\/hotelgastro.ch\/a-propos-de-nous\/formation-hotelgastro\/centre-de-formation-de-weggis\/wohnen-im-bildungszentrum\/"},"modified":"2026-08-19T08:19:52","modified_gmt":"2026-08-19T06:19:52","slug":"passer-la-nuit","status":"publish","type":"page","link":"https:\/\/hotelgastro.ch\/fr\/a-propos-de-nous\/formation-hotelgastro\/centre-de-formation-de-weggis\/passer-la-nuit\/","title":{"rendered":"S\u00e9journer dans une atmosph\u00e8re paisible"},"content":{"rendered":"\n<div class=\"wp-block-cover is-light\"><img loading=\"lazy\" decoding=\"async\" width=\"1024\" height=\"682\" class=\"wp-block-cover__image-background wp-image-10222 size-large\" alt=\"\" src=\"https:\/\/hotelgastro.ch\/wp-content\/uploads\/2026\/07\/ChatGPT-Image-28.-Juli-2026-14_08_25-1024x682.png\" data-object-fit=\"cover\" srcset=\"https:\/\/hotelgastro.ch\/wp-content\/uploads\/2026\/07\/ChatGPT-Image-28.-Juli-2026-14_08_25-1024x682.png 1024w, https:\/\/hotelgastro.ch\/wp-content\/uploads\/2026\/07\/ChatGPT-Image-28.-Juli-2026-14_08_25-300x200.png 300w, https:\/\/hotelgastro.ch\/wp-content\/uploads\/2026\/07\/ChatGPT-Image-28.-Juli-2026-14_08_25-768x511.png 768w, https:\/\/hotelgastro.ch\/wp-content\/uploads\/2026\/07\/ChatGPT-Image-28.-Juli-2026-14_08_25.png 1537w\" sizes=\"auto, (max-width: 1024px) 100vw, 1024px\" \/><span aria-hidden=\"true\" class=\"wp-block-cover__background has-background-dim-10 has-background-dim\"><\/span><div class=\"wp-block-cover__inner-container is-layout-constrained wp-block-cover-is-layout-constrained\">\n<h1 class=\"wp-block-heading\" style=\"font-style:normal;font-weight:700\"><mark style=\"background-color:rgba(0, 0, 0, 0)\" class=\"has-inline-color has-background-color\">Nuit\u00e9es relaxantes dans une atmosph\u00e8re calme<\/mark><\/h1>\n<\/div><\/div>\n\n\n\n<div class=\"wp-block-group is-layout-constrained wp-block-group-is-layout-constrained\">\n<div class=\"wp-block-group is-layout-constrained wp-block-group-is-layout-constrained\">\n<div style=\"height:48px\" aria-hidden=\"true\" class=\"wp-block-spacer\"><\/div>\n\n\n\n<p class=\"wp-block-paragraph\">Nos quelque 40 chambres individuelles, doubles et triples sont am\u00e9nag\u00e9es de mani\u00e8re fonctionnelle et confortable et offrent un lieu id\u00e9al pour se retirer et profiter d\u2019un s\u00e9jour reposant. Bon nombre de nos chambres sont situ\u00e9es l\u00e9g\u00e8rement en hauteur et offrent une vue impressionnante sur le lac des Quatre-Cantons et les montagnes environnantes. Le petit-d\u00e9jeuner est bien entendu inclus. Des snacks sont \u00e0 la disposition de nos h\u00f4tes \u00e0 tout moment.  <\/p>\n<\/div>\n\n\n\n<div class=\"wp-block-buttons is-layout-flex wp-block-buttons-is-layout-flex\">\n<div class=\"wp-block-button\"><a class=\"wp-block-button__link wp-element-button\" href=\"https:\/\/hotelgastro.ch\/fr\/reservation-de-chambre\/\" target=\"_blank\" rel=\"noreferrer noopener\">R\u00e9servation de chambre<\/a><\/div>\n\n\n\n<div class=\"wp-block-button\"><a class=\"wp-block-button__link wp-element-button\" href=\"https:\/\/hotelgastro.ch\/fr\/a-propos-de-nous\/formation-hotelgastro\/contact\/\" target=\"_blank\" rel=\"noreferrer noopener\">Contact<\/a><\/div>\n<\/div>\n\n\n\n<div style=\"height:12px\" aria-hidden=\"true\" class=\"wp-block-spacer\"><\/div>\n\n\n<div style=\"background-color: hellgrau\" class=\"hgf-accordion-item alignfull wp-block-hgf-accordion-item has-background has-hellgrau-background-color\" data-open-default=\"false\">\n\t<button\n\t\tclass=\"hgf-accordion-item__header\"\n\t\taria-expanded=\"false\"\n\t\taria-controls=\"accordion-content-1\"\n\t>\n\t\t\t\t\t<h3 class=\"hgf-accordion-item__title\">\n\t\t\t\tTarifs standard pour l\u2019h\u00e9bergement &amp; la restauration\t\t\t<\/h3>\n\t\t\t\t<figure class=\"hgf-accordion-item__toggle-icon\"><\/figure>\n\t\t\t<\/button>\n\t<div\n\t\tid=\"accordion-content-1\"\n\t\tclass=\"hgf-accordion-item__content\"\n\t\taria-hidden=\"true\"\n\t>\n\t\t<div class=\"hgf-accordion-item__content-inner\">\n\t\t\t<div class=\"hgf-accordion-item__content-container\">\n\t\t\t\t\n\n<figure class=\"wp-block-table is-style-regular\"><table class=\"has-foreground-color has-hellgrau-background-color has-text-color has-background has-link-color has-border-color has-hellgrau-border-color has-fixed-layout\"><tbody><tr><td><strong><mark style=\"background-color:rgba(0, 0, 0, 0)\" class=\"has-inline-color has-primary-color\">Chambre simple par chambre\/nuit, petit-d\u00e9jeuner buffet compris  <\/mark><\/strong><mark style=\"background-color:rgba(0, 0, 0, 0)\" class=\"has-inline-color has-foreground-color\"> <\/mark><\/td><td class=\"has-text-align-right\" data-align=\"right\"><strong><mark style=\"background-color:rgba(0, 0, 0, 0)\" class=\"has-inline-color has-primary-color\">CHF 110<\/mark><\/strong><\/td><\/tr><tr><td><strong><mark style=\"background-color:rgba(0, 0, 0, 0)\" class=\"has-inline-color has-primary-color\">Chambre double par personne\/nuit, petit-d\u00e9jeuner buffet compris <\/mark><\/strong><\/td><td class=\"has-text-align-right\" data-align=\"right\"><strong><mark style=\"background-color:rgba(0, 0, 0, 0)\" class=\"has-inline-color has-primary-color\">CHF 70<\/mark><\/strong><\/td><\/tr><tr><td><\/td><td class=\"has-text-align-right\" data-align=\"right\"><\/td><\/tr><tr><td><strong>Buffet d\u00e9jeuner \u00e0 3 plats<\/strong><br>Caf\u00e9\/th\u00e9 et eau Grander inclus<br>Par personne  <\/td><td class=\"has-text-align-right\" data-align=\"right\">  <strong><mark style=\"background-color:rgba(0, 0, 0, 0)\" class=\"has-inline-color has-primary-color\">CHF 33<\/mark><\/strong><\/td><\/tr><tr><td><strong>Buffet d\u00eener \u00e0 3 plats<\/strong><br>Caf\u00e9\/th\u00e9 et eau Grander inclus<br>Par personne  <\/td><td class=\"has-text-align-right\" data-align=\"right\">  <strong><mark style=\"background-color:rgba(0, 0, 0, 0)\" class=\"has-inline-color has-primary-color\">CHF 28<\/mark><\/strong><\/td><\/tr><\/tbody><\/table><\/figure>\n\n\t\t\t<\/div>\n\t\t<\/div>\n\t<\/div>\n<\/div>\n\n\n<div style=\"background-color: hellgrau\" class=\"hgf-accordion-item alignfull wp-block-hgf-accordion-item has-background has-hellgrau-background-color\" data-open-default=\"false\">\n\t<button\n\t\tclass=\"hgf-accordion-item__header\"\n\t\taria-expanded=\"false\"\n\t\taria-controls=\"accordion-content-2\"\n\t>\n\t\t\t\t\t<h3 class=\"hgf-accordion-item__title\">\n\t\t\t\tTarifs sp\u00e9ciaux pour les candidates et candidats aux examens ainsi que pour les participantes et participants aux cours et formations \t\t\t<\/h3>\n\t\t\t\t<figure class=\"hgf-accordion-item__toggle-icon\"><\/figure>\n\t\t\t<\/button>\n\t<div\n\t\tid=\"accordion-content-2\"\n\t\tclass=\"hgf-accordion-item__content\"\n\t\taria-hidden=\"true\"\n\t>\n\t\t<div class=\"hgf-accordion-item__content-inner\">\n\t\t\t<div class=\"hgf-accordion-item__content-container\">\n\t\t\t\t\n\n<p class=\"wp-block-paragraph\">Les tarifs sp\u00e9ciaux s\u2019appliquent aux candidates et candidats ainsi qu\u2019aux participantes et participants aux offres de formation de Hotel &amp; Gastro formation Suisse.<\/p>\n\n\n\n<div style=\"height:24px\" aria-hidden=\"true\" class=\"wp-block-spacer\"><\/div>\n\n\n\n<figure class=\"wp-block-table is-style-regular\"><table class=\"has-foreground-color has-hellgrau-background-color has-text-color has-background has-link-color has-border-color has-hellgrau-border-color has-fixed-layout\"><tbody><tr><td><br><strong><mark style=\"background-color:rgba(0, 0, 0, 0)\" class=\"has-inline-color has-primary-color\">Chambre simple par chambre\/nuit, petit-d\u00e9jeuner buffet compris  <\/mark><\/strong><mark style=\"background-color:rgba(0, 0, 0, 0)\" class=\"has-inline-color has-foreground-color\">    <\/mark><\/td><td class=\"has-text-align-right\" data-align=\"right\"><br><strong><mark style=\"background-color:rgba(0, 0, 0, 0)\" class=\"has-inline-color has-primary-color\">CHF 110<\/mark><\/strong><\/td><\/tr><tr><td><strong><mark style=\"background-color:rgba(0, 0, 0, 0)\" class=\"has-inline-color has-primary-color\">Chambre double par personne\/nuit, petit-d\u00e9jeuner buffet compris <\/mark><\/strong><\/td><td class=\"has-text-align-right\" data-align=\"right\"><strong><mark style=\"background-color:rgba(0, 0, 0, 0)\" class=\"has-inline-color has-primary-color\">CHF 70<\/mark><\/strong><\/td><\/tr><tr><td><\/td><td class=\"has-text-align-right\" data-align=\"right\"><\/td><\/tr><tr><td><strong>Forfait 5 jours en chambre double<\/strong><br>4 nuit\u00e9es, petit-d\u00e9jeuner, d\u00eener, eau Grander,<br>caf\u00e9\/th\u00e9<\/td><td class=\"has-text-align-right\" data-align=\"right\"><mark style=\"background-color:rgba(0, 0, 0, 0)\" class=\"has-inline-color has-primary-color\"><strong>CH<\/strong><\/mark><strong><mark style=\"background-color:rgba(0, 0, 0, 0)\" class=\"has-inline-color has-primary-color\">F 320<\/mark><\/strong><\/td><\/tr><tr><td><strong>Forfait 5 jours en chambre individuelle<\/strong><br>4 nuit\u00e9es, petit-d\u00e9jeuner, d\u00eener, eau Grander,<br>caf\u00e9\/th\u00e9<\/td><td class=\"has-text-align-right\" data-align=\"right\"><strong><mark style=\"background-color:rgba(0, 0, 0, 0)\" class=\"has-inline-color has-primary-color\">CHF 480<\/mark><\/strong><\/td><\/tr><tr><td><strong>Forfait 4 jours en chambre double<\/strong><br>3 nuit\u00e9es, petit-d\u00e9jeuner, d\u00eener, eau Grander,<br>caf\u00e9\/th\u00e9<\/td><td class=\"has-text-align-right\" data-align=\"right\"><strong><mark style=\"background-color:rgba(0, 0, 0, 0)\" class=\"has-inline-color has-primary-color\">CHF 240<\/mark><\/strong><\/td><\/tr><tr><td><strong>Forfait de 4 jours en chambre individuelle<\/strong><br>3 nuit\u00e9es, petit-d\u00e9jeuner, d\u00eener, eau Grander, caf\u00e9\/th\u00e9<\/td><td class=\"has-text-align-right\" data-align=\"right\"><strong><mark style=\"background-color:rgba(0, 0, 0, 0)\" class=\"has-inline-color has-primary-color\">CHF 360<\/mark><\/strong><\/td><\/tr><tr><td><strong>Forfait journalier (obligatoire) pour la restauration des participantes et participants aux cours et formations<\/strong><br>D\u00e9jeuner, collation pendant la pause, fruits, eau Grander, caf\u00e9\/th\u00e9<\/td><td class=\"has-text-align-right\" data-align=\"right\">  <strong><mark style=\"background-color:rgba(0, 0, 0, 0)\" class=\"has-inline-color has-primary-color\">CHF 28<\/mark><\/strong><\/td><\/tr><tr><td><strong>Buffet d\u00e9jeuner \u00e0 3 plats<\/strong><br>Caf\u00e9\/th\u00e9 et eau Grander inclus <\/td><td class=\"has-text-align-right\" data-align=\"right\">  <strong><mark style=\"background-color:rgba(0, 0, 0, 0)\" class=\"has-inline-color has-primary-color\">CHF 24<\/mark><\/strong><\/td><\/tr><tr><td><strong>Buffet d\u00eener \u00e0 3 plats<\/strong><br>Caf\u00e9\/th\u00e9 et eau Grander inclus <\/td><td class=\"has-text-align-right\" data-align=\"right\">  <strong><mark style=\"background-color:rgba(0, 0, 0, 0)\" class=\"has-inline-color has-primary-color\">CHF 24<\/mark><\/strong><\/td><\/tr><\/tbody><\/table><\/figure>\n\n\n\n<div style=\"height:24px\" aria-hidden=\"true\" class=\"wp-block-spacer\"><\/div>\n\n\n\n<p class=\"wp-block-paragraph\">Au 2e sous-sol, des distributeurs de boissons fra\u00eeches et de snacks sont \u00e9galement \u00e0 disposition pour les petites faims, la nuit ou entre deux activit\u00e9s.<\/p>\n\n\t\t\t<\/div>\n\t\t<\/div>\n\t<\/div>\n<\/div>\n\n\n\n<div style=\"height:12px\" aria-hidden=\"true\" class=\"wp-block-spacer\"><\/div>\n\n\n\n<div class=\"wp-block-columns is-layout-flex wp-container-core-columns-is-layout-7387b849 wp-block-columns-is-layout-flex\">\n<div class=\"wp-block-column is-layout-flow wp-block-column-is-layout-flow\">\n<figure class=\"wp-block-image alignright size-full is-resized\"><a href=\"https:\/\/hotelgastro.ch\/fr\/a-propos-de-nous\/formation-hotelgastro\/centre-de-formation-de-weggis\/acces\/\" target=\"_blank\" rel=\" noreferrer noopener\"><img loading=\"lazy\" decoding=\"async\" width=\"394\" height=\"611\" src=\"https:\/\/hotelgastro.ch\/wp-content\/uploads\/2026\/08\/Unbenannt-18.-August-2026-um-13.24.05-2.png\" alt=\"\" class=\"wp-image-10872\" style=\"aspect-ratio:0.6572583906186817;width:66px;height:auto\" srcset=\"https:\/\/hotelgastro.ch\/wp-content\/uploads\/2026\/08\/Unbenannt-18.-August-2026-um-13.24.05-2.png 394w, https:\/\/hotelgastro.ch\/wp-content\/uploads\/2026\/08\/Unbenannt-18.-August-2026-um-13.24.05-2-193x300.png 193w\" sizes=\"auto, (max-width: 394px) 100vw, 394px\" \/><\/a><\/figure>\n<\/div>\n\n\n\n<div class=\"wp-block-column is-layout-flow wp-block-column-is-layout-flow\"><\/div>\n\n\n\n<div class=\"wp-block-column is-layout-flow wp-block-column-is-layout-flow\">\n<figure class=\"wp-block-image size-full is-resized\"><a href=\"https:\/\/hotelgastro.ch\/fr\/a-propos-de-nous\/formation-hotelgastro\/impressions\/\" target=\"_blank\" rel=\" noreferrer noopener\"><img loading=\"lazy\" decoding=\"async\" width=\"698\" height=\"831\" src=\"https:\/\/hotelgastro.ch\/wp-content\/uploads\/2026\/07\/Unbenannt-30.-Juli-2026-um-14.49.59-2.png\" alt=\"\" class=\"wp-image-10375\" style=\"aspect-ratio:0.8399753913459567;object-fit:cover;width:84px\" srcset=\"https:\/\/hotelgastro.ch\/wp-content\/uploads\/2026\/07\/Unbenannt-30.-Juli-2026-um-14.49.59-2.png 698w, https:\/\/hotelgastro.ch\/wp-content\/uploads\/2026\/07\/Unbenannt-30.-Juli-2026-um-14.49.59-2-252x300.png 252w\" sizes=\"auto, (max-width: 698px) 100vw, 698px\" \/><\/a><\/figure>\n<\/div>\n<\/div>\n\n\n\n<div style=\"height:48px\" aria-hidden=\"true\" class=\"wp-block-spacer\"><\/div>\n\n\n\n<p class=\"wp-block-paragraph\"><strong>Informations importantes :<\/strong><\/p>\n\n\n\n<ul class=\"wp-block-list\">\n<li>L\u2019annulation est gratuite jusqu\u2019\u00e0 7 jours avant l\u2019arriv\u00e9e. Pass\u00e9 ce d\u00e9lai, 100 % des frais seront factur\u00e9s.<\/li>\n\n\n\n<li>Tous les prix s&rsquo;entendent TVA comprise \/ NIF : CHE-105.839.298 TVA (num\u00e9ro de r\u00e9f\u00e9rence : 261468) Paiement en esp\u00e8ces, Twint, carte EC, Postcard, Visa et Mastercard (pour les \u00e9v\u00e9nements, nous envoyons volontiers une facture globale).<\/li>\n<\/ul>\n\n\n\n<div style=\"height:12px\" aria-hidden=\"true\" class=\"wp-block-spacer\"><\/div>\n<\/div>\n\n\n\n<div class=\"wp-block-group is-layout-constrained wp-block-group-is-layout-constrained\">\n<div style=\"height:26px\" aria-hidden=\"true\" class=\"wp-block-spacer\"><\/div>\n<\/div>\n\n\n\n<div style=\"height:47px\" aria-hidden=\"true\" class=\"wp-block-spacer\"><\/div>\n","protected":false},"excerpt":{"rendered":"<p>Nos quelque 40 chambres individuelles, doubles et triples sont am\u00e9nag\u00e9es de mani\u00e8re fonctionnelle et confortable et offrent un lieu id\u00e9al pour se retirer et profiter d\u2019un s\u00e9jour reposant. Bon nombre de nos chambres sont situ\u00e9es l\u00e9g\u00e8rement en hauteur et offrent une vue impressionnante sur le lac des Quatre-Cantons et les montagnes environnantes. Le petit-d\u00e9jeuner est [&hellip;]<\/p>\n","protected":false},"author":3,"featured_media":0,"parent":4031,"menu_order":40,"comment_status":"closed","ping_status":"closed","template":"hotel-gastro-formation","meta":{"_acf_changed":false,"footnotes":""},"class_list":["post-5529","page","type-page","status-publish","hentry"],"acf":[],"yoast_head":"<!-- This site is optimized with the Yoast SEO plugin v28.3 - https:\/\/yoast.com\/product\/yoast-seo-wordpress\/ -->\n<title>S\u00e9journer dans une atmosph\u00e8re paisible - Hotel &amp; Gastro formation<\/title>\n<meta name=\"robots\" content=\"index, follow, max-snippet:-1, max-image-preview:large, max-video-preview:-1\" \/>\n<link rel=\"canonical\" href=\"https:\/\/hotelgastro.ch\/fr\/a-propos-de-nous\/formation-hotelgastro\/centre-de-formation-de-weggis\/passer-la-nuit\/\" \/>\n<meta property=\"og:locale\" content=\"fr_FR\" \/>\n<meta property=\"og:type\" content=\"article\" \/>\n<meta property=\"og:title\" content=\"S\u00e9journer dans une atmosph\u00e8re paisible - Hotel &amp; Gastro formation\" \/>\n<meta property=\"og:description\" content=\"Nos quelque 40 chambres individuelles, doubles et triples sont am\u00e9nag\u00e9es de mani\u00e8re fonctionnelle et confortable et offrent un lieu id\u00e9al pour se retirer et profiter d\u2019un s\u00e9jour reposant. Bon nombre de nos chambres sont situ\u00e9es l\u00e9g\u00e8rement en hauteur et offrent une vue impressionnante sur le lac des Quatre-Cantons et les montagnes environnantes. Le petit-d\u00e9jeuner est [&hellip;]\" \/>\n<meta property=\"og:url\" content=\"https:\/\/hotelgastro.ch\/fr\/a-propos-de-nous\/formation-hotelgastro\/centre-de-formation-de-weggis\/passer-la-nuit\/\" \/>\n<meta property=\"og:site_name\" content=\"Hotel &amp; Gastro formation\" \/>\n<meta property=\"article:publisher\" content=\"https:\/\/www.facebook.com\/hgfschweiz\" \/>\n<meta property=\"article:modified_time\" content=\"2026-08-19T06:19:52+00:00\" \/>\n<meta property=\"og:image\" content=\"https:\/\/hotelgastro.ch\/wp-content\/uploads\/2026\/07\/ChatGPT-Image-28.-Juli-2026-14_08_25.png\" \/>\n\t<meta property=\"og:image:width\" content=\"1537\" \/>\n\t<meta property=\"og:image:height\" content=\"1023\" \/>\n\t<meta property=\"og:image:type\" content=\"image\/png\" \/>\n<meta name=\"twitter:card\" content=\"summary_large_image\" \/>\n<meta name=\"twitter:label1\" content=\"Dur\u00e9e de lecture estim\u00e9e\" \/>\n\t<meta name=\"twitter:data1\" content=\"3 minutes\" \/>\n<script type=\"application\/ld+json\" class=\"yoast-schema-graph\">{\"@context\":\"https:\\\/\\\/schema.org\",\"@graph\":[{\"@type\":\"WebPage\",\"@id\":\"https:\\\/\\\/hotelgastro.ch\\\/fr\\\/a-propos-de-nous\\\/formation-hotelgastro\\\/centre-de-formation-de-weggis\\\/passer-la-nuit\\\/\",\"url\":\"https:\\\/\\\/hotelgastro.ch\\\/fr\\\/a-propos-de-nous\\\/formation-hotelgastro\\\/centre-de-formation-de-weggis\\\/passer-la-nuit\\\/\",\"name\":\"S\u00e9journer dans une atmosph\u00e8re paisible - Hotel &amp; Gastro formation\",\"isPartOf\":{\"@id\":\"https:\\\/\\\/hotelgastro.ch\\\/fr\\\/#website\"},\"primaryImageOfPage\":{\"@id\":\"https:\\\/\\\/hotelgastro.ch\\\/fr\\\/a-propos-de-nous\\\/formation-hotelgastro\\\/centre-de-formation-de-weggis\\\/passer-la-nuit\\\/#primaryimage\"},\"image\":{\"@id\":\"https:\\\/\\\/hotelgastro.ch\\\/fr\\\/a-propos-de-nous\\\/formation-hotelgastro\\\/centre-de-formation-de-weggis\\\/passer-la-nuit\\\/#primaryimage\"},\"thumbnailUrl\":\"https:\\\/\\\/hotelgastro.ch\\\/wp-content\\\/uploads\\\/2026\\\/07\\\/ChatGPT-Image-28.-Juli-2026-14_08_25-1024x682.png\",\"datePublished\":\"2026-02-26T10:55:19+00:00\",\"dateModified\":\"2026-08-19T06:19:52+00:00\",\"breadcrumb\":{\"@id\":\"https:\\\/\\\/hotelgastro.ch\\\/fr\\\/a-propos-de-nous\\\/formation-hotelgastro\\\/centre-de-formation-de-weggis\\\/passer-la-nuit\\\/#breadcrumb\"},\"inLanguage\":\"fr-FR\",\"potentialAction\":[{\"@type\":\"ReadAction\",\"target\":[\"https:\\\/\\\/hotelgastro.ch\\\/fr\\\/a-propos-de-nous\\\/formation-hotelgastro\\\/centre-de-formation-de-weggis\\\/passer-la-nuit\\\/\"]}]},{\"@type\":\"ImageObject\",\"inLanguage\":\"fr-FR\",\"@id\":\"https:\\\/\\\/hotelgastro.ch\\\/fr\\\/a-propos-de-nous\\\/formation-hotelgastro\\\/centre-de-formation-de-weggis\\\/passer-la-nuit\\\/#primaryimage\",\"url\":\"https:\\\/\\\/hotelgastro.ch\\\/wp-content\\\/uploads\\\/2026\\\/07\\\/ChatGPT-Image-28.-Juli-2026-14_08_25-1024x682.png\",\"contentUrl\":\"https:\\\/\\\/hotelgastro.ch\\\/wp-content\\\/uploads\\\/2026\\\/07\\\/ChatGPT-Image-28.-Juli-2026-14_08_25-1024x682.png\"},{\"@type\":\"BreadcrumbList\",\"@id\":\"https:\\\/\\\/hotelgastro.ch\\\/fr\\\/a-propos-de-nous\\\/formation-hotelgastro\\\/centre-de-formation-de-weggis\\\/passer-la-nuit\\\/#breadcrumb\",\"itemListElement\":[{\"@type\":\"ListItem\",\"position\":1,\"name\":\"Home\",\"item\":\"https:\\\/\\\/hotelgastro.ch\\\/fr\\\/\"},{\"@type\":\"ListItem\",\"position\":2,\"name\":\"\u00c0 propos de nous\",\"item\":\"https:\\\/\\\/hotelgastro.ch\\\/fr\\\/ueber-uns\\\/\"},{\"@type\":\"ListItem\",\"position\":3,\"name\":\"Formation h\u00f4tel&amp;gastro\",\"item\":\"https:\\\/\\\/hotelgastro.ch\\\/fr\\\/ueber-uns\\\/hotelgastro-formation\\\/\"},{\"@type\":\"ListItem\",\"position\":4,\"name\":\"Centre de formation de Weggis\",\"item\":\"https:\\\/\\\/hotelgastro.ch\\\/fr\\\/a-propos-de-nous\\\/formation-hotelgastro\\\/centre-de-formation-de-weggis\\\/\"},{\"@type\":\"ListItem\",\"position\":5,\"name\":\"S\u00e9journer dans une atmosph\u00e8re paisible\"}]},{\"@type\":\"WebSite\",\"@id\":\"https:\\\/\\\/hotelgastro.ch\\\/fr\\\/#website\",\"url\":\"https:\\\/\\\/hotelgastro.ch\\\/fr\\\/\",\"name\":\"Karriere Hotel Gastro\",\"description\":\"\",\"publisher\":{\"@id\":\"https:\\\/\\\/hotelgastro.ch\\\/fr\\\/#organization\"},\"potentialAction\":[{\"@type\":\"SearchAction\",\"target\":{\"@type\":\"EntryPoint\",\"urlTemplate\":\"https:\\\/\\\/hotelgastro.ch\\\/fr\\\/?s={search_term_string}\"},\"query-input\":{\"@type\":\"PropertyValueSpecification\",\"valueRequired\":true,\"valueName\":\"search_term_string\"}}],\"inLanguage\":\"fr-FR\"},{\"@type\":\"Organization\",\"@id\":\"https:\\\/\\\/hotelgastro.ch\\\/fr\\\/#organization\",\"name\":\"Karriere Hotel Gastro\",\"url\":\"https:\\\/\\\/hotelgastro.ch\\\/fr\\\/\",\"logo\":{\"@type\":\"ImageObject\",\"inLanguage\":\"fr-FR\",\"@id\":\"https:\\\/\\\/hotelgastro.ch\\\/fr\\\/#\\\/schema\\\/logo\\\/image\\\/\",\"url\":\"https:\\\/\\\/hotelgastro.ch\\\/wp-content\\\/uploads\\\/2026\\\/02\\\/HGf_3Verbandslogo_feb2026_FR.svg\",\"contentUrl\":\"https:\\\/\\\/hotelgastro.ch\\\/wp-content\\\/uploads\\\/2026\\\/02\\\/HGf_3Verbandslogo_feb2026_FR.svg\",\"width\":377,\"height\":61,\"caption\":\"Karriere Hotel Gastro\"},\"image\":{\"@id\":\"https:\\\/\\\/hotelgastro.ch\\\/fr\\\/#\\\/schema\\\/logo\\\/image\\\/\"},\"sameAs\":[\"https:\\\/\\\/www.facebook.com\\\/hgfschweiz\",\"https:\\\/\\\/www.linkedin.com\\\/company\\\/hotelgastroformationschweiz\\\/posts\\\/?feedView=all\"]}]}<\/script>\n<!-- \/ Yoast SEO plugin. -->","yoast_head_json":{"title":"S\u00e9journer dans une atmosph\u00e8re paisible - Hotel &amp; Gastro formation","robots":{"index":"index","follow":"follow","max-snippet":"max-snippet:-1","max-image-preview":"max-image-preview:large","max-video-preview":"max-video-preview:-1"},"canonical":"https:\/\/hotelgastro.ch\/fr\/a-propos-de-nous\/formation-hotelgastro\/centre-de-formation-de-weggis\/passer-la-nuit\/","og_locale":"fr_FR","og_type":"article","og_title":"S\u00e9journer dans une atmosph\u00e8re paisible - Hotel &amp; Gastro formation","og_description":"Nos quelque 40 chambres individuelles, doubles et triples sont am\u00e9nag\u00e9es de mani\u00e8re fonctionnelle et confortable et offrent un lieu id\u00e9al pour se retirer et profiter d\u2019un s\u00e9jour reposant. Bon nombre de nos chambres sont situ\u00e9es l\u00e9g\u00e8rement en hauteur et offrent une vue impressionnante sur le lac des Quatre-Cantons et les montagnes environnantes. Le petit-d\u00e9jeuner est [&hellip;]","og_url":"https:\/\/hotelgastro.ch\/fr\/a-propos-de-nous\/formation-hotelgastro\/centre-de-formation-de-weggis\/passer-la-nuit\/","og_site_name":"Hotel &amp; Gastro formation","article_publisher":"https:\/\/www.facebook.com\/hgfschweiz","article_modified_time":"2026-08-19T06:19:52+00:00","og_image":[{"width":1537,"height":1023,"url":"https:\/\/hotelgastro.ch\/wp-content\/uploads\/2026\/07\/ChatGPT-Image-28.-Juli-2026-14_08_25.png","type":"image\/png"}],"twitter_card":"summary_large_image","twitter_misc":{"Dur\u00e9e de lecture estim\u00e9e":"3 minutes"},"schema":{"@context":"https:\/\/schema.org","@graph":[{"@type":"WebPage","@id":"https:\/\/hotelgastro.ch\/fr\/a-propos-de-nous\/formation-hotelgastro\/centre-de-formation-de-weggis\/passer-la-nuit\/","url":"https:\/\/hotelgastro.ch\/fr\/a-propos-de-nous\/formation-hotelgastro\/centre-de-formation-de-weggis\/passer-la-nuit\/","name":"S\u00e9journer dans une atmosph\u00e8re paisible - Hotel &amp; Gastro formation","isPartOf":{"@id":"https:\/\/hotelgastro.ch\/fr\/#website"},"primaryImageOfPage":{"@id":"https:\/\/hotelgastro.ch\/fr\/a-propos-de-nous\/formation-hotelgastro\/centre-de-formation-de-weggis\/passer-la-nuit\/#primaryimage"},"image":{"@id":"https:\/\/hotelgastro.ch\/fr\/a-propos-de-nous\/formation-hotelgastro\/centre-de-formation-de-weggis\/passer-la-nuit\/#primaryimage"},"thumbnailUrl":"https:\/\/hotelgastro.ch\/wp-content\/uploads\/2026\/07\/ChatGPT-Image-28.-Juli-2026-14_08_25-1024x682.png","datePublished":"2026-02-26T10:55:19+00:00","dateModified":"2026-08-19T06:19:52+00:00","breadcrumb":{"@id":"https:\/\/hotelgastro.ch\/fr\/a-propos-de-nous\/formation-hotelgastro\/centre-de-formation-de-weggis\/passer-la-nuit\/#breadcrumb"},"inLanguage":"fr-FR","potentialAction":[{"@type":"ReadAction","target":["https:\/\/hotelgastro.ch\/fr\/a-propos-de-nous\/formation-hotelgastro\/centre-de-formation-de-weggis\/passer-la-nuit\/"]}]},{"@type":"ImageObject","inLanguage":"fr-FR","@id":"https:\/\/hotelgastro.ch\/fr\/a-propos-de-nous\/formation-hotelgastro\/centre-de-formation-de-weggis\/passer-la-nuit\/#primaryimage","url":"https:\/\/hotelgastro.ch\/wp-content\/uploads\/2026\/07\/ChatGPT-Image-28.-Juli-2026-14_08_25-1024x682.png","contentUrl":"https:\/\/hotelgastro.ch\/wp-content\/uploads\/2026\/07\/ChatGPT-Image-28.-Juli-2026-14_08_25-1024x682.png"},{"@type":"BreadcrumbList","@id":"https:\/\/hotelgastro.ch\/fr\/a-propos-de-nous\/formation-hotelgastro\/centre-de-formation-de-weggis\/passer-la-nuit\/#breadcrumb","itemListElement":[{"@type":"ListItem","position":1,"name":"Home","item":"https:\/\/hotelgastro.ch\/fr\/"},{"@type":"ListItem","position":2,"name":"\u00c0 propos de nous","item":"https:\/\/hotelgastro.ch\/fr\/ueber-uns\/"},{"@type":"ListItem","position":3,"name":"Formation h\u00f4tel&amp;gastro","item":"https:\/\/hotelgastro.ch\/fr\/ueber-uns\/hotelgastro-formation\/"},{"@type":"ListItem","position":4,"name":"Centre de formation de Weggis","item":"https:\/\/hotelgastro.ch\/fr\/a-propos-de-nous\/formation-hotelgastro\/centre-de-formation-de-weggis\/"},{"@type":"ListItem","position":5,"name":"S\u00e9journer dans une atmosph\u00e8re paisible"}]},{"@type":"WebSite","@id":"https:\/\/hotelgastro.ch\/fr\/#website","url":"https:\/\/hotelgastro.ch\/fr\/","name":"Karriere Hotel Gastro","description":"","publisher":{"@id":"https:\/\/hotelgastro.ch\/fr\/#organization"},"potentialAction":[{"@type":"SearchAction","target":{"@type":"EntryPoint","urlTemplate":"https:\/\/hotelgastro.ch\/fr\/?s={search_term_string}"},"query-input":{"@type":"PropertyValueSpecification","valueRequired":true,"valueName":"search_term_string"}}],"inLanguage":"fr-FR"},{"@type":"Organization","@id":"https:\/\/hotelgastro.ch\/fr\/#organization","name":"Karriere Hotel Gastro","url":"https:\/\/hotelgastro.ch\/fr\/","logo":{"@type":"ImageObject","inLanguage":"fr-FR","@id":"https:\/\/hotelgastro.ch\/fr\/#\/schema\/logo\/image\/","url":"https:\/\/hotelgastro.ch\/wp-content\/uploads\/2026\/02\/HGf_3Verbandslogo_feb2026_FR.svg","contentUrl":"https:\/\/hotelgastro.ch\/wp-content\/uploads\/2026\/02\/HGf_3Verbandslogo_feb2026_FR.svg","width":377,"height":61,"caption":"Karriere Hotel Gastro"},"image":{"@id":"https:\/\/hotelgastro.ch\/fr\/#\/schema\/logo\/image\/"},"sameAs":["https:\/\/www.facebook.com\/hgfschweiz","https:\/\/www.linkedin.com\/company\/hotelgastroformationschweiz\/posts\/?feedView=all"]}]}},"_links":{"self":[{"href":"https:\/\/hotelgastro.ch\/fr\/wp-json\/wp\/v2\/pages\/5529","targetHints":{"allow":["GET"]}}],"collection":[{"href":"https:\/\/hotelgastro.ch\/fr\/wp-json\/wp\/v2\/pages"}],"about":[{"href":"https:\/\/hotelgastro.ch\/fr\/wp-json\/wp\/v2\/types\/page"}],"author":[{"embeddable":true,"href":"https:\/\/hotelgastro.ch\/fr\/wp-json\/wp\/v2\/users\/3"}],"replies":[{"embeddable":true,"href":"https:\/\/hotelgastro.ch\/fr\/wp-json\/wp\/v2\/comments?post=5529"}],"version-history":[{"count":35,"href":"https:\/\/hotelgastro.ch\/fr\/wp-json\/wp\/v2\/pages\/5529\/revisions"}],"predecessor-version":[{"id":10999,"href":"https:\/\/hotelgastro.ch\/fr\/wp-json\/wp\/v2\/pages\/5529\/revisions\/10999"}],"up":[{"embeddable":true,"href":"https:\/\/hotelgastro.ch\/fr\/wp-json\/wp\/v2\/pages\/4031"}],"wp:attachment":[{"href":"https:\/\/hotelgastro.ch\/fr\/wp-json\/wp\/v2\/media?parent=5529"}],"curies":[{"name":"wp","href":"https:\/\/api.w.org\/{rel}","templated":true}]}}