{"id":6095,"date":"2026-02-26T07:21:49","date_gmt":"2026-02-26T06:21:49","guid":{"rendered":"https:\/\/hotelgastro.ch\/a-propos-de-nous\/formation-hotelgastro\/centre-de-formation-de-weggis\/des-salles-de-formation-et-de-conference-modulables-pour-des-contenus-percutants\/"},"modified":"2026-08-19T08:18:46","modified_gmt":"2026-08-19T06:18:46","slug":"des-salles-de-formation-et-de-conference-modulables-pour-des-contenus-percutants","status":"publish","type":"page","link":"https:\/\/hotelgastro.ch\/fr\/a-propos-de-nous\/formation-hotelgastro\/centre-de-formation-de-weggis\/des-salles-de-formation-et-de-conference-modulables-pour-des-contenus-percutants\/","title":{"rendered":"S\u00e9minaires &#038; conf\u00e9rences"},"content":{"rendered":"\n<div class=\"wp-block-cover is-light\"><img loading=\"lazy\" decoding=\"async\" width=\"1533\" height=\"780\" class=\"wp-block-cover__image-background wp-image-10183 size-full\" alt=\"\" src=\"https:\/\/hotelgastro.ch\/wp-content\/uploads\/2026\/07\/ChatGPT-Image-28.-Juli-2026-08_19_48-e1785410974221.png\" style=\"object-position:53% 84%\" data-object-fit=\"cover\" data-object-position=\"53% 84%\" srcset=\"https:\/\/hotelgastro.ch\/wp-content\/uploads\/2026\/07\/ChatGPT-Image-28.-Juli-2026-08_19_48-e1785410974221.png 1533w, https:\/\/hotelgastro.ch\/wp-content\/uploads\/2026\/07\/ChatGPT-Image-28.-Juli-2026-08_19_48-e1785410974221-300x153.png 300w, https:\/\/hotelgastro.ch\/wp-content\/uploads\/2026\/07\/ChatGPT-Image-28.-Juli-2026-08_19_48-e1785410974221-1024x521.png 1024w, https:\/\/hotelgastro.ch\/wp-content\/uploads\/2026\/07\/ChatGPT-Image-28.-Juli-2026-08_19_48-e1785410974221-768x391.png 768w\" sizes=\"auto, (max-width: 1533px) 100vw, 1533px\" \/><span aria-hidden=\"true\" class=\"wp-block-cover__background has-foreground-background-color has-background-dim-20 has-background-dim\"><\/span><div class=\"wp-block-cover__inner-container is-layout-constrained wp-block-cover-is-layout-constrained\">\n<h1 class=\"wp-block-heading\" style=\"font-style:normal;font-weight:700\"><mark style=\"background-color:rgba(0, 0, 0, 0)\" class=\"has-inline-color has-background-color\">Des salles de s\u00e9minaire &amp; de conf\u00e9rence flexibles pour des contenus percutants<\/mark><\/h1>\n<\/div><\/div>\n\n\n\n<div class=\"wp-block-group is-layout-constrained wp-block-group-is-layout-constrained\">\n<div style=\"height:48px\" aria-hidden=\"true\" class=\"wp-block-spacer\"><\/div>\n\n\n\n<p class=\"wp-block-paragraph\">De la petite r\u00e9union d\u2019\u00e9quipe \u00e0 la conf\u00e9rence de plusieurs jours, nos locaux modernes, nos forfaits s\u00e9minaires flexibles et notre accompagnement personnalis\u00e9 offrent le cadre id\u00e9al pour ton \u00e9v\u00e9nement, enti\u00e8rement adapt\u00e9 \u00e0 tes besoins.<\/p>\n\n\n\n<ul class=\"wp-block-list\">\n<li>Au total, 10 salles de s\u00e9minaire et de r\u00e9union de <strong>30 \u00e0 200 m\u00b2<\/strong>, flexibles, lumineuses et \u00e9quip\u00e9es des technologies les plus modernes.<\/li>\n\n\n\n<li>Aula spacieuse pouvant accueillir jusqu\u2019\u00e0 <strong>120 personnes<\/strong>, fonctionnelle, claire et efficace.<\/li>\n\n\n\n<li>Restaurant\/salle \u00e9v\u00e9nementielle Federweiss, avec terrasse ensoleill\u00e9e attenante.<\/li>\n\n\n\n<li>Cuisine de formation et \u00e9v\u00e9nementielle, avec 6 postes de travail enti\u00e8rement \u00e9quip\u00e9s, id\u00e9ale pour les cours, les ateliers et les \u00e9v\u00e9nements.<\/li>\n\n\n\n<li>Possibilit\u00e9s d\u2019h\u00e9bergement simples et pratiques<\/li>\n\n\n\n<li>Restauration compl\u00e8te, adapt\u00e9e \u00e0 ton \u00e9v\u00e9nement<\/li>\n<\/ul>\n\n\n\n<div style=\"height:12px\" aria-hidden=\"true\" class=\"wp-block-spacer\"><\/div>\n\n\n\n<p class=\"wp-block-paragraph\">Tu souhaites savoir comment exploiter au mieux chaque m\u00e8tre carr\u00e9 ? Nous sommes \u00e0 ta disposition pour te conseiller et nous r\u00e9jouissons de ta prise de contact : <\/p>\n\n\n\n<div class=\"wp-block-buttons is-layout-flex wp-block-buttons-is-layout-flex\">\n<div class=\"wp-block-button\"><a class=\"wp-block-button__link wp-element-button\" href=\"https:\/\/hotelgastro.ch\/fr\/a-propos-de-nous\/formation-hotelgastro\/contact\/\" target=\"_blank\" rel=\"noreferrer noopener\">Contacte-nous<\/a><\/div>\n<\/div>\n\n\n<div style=\"background-color: hellgrau\" class=\"hgf-accordion-item alignfull wp-block-hgf-accordion-item has-background has-hellgrau-background-color\" data-open-default=\"false\">\n\t<button\n\t\tclass=\"hgf-accordion-item__header\"\n\t\taria-expanded=\"false\"\n\t\taria-controls=\"accordion-content-1\"\n\t>\n\t\t\t\t\t<h3 class=\"hgf-accordion-item__title\">\n\t\t\t\tSalles\t\t\t<\/h3>\n\t\t\t\t<figure class=\"hgf-accordion-item__toggle-icon\"><\/figure>\n\t\t\t<\/button>\n\t<div\n\t\tid=\"accordion-content-1\"\n\t\tclass=\"hgf-accordion-item__content\"\n\t\taria-hidden=\"true\"\n\t>\n\t\t<div class=\"hgf-accordion-item__content-inner\">\n\t\t\t<div class=\"hgf-accordion-item__content-container\">\n\t\t\t\t\n\n<figure class=\"wp-block-table is-style-regular\"><table class=\"has-hellgrau-background-color has-background has-border-color has-hellgrau-border-color has-fixed-layout\"><tbody><tr><td><strong>Restaurant \/ salle \u00e9v\u00e9nementielle Federweiss (env. 200 m\u00b2)<\/strong><br>Env. 140 personnes (diff\u00e9rentes configurations de si\u00e8ges), syst\u00e8me de sonorisation, vue sur le lac, terrasse<\/td><td class=\"has-text-align-right\" data-align=\"right\"><strong><mark style=\"background-color:rgba(0, 0, 0, 0)\" class=\"has-inline-color has-primary-color\">CHF 800<\/mark><\/strong><\/td><\/tr><tr><td><strong>Salles Brisen \/ B\u00fcrgenstock \/ Pilatus (63 m\u00b2 chacune)<\/strong><br>Env. 24 personnes (p. ex. en disposition salle de classe), climatis\u00e9es, vue sur le lac<\/td><td class=\"has-text-align-right\" data-align=\"right\"><strong><mark style=\"background-color:rgba(0, 0, 0, 0)\" class=\"has-inline-color has-primary-color\">CHF 300<\/mark><\/strong><\/td><\/tr><tr><td><strong>Salle Rigi (146 m\u00b2)<\/strong><br>Env. 46 personnes (p. ex. en disposition salle de classe), climatis\u00e9e, vue sur le lac<\/td><td class=\"has-text-align-right\" data-align=\"right\"><strong><mark style=\"background-color:rgba(0, 0, 0, 0)\" class=\"has-inline-color has-primary-color\">CHF 400<\/mark><\/strong><\/td><\/tr><tr><td>Salle Klewenalp (52 m\u00b2)<br>Env. 28 personnes (p. ex. en disposition salle de classe), climatis\u00e9e, c\u00f4t\u00e9 nord<\/td><td class=\"has-text-align-right\" data-align=\"right\"><strong><mark style=\"background-color:rgba(0, 0, 0, 0)\" class=\"has-inline-color has-primary-color\">CHF 300<\/mark><\/strong><\/td><\/tr><tr><td><strong>Salle Aula Rigi &amp; Klewenalp (202 m\u00b2)<\/strong><br>Env. 100 personnes (p. ex. en disposition salle de classe), climatis\u00e9e, vue sur le lac<\/td><td class=\"has-text-align-right\" data-align=\"right\"><mark style=\"background-color:rgba(0, 0, 0, 0)\" class=\"has-inline-color has-primary-color\"><strong>CHF 600<\/strong><\/mark><\/td><\/tr><tr><td><strong>Salle Gotthard (65 m\u00b2)<\/strong><br>Env. 24 personnes (p. ex. en disposition salle de classe), c\u00f4t\u00e9 nord<\/td><td class=\"has-text-align-right\" data-align=\"right\"><strong><mark style=\"background-color:rgba(0, 0, 0, 0)\" class=\"has-inline-color has-primary-color\">CHF 300<\/mark><\/strong><\/td><\/tr><tr><td><strong>Salle Mythen (32 m\u00b2)<\/strong><br>Env. 12 personnes (p. ex. en disposition salle de classe), cour int\u00e9rieure lumineuse<\/td><td class=\"has-text-align-right\" data-align=\"right\"><strong><mark style=\"background-color:rgba(0, 0, 0, 0)\" class=\"has-inline-color has-primary-color\">CHF 150<\/mark><\/strong><\/td><\/tr><tr><td><strong>Salle de r\u00e9union (57 m\u00b2)<\/strong><br>Env. 22 personnes (p. ex. en disposition en bloc), vue sur le lac, balcon<\/td><td class=\"has-text-align-right\" data-align=\"right\"><strong><mark style=\"background-color:rgba(0, 0, 0, 0)\" class=\"has-inline-color has-primary-color\">CHF 300<\/mark><\/strong><\/td><\/tr><tr><td><strong>Cuisine scolaire et \u00e9v\u00e9nementielle<\/strong><br>6 postes de cuisine, \u00e9quipement pour une cuisine professionnelle<\/td><td class=\"has-text-align-right\" data-align=\"right\"><strong><mark style=\"background-color:rgba(0, 0, 0, 0)\" class=\"has-inline-color has-primary-color\">CHF 1&rsquo;800<\/mark><\/strong><\/td><\/tr><\/tbody><\/table><\/figure>\n\n\t\t\t<\/div>\n\t\t<\/div>\n\t<\/div>\n<\/div>\n\n\n<div style=\"background-color: hellgrau\" class=\"hgf-accordion-item alignfull wp-block-hgf-accordion-item has-background has-hellgrau-background-color\" data-open-default=\"false\">\n\t<button\n\t\tclass=\"hgf-accordion-item__header\"\n\t\taria-expanded=\"false\"\n\t\taria-controls=\"accordion-content-2\"\n\t>\n\t\t\t\t\t<h3 class=\"hgf-accordion-item__title\">\n\t\t\t\tForfaits s\u00e9minaires &amp; restauration\t\t\t<\/h3>\n\t\t\t\t<figure class=\"hgf-accordion-item__toggle-icon\"><\/figure>\n\t\t\t<\/button>\n\t<div\n\t\tid=\"accordion-content-2\"\n\t\tclass=\"hgf-accordion-item__content\"\n\t\taria-hidden=\"true\"\n\t>\n\t\t<div class=\"hgf-accordion-item__content-inner\">\n\t\t\t<div class=\"hgf-accordion-item__content-container\">\n\t\t\t\t\n\n<figure class=\"wp-block-table is-style-regular\"><table class=\"has-hellgrau-background-color has-background has-border-color has-hellgrau-border-color has-fixed-layout\"><tbody><tr><td><strong>Forfait s\u00e9minaire \u00e0 partir de 10 personnes<\/strong><br>Buffet pour le d\u00e9jeuner ou d\u00eener \u00e0 3 plats<br>2 pauses avec collation (caf\u00e9, croissants\/viennoiseries, fruits)<br>Location de la salle, \u00e9quipement technique standard et eau min\u00e9rale inclus (par personne) <\/td><td class=\"has-text-align-right\" data-align=\"right\"><strong><mark style=\"background-color:rgba(0, 0, 0, 0)\" class=\"has-inline-color has-primary-color\">CHF 78<\/mark><\/strong><\/td><\/tr><tr><td><strong>Buffet d\u00e9jeuner \u00e0 3 plats<\/strong><br>Caf\u00e9\/th\u00e9 et eau Grander inclus<br>Par personne  <\/td><td class=\"has-text-align-right\" data-align=\"right\"><strong><mark style=\"background-color:rgba(0, 0, 0, 0)\" class=\"has-inline-color has-primary-color\">CHF 33<\/mark><\/strong><\/td><\/tr><tr><td><strong>Buffet d\u00eener \u00e0 3 plats<\/strong><br>Caf\u00e9\/th\u00e9 et eau Grander inclus<br>Par personne  <\/td><td class=\"has-text-align-right\" data-align=\"right\"><strong><mark style=\"background-color:rgba(0, 0, 0, 0)\" class=\"has-inline-color has-primary-color\">CHF 28<\/mark><\/strong><\/td><\/tr><tr><td><mark style=\"background-color:rgba(0, 0, 0, 0)\" class=\"has-inline-color has-foreground-color\">Caf\u00e9\/th\u00e9 d\u2019accueil ou de pause avec croissant et eau Grander, par personne<\/mark><\/td><td class=\"has-text-align-right\" data-align=\"right\"><strong><mark style=\"background-color:rgba(0, 0, 0, 0)\" class=\"has-inline-color has-primary-color\">CHF 6<\/mark><\/strong><mark style=\"background-color:rgba(0, 0, 0, 0)\" class=\"has-inline-color has-hellgrau-color\">0<\/mark><\/td><\/tr><tr><td>Fruits pour 5 personnes<\/td><td class=\"has-text-align-right\" data-align=\"right\"><strong><mark style=\"background-color:rgba(0, 0, 0, 0)\" class=\"has-inline-color has-primary-color\">CHF 10<\/mark><\/strong><\/td><\/tr><\/tbody><\/table><\/figure>\n\n\t\t\t<\/div>\n\t\t<\/div>\n\t<\/div>\n<\/div>\n\n\n<div style=\"background-color: hellgrau\" class=\"hgf-accordion-item alignfull wp-block-hgf-accordion-item has-background has-hellgrau-background-color\" data-open-default=\"false\">\n\t<button\n\t\tclass=\"hgf-accordion-item__header\"\n\t\taria-expanded=\"false\"\n\t\taria-controls=\"accordion-content-3\"\n\t>\n\t\t\t\t\t<h3 class=\"hgf-accordion-item__title\">\n\t\t\t\tH\u00e9bergement\t\t\t<\/h3>\n\t\t\t\t<figure class=\"hgf-accordion-item__toggle-icon\"><\/figure>\n\t\t\t<\/button>\n\t<div\n\t\tid=\"accordion-content-3\"\n\t\tclass=\"hgf-accordion-item__content\"\n\t\taria-hidden=\"true\"\n\t>\n\t\t<div class=\"hgf-accordion-item__content-inner\">\n\t\t\t<div class=\"hgf-accordion-item__content-container\">\n\t\t\t\t\n\n<figure class=\"wp-block-table is-style-regular\"><table class=\"has-hellgrau-background-color has-background has-border-color has-hellgrau-border-color has-fixed-layout\"><tbody><tr><td><mark style=\"background-color:rgba(0, 0, 0, 0)\" class=\"has-inline-color has-foreground-color\">Chambre individuelle, par chambre\/nuit, buffet de petit-d\u00e9jeuner inclus <\/mark><strong><mark style=\"background-color:rgba(0, 0, 0, 0)\" class=\"has-inline-color has-primary-color\"> <mark style=\"background-color:rgba(0, 0, 0, 0)\" class=\"has-inline-color has-foreground-color\"> <\/mark><\/mark><\/strong><\/td><td class=\"has-text-align-right\" data-align=\"right\"><strong><mark style=\"background-color:rgba(0, 0, 0, 0)\" class=\"has-inline-color has-primary-color\">CHF 110<\/mark><\/strong><\/td><\/tr><tr><td><mark style=\"background-color:rgba(0, 0, 0, 0)\" class=\"has-inline-color has-foreground-color\">Chambre double par personne\/nuit, petit-d\u00e9jeuner buffet compris <\/mark><\/td><td class=\"has-text-align-right\" data-align=\"right\"><strong><mark style=\"background-color:rgba(0, 0, 0, 0)\" class=\"has-inline-color has-primary-color\">CHF 70<\/mark><\/strong><\/td><\/tr><\/tbody><\/table><\/figure>\n\n\t\t\t<\/div>\n\t\t<\/div>\n\t<\/div>\n<\/div>\n\n\n\n<div style=\"height:23px\" aria-hidden=\"true\" class=\"wp-block-spacer\"><\/div>\n\n\n\n<div style=\"height:24px\" aria-hidden=\"true\" class=\"wp-block-spacer\"><\/div>\n<\/div>\n\n\n\n<div class=\"wp-block-group is-layout-constrained wp-block-group-is-layout-constrained\">\n<div class=\"wp-block-columns is-layout-flex wp-container-core-columns-is-layout-7387b849 wp-block-columns-is-layout-flex\">\n<div class=\"wp-block-column is-layout-flow wp-block-column-is-layout-flow\">\n<figure data-wp-context=\"{&quot;imageId&quot;:&quot;6a967bc5168c3&quot;}\" data-wp-interactive=\"core\/image\" data-wp-key=\"6a967bc5168c3\" class=\"wp-block-image size-large wp-lightbox-container\"><img loading=\"lazy\" decoding=\"async\" width=\"1024\" height=\"683\" data-wp-class--hide=\"state.isContentHidden\" data-wp-class--show=\"state.isContentVisible\" data-wp-init=\"callbacks.setButtonStyles\" data-wp-on--click=\"actions.showLightbox\" data-wp-on--load=\"callbacks.setButtonStyles\" data-wp-on--pointerdown=\"actions.preloadImage\" data-wp-on--pointerenter=\"actions.preloadImageWithDelay\" data-wp-on--pointerleave=\"actions.cancelPreload\" data-wp-on-window--resize=\"callbacks.setButtonStyles\" src=\"https:\/\/hotelgastro.ch\/wp-content\/uploads\/2026\/07\/HGf-1013-2-1024x683.jpg\" alt=\"\" class=\"wp-image-9674\" srcset=\"https:\/\/hotelgastro.ch\/wp-content\/uploads\/2026\/07\/HGf-1013-2-1024x683.jpg 1024w, https:\/\/hotelgastro.ch\/wp-content\/uploads\/2026\/07\/HGf-1013-2-300x200.jpg 300w, https:\/\/hotelgastro.ch\/wp-content\/uploads\/2026\/07\/HGf-1013-2-768x512.jpg 768w, https:\/\/hotelgastro.ch\/wp-content\/uploads\/2026\/07\/HGf-1013-2-1536x1024.jpg 1536w, https:\/\/hotelgastro.ch\/wp-content\/uploads\/2026\/07\/HGf-1013-2-2048x1365.jpg 2048w\" sizes=\"auto, (max-width: 1024px) 100vw, 1024px\" \/><button\n\t\t\tclass=\"lightbox-trigger\"\n\t\t\ttype=\"button\"\n\t\t\taria-haspopup=\"dialog\"\n\t\t\tdata-wp-bind--aria-label=\"state.thisImage.triggerButtonAriaLabel\"\n\t\t\tdata-wp-init=\"callbacks.initTriggerButton\"\n\t\t\tdata-wp-on--click=\"actions.showLightbox\"\n\t\t\tdata-wp-style--right=\"state.thisImage.buttonRight\"\n\t\t\tdata-wp-style--top=\"state.thisImage.buttonTop\"\n\t\t>\n\t\t\t<svg xmlns=\"http:\/\/www.w3.org\/2000\/svg\" width=\"12\" height=\"12\" fill=\"none\" viewBox=\"0 0 12 12\">\n\t\t\t\t<path fill=\"#fff\" d=\"M2 0a2 2 0 0 0-2 2v2h1.5V2a.5.5 0 0 1 .5-.5h2V0H2Zm2 10.5H2a.5.5 0 0 1-.5-.5V8H0v2a2 2 0 0 0 2 2h2v-1.5ZM8 12v-1.5h2a.5.5 0 0 0 .5-.5V8H12v2a2 2 0 0 1-2 2H8Zm2-12a2 2 0 0 1 2 2v2h-1.5V2a.5.5 0 0 0-.5-.5H8V0h2Z\" \/>\n\t\t\t<\/svg>\n\t\t<\/button><\/figure>\n<\/div>\n\n\n\n<div class=\"wp-block-column is-layout-flow wp-block-column-is-layout-flow\">\n<figure data-wp-context=\"{&quot;imageId&quot;:&quot;6a967bc516f1d&quot;}\" data-wp-interactive=\"core\/image\" data-wp-key=\"6a967bc516f1d\" class=\"wp-block-image size-large wp-lightbox-container\"><img loading=\"lazy\" decoding=\"async\" width=\"1024\" height=\"683\" data-wp-class--hide=\"state.isContentHidden\" data-wp-class--show=\"state.isContentVisible\" data-wp-init=\"callbacks.setButtonStyles\" data-wp-on--click=\"actions.showLightbox\" data-wp-on--load=\"callbacks.setButtonStyles\" data-wp-on--pointerdown=\"actions.preloadImage\" data-wp-on--pointerenter=\"actions.preloadImageWithDelay\" data-wp-on--pointerleave=\"actions.cancelPreload\" data-wp-on-window--resize=\"callbacks.setButtonStyles\" src=\"https:\/\/hotelgastro.ch\/wp-content\/uploads\/2026\/07\/HGf-1025-5-1024x683.jpg\" alt=\"\" class=\"wp-image-9675\" srcset=\"https:\/\/hotelgastro.ch\/wp-content\/uploads\/2026\/07\/HGf-1025-5-1024x683.jpg 1024w, https:\/\/hotelgastro.ch\/wp-content\/uploads\/2026\/07\/HGf-1025-5-300x200.jpg 300w, https:\/\/hotelgastro.ch\/wp-content\/uploads\/2026\/07\/HGf-1025-5-768x512.jpg 768w, https:\/\/hotelgastro.ch\/wp-content\/uploads\/2026\/07\/HGf-1025-5-1536x1024.jpg 1536w, https:\/\/hotelgastro.ch\/wp-content\/uploads\/2026\/07\/HGf-1025-5-2048x1365.jpg 2048w\" sizes=\"auto, (max-width: 1024px) 100vw, 1024px\" \/><button\n\t\t\tclass=\"lightbox-trigger\"\n\t\t\ttype=\"button\"\n\t\t\taria-haspopup=\"dialog\"\n\t\t\tdata-wp-bind--aria-label=\"state.thisImage.triggerButtonAriaLabel\"\n\t\t\tdata-wp-init=\"callbacks.initTriggerButton\"\n\t\t\tdata-wp-on--click=\"actions.showLightbox\"\n\t\t\tdata-wp-style--right=\"state.thisImage.buttonRight\"\n\t\t\tdata-wp-style--top=\"state.thisImage.buttonTop\"\n\t\t>\n\t\t\t<svg xmlns=\"http:\/\/www.w3.org\/2000\/svg\" width=\"12\" height=\"12\" fill=\"none\" viewBox=\"0 0 12 12\">\n\t\t\t\t<path fill=\"#fff\" d=\"M2 0a2 2 0 0 0-2 2v2h1.5V2a.5.5 0 0 1 .5-.5h2V0H2Zm2 10.5H2a.5.5 0 0 1-.5-.5V8H0v2a2 2 0 0 0 2 2h2v-1.5ZM8 12v-1.5h2a.5.5 0 0 0 .5-.5V8H12v2a2 2 0 0 1-2 2H8Zm2-12a2 2 0 0 1 2 2v2h-1.5V2a.5.5 0 0 0-.5-.5H8V0h2Z\" \/>\n\t\t\t<\/svg>\n\t\t<\/button><\/figure>\n<\/div>\n\n\n\n<div class=\"wp-block-column is-layout-flow wp-block-column-is-layout-flow\">\n<figure data-wp-context=\"{&quot;imageId&quot;:&quot;6a967bc517522&quot;}\" data-wp-interactive=\"core\/image\" data-wp-key=\"6a967bc517522\" class=\"wp-block-image size-large wp-lightbox-container\"><img loading=\"lazy\" decoding=\"async\" width=\"1024\" height=\"683\" data-wp-class--hide=\"state.isContentHidden\" data-wp-class--show=\"state.isContentVisible\" data-wp-init=\"callbacks.setButtonStyles\" data-wp-on--click=\"actions.showLightbox\" data-wp-on--load=\"callbacks.setButtonStyles\" data-wp-on--pointerdown=\"actions.preloadImage\" data-wp-on--pointerenter=\"actions.preloadImageWithDelay\" data-wp-on--pointerleave=\"actions.cancelPreload\" data-wp-on-window--resize=\"callbacks.setButtonStyles\" src=\"https:\/\/hotelgastro.ch\/wp-content\/uploads\/2026\/02\/DSC3038-1024x683.jpg\" alt=\"\" class=\"wp-image-2410\" srcset=\"https:\/\/hotelgastro.ch\/wp-content\/uploads\/2026\/02\/DSC3038-1024x683.jpg 1024w, https:\/\/hotelgastro.ch\/wp-content\/uploads\/2026\/02\/DSC3038-300x200.jpg 300w, https:\/\/hotelgastro.ch\/wp-content\/uploads\/2026\/02\/DSC3038-768x512.jpg 768w, https:\/\/hotelgastro.ch\/wp-content\/uploads\/2026\/02\/DSC3038-1536x1024.jpg 1536w, https:\/\/hotelgastro.ch\/wp-content\/uploads\/2026\/02\/DSC3038-2048x1365.jpg 2048w\" sizes=\"auto, (max-width: 1024px) 100vw, 1024px\" \/><button\n\t\t\tclass=\"lightbox-trigger\"\n\t\t\ttype=\"button\"\n\t\t\taria-haspopup=\"dialog\"\n\t\t\tdata-wp-bind--aria-label=\"state.thisImage.triggerButtonAriaLabel\"\n\t\t\tdata-wp-init=\"callbacks.initTriggerButton\"\n\t\t\tdata-wp-on--click=\"actions.showLightbox\"\n\t\t\tdata-wp-style--right=\"state.thisImage.buttonRight\"\n\t\t\tdata-wp-style--top=\"state.thisImage.buttonTop\"\n\t\t>\n\t\t\t<svg xmlns=\"http:\/\/www.w3.org\/2000\/svg\" width=\"12\" height=\"12\" fill=\"none\" viewBox=\"0 0 12 12\">\n\t\t\t\t<path fill=\"#fff\" d=\"M2 0a2 2 0 0 0-2 2v2h1.5V2a.5.5 0 0 1 .5-.5h2V0H2Zm2 10.5H2a.5.5 0 0 1-.5-.5V8H0v2a2 2 0 0 0 2 2h2v-1.5ZM8 12v-1.5h2a.5.5 0 0 0 .5-.5V8H12v2a2 2 0 0 1-2 2H8Zm2-12a2 2 0 0 1 2 2v2h-1.5V2a.5.5 0 0 0-.5-.5H8V0h2Z\" \/>\n\t\t\t<\/svg>\n\t\t<\/button><\/figure>\n<\/div>\n<\/div>\n\n\n\n<div style=\"height:24px\" aria-hidden=\"true\" class=\"wp-block-spacer\"><\/div>\n\n\n\n<div class=\"wp-block-columns is-layout-flex wp-container-core-columns-is-layout-7387b849 wp-block-columns-is-layout-flex\">\n<div class=\"wp-block-column is-layout-flow wp-block-column-is-layout-flow\">\n<figure class=\"wp-block-image alignright size-full is-resized\"><a href=\"https:\/\/hotelgastro.ch\/fr\/a-propos-de-nous\/formation-hotelgastro\/centre-de-formation-de-weggis\/acces\/\" target=\"_blank\" rel=\" noreferrer noopener\"><img loading=\"lazy\" decoding=\"async\" width=\"394\" height=\"611\" src=\"https:\/\/hotelgastro.ch\/wp-content\/uploads\/2026\/08\/Unbenannt-18.-August-2026-um-13.24.05-2.png\" alt=\"\" class=\"wp-image-10872\" style=\"aspect-ratio:0.6572583906186817;width:66px;height:auto\" srcset=\"https:\/\/hotelgastro.ch\/wp-content\/uploads\/2026\/08\/Unbenannt-18.-August-2026-um-13.24.05-2.png 394w, https:\/\/hotelgastro.ch\/wp-content\/uploads\/2026\/08\/Unbenannt-18.-August-2026-um-13.24.05-2-193x300.png 193w\" sizes=\"auto, (max-width: 394px) 100vw, 394px\" \/><\/a><\/figure>\n<\/div>\n\n\n\n<div class=\"wp-block-column is-layout-flow wp-block-column-is-layout-flow\"><\/div>\n\n\n\n<div class=\"wp-block-column is-layout-flow wp-block-column-is-layout-flow\">\n<figure class=\"wp-block-image size-full is-resized\"><a href=\"https:\/\/hotelgastro.ch\/fr\/a-propos-de-nous\/formation-hotelgastro\/impressions\/\" target=\"_blank\" rel=\" noreferrer noopener\"><img loading=\"lazy\" decoding=\"async\" width=\"698\" height=\"831\" src=\"https:\/\/hotelgastro.ch\/wp-content\/uploads\/2026\/07\/Unbenannt-30.-Juli-2026-um-14.49.59-2.png\" alt=\"\" class=\"wp-image-10375\" style=\"aspect-ratio:0.8399753913459567;object-fit:cover;width:84px\" srcset=\"https:\/\/hotelgastro.ch\/wp-content\/uploads\/2026\/07\/Unbenannt-30.-Juli-2026-um-14.49.59-2.png 698w, https:\/\/hotelgastro.ch\/wp-content\/uploads\/2026\/07\/Unbenannt-30.-Juli-2026-um-14.49.59-2-252x300.png 252w\" sizes=\"auto, (max-width: 698px) 100vw, 698px\" \/><\/a><\/figure>\n<\/div>\n<\/div>\n\n\n\n<div style=\"height:48px\" aria-hidden=\"true\" class=\"wp-block-spacer\"><\/div>\n\n\n\n<p class=\"wp-block-paragraph\"><strong>Informations importantes :<\/strong><\/p>\n\n\n\n<ul class=\"wp-block-list\">\n<li>L\u2019annulation est gratuite jusqu\u2019\u00e0 7 jours avant l\u2019arriv\u00e9e. Pass\u00e9 ce d\u00e9lai, 100 % des frais seront factur\u00e9s.<\/li>\n\n\n\n<li>Tous les prix s\u2019entendent TVA incluse \/ IDE : CHE-105.839.298 TVA (num\u00e9ro de r\u00e9f\u00e9rence : 261468). Paiement en esp\u00e8ces, par TWINT, carte EC, PostCard, Visa ou Mastercard. Pour les \u00e9v\u00e9nements, nous envoyons volontiers une facture globale.<\/li>\n<\/ul>\n<\/div>\n","protected":false},"excerpt":{"rendered":"<p>De la petite r\u00e9union d\u2019\u00e9quipe \u00e0 la conf\u00e9rence de plusieurs jours, nos locaux modernes, nos forfaits s\u00e9minaires flexibles et notre accompagnement personnalis\u00e9 offrent le cadre id\u00e9al pour ton \u00e9v\u00e9nement, enti\u00e8rement adapt\u00e9 \u00e0 tes besoins. Tu souhaites savoir comment exploiter au mieux chaque m\u00e8tre carr\u00e9 ? Nous sommes \u00e0 ta disposition pour te conseiller et nous [&hellip;]<\/p>\n","protected":false},"author":1,"featured_media":0,"parent":4031,"menu_order":44,"comment_status":"closed","ping_status":"closed","template":"hotel-gastro-formation","meta":{"_acf_changed":false,"footnotes":""},"class_list":["post-6095","page","type-page","status-publish","hentry"],"acf":[],"yoast_head":"<!-- This site is optimized with the Yoast SEO plugin v28.3 - https:\/\/yoast.com\/product\/yoast-seo-wordpress\/ -->\n<title>S\u00e9minaires &amp; conf\u00e9rences - Hotel &amp; Gastro formation<\/title>\n<meta name=\"robots\" content=\"index, follow, max-snippet:-1, max-image-preview:large, max-video-preview:-1\" \/>\n<link rel=\"canonical\" href=\"https:\/\/hotelgastro.ch\/fr\/a-propos-de-nous\/formation-hotelgastro\/centre-de-formation-de-weggis\/des-salles-de-formation-et-de-conference-modulables-pour-des-contenus-percutants\/\" \/>\n<meta property=\"og:locale\" content=\"fr_FR\" \/>\n<meta property=\"og:type\" content=\"article\" \/>\n<meta property=\"og:title\" content=\"S\u00e9minaires &amp; conf\u00e9rences - Hotel &amp; Gastro formation\" \/>\n<meta property=\"og:description\" content=\"De la petite r\u00e9union d\u2019\u00e9quipe \u00e0 la conf\u00e9rence de plusieurs jours, nos locaux modernes, nos forfaits s\u00e9minaires flexibles et notre accompagnement personnalis\u00e9 offrent le cadre id\u00e9al pour ton \u00e9v\u00e9nement, enti\u00e8rement adapt\u00e9 \u00e0 tes besoins. Tu souhaites savoir comment exploiter au mieux chaque m\u00e8tre carr\u00e9 ? Nous sommes \u00e0 ta disposition pour te conseiller et nous [&hellip;]\" \/>\n<meta property=\"og:url\" content=\"https:\/\/hotelgastro.ch\/fr\/a-propos-de-nous\/formation-hotelgastro\/centre-de-formation-de-weggis\/des-salles-de-formation-et-de-conference-modulables-pour-des-contenus-percutants\/\" \/>\n<meta property=\"og:site_name\" content=\"Hotel &amp; Gastro formation\" \/>\n<meta property=\"article:publisher\" content=\"https:\/\/www.facebook.com\/hgfschweiz\" \/>\n<meta property=\"article:modified_time\" content=\"2026-08-19T06:18:46+00:00\" \/>\n<meta property=\"og:image\" content=\"https:\/\/hotelgastro.ch\/wp-content\/uploads\/2026\/07\/ChatGPT-Image-28.-Juli-2026-08_19_48-e1785410974221-1024x521.png\" \/>\n\t<meta property=\"og:image:width\" content=\"1024\" \/>\n\t<meta property=\"og:image:height\" content=\"521\" \/>\n\t<meta property=\"og:image:type\" content=\"image\/png\" \/>\n<meta name=\"twitter:card\" content=\"summary_large_image\" \/>\n<meta name=\"twitter:label1\" content=\"Dur\u00e9e de lecture estim\u00e9e\" \/>\n\t<meta name=\"twitter:data1\" content=\"4 minutes\" \/>\n<script type=\"application\/ld+json\" class=\"yoast-schema-graph\">{\"@context\":\"https:\\\/\\\/schema.org\",\"@graph\":[{\"@type\":\"WebPage\",\"@id\":\"https:\\\/\\\/hotelgastro.ch\\\/fr\\\/a-propos-de-nous\\\/formation-hotelgastro\\\/centre-de-formation-de-weggis\\\/des-salles-de-formation-et-de-conference-modulables-pour-des-contenus-percutants\\\/\",\"url\":\"https:\\\/\\\/hotelgastro.ch\\\/fr\\\/a-propos-de-nous\\\/formation-hotelgastro\\\/centre-de-formation-de-weggis\\\/des-salles-de-formation-et-de-conference-modulables-pour-des-contenus-percutants\\\/\",\"name\":\"S\u00e9minaires & conf\u00e9rences - Hotel &amp; Gastro formation\",\"isPartOf\":{\"@id\":\"https:\\\/\\\/hotelgastro.ch\\\/fr\\\/#website\"},\"primaryImageOfPage\":{\"@id\":\"https:\\\/\\\/hotelgastro.ch\\\/fr\\\/a-propos-de-nous\\\/formation-hotelgastro\\\/centre-de-formation-de-weggis\\\/des-salles-de-formation-et-de-conference-modulables-pour-des-contenus-percutants\\\/#primaryimage\"},\"image\":{\"@id\":\"https:\\\/\\\/hotelgastro.ch\\\/fr\\\/a-propos-de-nous\\\/formation-hotelgastro\\\/centre-de-formation-de-weggis\\\/des-salles-de-formation-et-de-conference-modulables-pour-des-contenus-percutants\\\/#primaryimage\"},\"thumbnailUrl\":\"https:\\\/\\\/hotelgastro.ch\\\/wp-content\\\/uploads\\\/2026\\\/07\\\/ChatGPT-Image-28.-Juli-2026-08_19_48-e1785410974221.png\",\"datePublished\":\"2026-02-26T06:21:49+00:00\",\"dateModified\":\"2026-08-19T06:18:46+00:00\",\"breadcrumb\":{\"@id\":\"https:\\\/\\\/hotelgastro.ch\\\/fr\\\/a-propos-de-nous\\\/formation-hotelgastro\\\/centre-de-formation-de-weggis\\\/des-salles-de-formation-et-de-conference-modulables-pour-des-contenus-percutants\\\/#breadcrumb\"},\"inLanguage\":\"fr-FR\",\"potentialAction\":[{\"@type\":\"ReadAction\",\"target\":[\"https:\\\/\\\/hotelgastro.ch\\\/fr\\\/a-propos-de-nous\\\/formation-hotelgastro\\\/centre-de-formation-de-weggis\\\/des-salles-de-formation-et-de-conference-modulables-pour-des-contenus-percutants\\\/\"]}]},{\"@type\":\"ImageObject\",\"inLanguage\":\"fr-FR\",\"@id\":\"https:\\\/\\\/hotelgastro.ch\\\/fr\\\/a-propos-de-nous\\\/formation-hotelgastro\\\/centre-de-formation-de-weggis\\\/des-salles-de-formation-et-de-conference-modulables-pour-des-contenus-percutants\\\/#primaryimage\",\"url\":\"https:\\\/\\\/hotelgastro.ch\\\/wp-content\\\/uploads\\\/2026\\\/07\\\/ChatGPT-Image-28.-Juli-2026-08_19_48-e1785410974221.png\",\"contentUrl\":\"https:\\\/\\\/hotelgastro.ch\\\/wp-content\\\/uploads\\\/2026\\\/07\\\/ChatGPT-Image-28.-Juli-2026-08_19_48-e1785410974221.png\"},{\"@type\":\"BreadcrumbList\",\"@id\":\"https:\\\/\\\/hotelgastro.ch\\\/fr\\\/a-propos-de-nous\\\/formation-hotelgastro\\\/centre-de-formation-de-weggis\\\/des-salles-de-formation-et-de-conference-modulables-pour-des-contenus-percutants\\\/#breadcrumb\",\"itemListElement\":[{\"@type\":\"ListItem\",\"position\":1,\"name\":\"Home\",\"item\":\"https:\\\/\\\/hotelgastro.ch\\\/fr\\\/\"},{\"@type\":\"ListItem\",\"position\":2,\"name\":\"\u00c0 propos de nous\",\"item\":\"https:\\\/\\\/hotelgastro.ch\\\/fr\\\/ueber-uns\\\/\"},{\"@type\":\"ListItem\",\"position\":3,\"name\":\"Formation h\u00f4tel&amp;gastro\",\"item\":\"https:\\\/\\\/hotelgastro.ch\\\/fr\\\/ueber-uns\\\/hotelgastro-formation\\\/\"},{\"@type\":\"ListItem\",\"position\":4,\"name\":\"Centre de formation de Weggis\",\"item\":\"https:\\\/\\\/hotelgastro.ch\\\/fr\\\/a-propos-de-nous\\\/formation-hotelgastro\\\/centre-de-formation-de-weggis\\\/\"},{\"@type\":\"ListItem\",\"position\":5,\"name\":\"S\u00e9minaires &#038; conf\u00e9rences\"}]},{\"@type\":\"WebSite\",\"@id\":\"https:\\\/\\\/hotelgastro.ch\\\/fr\\\/#website\",\"url\":\"https:\\\/\\\/hotelgastro.ch\\\/fr\\\/\",\"name\":\"Karriere Hotel Gastro\",\"description\":\"\",\"publisher\":{\"@id\":\"https:\\\/\\\/hotelgastro.ch\\\/fr\\\/#organization\"},\"potentialAction\":[{\"@type\":\"SearchAction\",\"target\":{\"@type\":\"EntryPoint\",\"urlTemplate\":\"https:\\\/\\\/hotelgastro.ch\\\/fr\\\/?s={search_term_string}\"},\"query-input\":{\"@type\":\"PropertyValueSpecification\",\"valueRequired\":true,\"valueName\":\"search_term_string\"}}],\"inLanguage\":\"fr-FR\"},{\"@type\":\"Organization\",\"@id\":\"https:\\\/\\\/hotelgastro.ch\\\/fr\\\/#organization\",\"name\":\"Karriere Hotel Gastro\",\"url\":\"https:\\\/\\\/hotelgastro.ch\\\/fr\\\/\",\"logo\":{\"@type\":\"ImageObject\",\"inLanguage\":\"fr-FR\",\"@id\":\"https:\\\/\\\/hotelgastro.ch\\\/fr\\\/#\\\/schema\\\/logo\\\/image\\\/\",\"url\":\"https:\\\/\\\/hotelgastro.ch\\\/wp-content\\\/uploads\\\/2026\\\/02\\\/HGf_3Verbandslogo_feb2026_FR.svg\",\"contentUrl\":\"https:\\\/\\\/hotelgastro.ch\\\/wp-content\\\/uploads\\\/2026\\\/02\\\/HGf_3Verbandslogo_feb2026_FR.svg\",\"width\":377,\"height\":61,\"caption\":\"Karriere Hotel Gastro\"},\"image\":{\"@id\":\"https:\\\/\\\/hotelgastro.ch\\\/fr\\\/#\\\/schema\\\/logo\\\/image\\\/\"},\"sameAs\":[\"https:\\\/\\\/www.facebook.com\\\/hgfschweiz\",\"https:\\\/\\\/www.linkedin.com\\\/company\\\/hotelgastroformationschweiz\\\/posts\\\/?feedView=all\"]}]}<\/script>\n<!-- \/ Yoast SEO plugin. -->","yoast_head_json":{"title":"S\u00e9minaires & conf\u00e9rences - Hotel &amp; Gastro formation","robots":{"index":"index","follow":"follow","max-snippet":"max-snippet:-1","max-image-preview":"max-image-preview:large","max-video-preview":"max-video-preview:-1"},"canonical":"https:\/\/hotelgastro.ch\/fr\/a-propos-de-nous\/formation-hotelgastro\/centre-de-formation-de-weggis\/des-salles-de-formation-et-de-conference-modulables-pour-des-contenus-percutants\/","og_locale":"fr_FR","og_type":"article","og_title":"S\u00e9minaires & conf\u00e9rences - Hotel &amp; Gastro formation","og_description":"De la petite r\u00e9union d\u2019\u00e9quipe \u00e0 la conf\u00e9rence de plusieurs jours, nos locaux modernes, nos forfaits s\u00e9minaires flexibles et notre accompagnement personnalis\u00e9 offrent le cadre id\u00e9al pour ton \u00e9v\u00e9nement, enti\u00e8rement adapt\u00e9 \u00e0 tes besoins. Tu souhaites savoir comment exploiter au mieux chaque m\u00e8tre carr\u00e9 ? Nous sommes \u00e0 ta disposition pour te conseiller et nous [&hellip;]","og_url":"https:\/\/hotelgastro.ch\/fr\/a-propos-de-nous\/formation-hotelgastro\/centre-de-formation-de-weggis\/des-salles-de-formation-et-de-conference-modulables-pour-des-contenus-percutants\/","og_site_name":"Hotel &amp; Gastro formation","article_publisher":"https:\/\/www.facebook.com\/hgfschweiz","article_modified_time":"2026-08-19T06:18:46+00:00","og_image":[{"width":1024,"height":521,"url":"https:\/\/hotelgastro.ch\/wp-content\/uploads\/2026\/07\/ChatGPT-Image-28.-Juli-2026-08_19_48-e1785410974221-1024x521.png","type":"image\/png"}],"twitter_card":"summary_large_image","twitter_misc":{"Dur\u00e9e de lecture estim\u00e9e":"4 minutes"},"schema":{"@context":"https:\/\/schema.org","@graph":[{"@type":"WebPage","@id":"https:\/\/hotelgastro.ch\/fr\/a-propos-de-nous\/formation-hotelgastro\/centre-de-formation-de-weggis\/des-salles-de-formation-et-de-conference-modulables-pour-des-contenus-percutants\/","url":"https:\/\/hotelgastro.ch\/fr\/a-propos-de-nous\/formation-hotelgastro\/centre-de-formation-de-weggis\/des-salles-de-formation-et-de-conference-modulables-pour-des-contenus-percutants\/","name":"S\u00e9minaires & conf\u00e9rences - Hotel &amp; Gastro formation","isPartOf":{"@id":"https:\/\/hotelgastro.ch\/fr\/#website"},"primaryImageOfPage":{"@id":"https:\/\/hotelgastro.ch\/fr\/a-propos-de-nous\/formation-hotelgastro\/centre-de-formation-de-weggis\/des-salles-de-formation-et-de-conference-modulables-pour-des-contenus-percutants\/#primaryimage"},"image":{"@id":"https:\/\/hotelgastro.ch\/fr\/a-propos-de-nous\/formation-hotelgastro\/centre-de-formation-de-weggis\/des-salles-de-formation-et-de-conference-modulables-pour-des-contenus-percutants\/#primaryimage"},"thumbnailUrl":"https:\/\/hotelgastro.ch\/wp-content\/uploads\/2026\/07\/ChatGPT-Image-28.-Juli-2026-08_19_48-e1785410974221.png","datePublished":"2026-02-26T06:21:49+00:00","dateModified":"2026-08-19T06:18:46+00:00","breadcrumb":{"@id":"https:\/\/hotelgastro.ch\/fr\/a-propos-de-nous\/formation-hotelgastro\/centre-de-formation-de-weggis\/des-salles-de-formation-et-de-conference-modulables-pour-des-contenus-percutants\/#breadcrumb"},"inLanguage":"fr-FR","potentialAction":[{"@type":"ReadAction","target":["https:\/\/hotelgastro.ch\/fr\/a-propos-de-nous\/formation-hotelgastro\/centre-de-formation-de-weggis\/des-salles-de-formation-et-de-conference-modulables-pour-des-contenus-percutants\/"]}]},{"@type":"ImageObject","inLanguage":"fr-FR","@id":"https:\/\/hotelgastro.ch\/fr\/a-propos-de-nous\/formation-hotelgastro\/centre-de-formation-de-weggis\/des-salles-de-formation-et-de-conference-modulables-pour-des-contenus-percutants\/#primaryimage","url":"https:\/\/hotelgastro.ch\/wp-content\/uploads\/2026\/07\/ChatGPT-Image-28.-Juli-2026-08_19_48-e1785410974221.png","contentUrl":"https:\/\/hotelgastro.ch\/wp-content\/uploads\/2026\/07\/ChatGPT-Image-28.-Juli-2026-08_19_48-e1785410974221.png"},{"@type":"BreadcrumbList","@id":"https:\/\/hotelgastro.ch\/fr\/a-propos-de-nous\/formation-hotelgastro\/centre-de-formation-de-weggis\/des-salles-de-formation-et-de-conference-modulables-pour-des-contenus-percutants\/#breadcrumb","itemListElement":[{"@type":"ListItem","position":1,"name":"Home","item":"https:\/\/hotelgastro.ch\/fr\/"},{"@type":"ListItem","position":2,"name":"\u00c0 propos de nous","item":"https:\/\/hotelgastro.ch\/fr\/ueber-uns\/"},{"@type":"ListItem","position":3,"name":"Formation h\u00f4tel&amp;gastro","item":"https:\/\/hotelgastro.ch\/fr\/ueber-uns\/hotelgastro-formation\/"},{"@type":"ListItem","position":4,"name":"Centre de formation de Weggis","item":"https:\/\/hotelgastro.ch\/fr\/a-propos-de-nous\/formation-hotelgastro\/centre-de-formation-de-weggis\/"},{"@type":"ListItem","position":5,"name":"S\u00e9minaires &#038; conf\u00e9rences"}]},{"@type":"WebSite","@id":"https:\/\/hotelgastro.ch\/fr\/#website","url":"https:\/\/hotelgastro.ch\/fr\/","name":"Karriere Hotel Gastro","description":"","publisher":{"@id":"https:\/\/hotelgastro.ch\/fr\/#organization"},"potentialAction":[{"@type":"SearchAction","target":{"@type":"EntryPoint","urlTemplate":"https:\/\/hotelgastro.ch\/fr\/?s={search_term_string}"},"query-input":{"@type":"PropertyValueSpecification","valueRequired":true,"valueName":"search_term_string"}}],"inLanguage":"fr-FR"},{"@type":"Organization","@id":"https:\/\/hotelgastro.ch\/fr\/#organization","name":"Karriere Hotel Gastro","url":"https:\/\/hotelgastro.ch\/fr\/","logo":{"@type":"ImageObject","inLanguage":"fr-FR","@id":"https:\/\/hotelgastro.ch\/fr\/#\/schema\/logo\/image\/","url":"https:\/\/hotelgastro.ch\/wp-content\/uploads\/2026\/02\/HGf_3Verbandslogo_feb2026_FR.svg","contentUrl":"https:\/\/hotelgastro.ch\/wp-content\/uploads\/2026\/02\/HGf_3Verbandslogo_feb2026_FR.svg","width":377,"height":61,"caption":"Karriere Hotel Gastro"},"image":{"@id":"https:\/\/hotelgastro.ch\/fr\/#\/schema\/logo\/image\/"},"sameAs":["https:\/\/www.facebook.com\/hgfschweiz","https:\/\/www.linkedin.com\/company\/hotelgastroformationschweiz\/posts\/?feedView=all"]}]}},"_links":{"self":[{"href":"https:\/\/hotelgastro.ch\/fr\/wp-json\/wp\/v2\/pages\/6095","targetHints":{"allow":["GET"]}}],"collection":[{"href":"https:\/\/hotelgastro.ch\/fr\/wp-json\/wp\/v2\/pages"}],"about":[{"href":"https:\/\/hotelgastro.ch\/fr\/wp-json\/wp\/v2\/types\/page"}],"author":[{"embeddable":true,"href":"https:\/\/hotelgastro.ch\/fr\/wp-json\/wp\/v2\/users\/1"}],"replies":[{"embeddable":true,"href":"https:\/\/hotelgastro.ch\/fr\/wp-json\/wp\/v2\/comments?post=6095"}],"version-history":[{"count":9,"href":"https:\/\/hotelgastro.ch\/fr\/wp-json\/wp\/v2\/pages\/6095\/revisions"}],"predecessor-version":[{"id":10998,"href":"https:\/\/hotelgastro.ch\/fr\/wp-json\/wp\/v2\/pages\/6095\/revisions\/10998"}],"up":[{"embeddable":true,"href":"https:\/\/hotelgastro.ch\/fr\/wp-json\/wp\/v2\/pages\/4031"}],"wp:attachment":[{"href":"https:\/\/hotelgastro.ch\/fr\/wp-json\/wp\/v2\/media?parent=6095"}],"curies":[{"name":"wp","href":"https:\/\/api.w.org\/{rel}","templated":true}]}}