{"id":5526,"date":"2026-02-26T11:57:49","date_gmt":"2026-02-26T10:57:49","guid":{"rendered":"https:\/\/hotelgastro.ch\/chi-siamo\/formazione-albergogastro\/centro-di-formazione-weggis\/geniessen-im-bildungszentrum\/"},"modified":"2026-08-19T11:17:23","modified_gmt":"2026-08-19T09:17:23","slug":"kulinarik","status":"publish","type":"page","link":"https:\/\/hotelgastro.ch\/it\/chi-siamo\/formazione-albergogastro\/centro-di-formazione-weggis\/kulinarik\/","title":{"rendered":"Una cucina che convince"},"content":{"rendered":"\n<div class=\"wp-block-cover is-light\"><img loading=\"lazy\" decoding=\"async\" width=\"1536\" height=\"1024\" class=\"wp-block-cover__image-background wp-image-9828 size-full\" alt=\"\" src=\"https:\/\/hotelgastro.ch\/wp-content\/uploads\/2026\/07\/24973705-9b7b-4c6c-86d2-f7f24a0b5bd3.png\" style=\"object-position:97% 56%\" data-object-fit=\"cover\" data-object-position=\"97% 56%\" srcset=\"https:\/\/hotelgastro.ch\/wp-content\/uploads\/2026\/07\/24973705-9b7b-4c6c-86d2-f7f24a0b5bd3.png 1536w, https:\/\/hotelgastro.ch\/wp-content\/uploads\/2026\/07\/24973705-9b7b-4c6c-86d2-f7f24a0b5bd3-300x200.png 300w, https:\/\/hotelgastro.ch\/wp-content\/uploads\/2026\/07\/24973705-9b7b-4c6c-86d2-f7f24a0b5bd3-1024x683.png 1024w, https:\/\/hotelgastro.ch\/wp-content\/uploads\/2026\/07\/24973705-9b7b-4c6c-86d2-f7f24a0b5bd3-768x512.png 768w\" sizes=\"auto, (max-width: 1536px) 100vw, 1536px\" \/><span aria-hidden=\"true\" class=\"wp-block-cover__background has-background-dim-10 has-background-dim\"><\/span><div class=\"wp-block-cover__inner-container is-layout-constrained wp-block-cover-is-layout-constrained\">\n<h1 class=\"wp-block-heading\" style=\"font-style:normal;font-weight:700\"><mark style=\"background-color:rgba(0, 0, 0, 0)\" class=\"has-inline-color has-background-color\">Una cucina che convince<\/mark><\/h1>\n<\/div><\/div>\n\n\n\n<div class=\"wp-block-group is-layout-constrained wp-block-group-is-layout-constrained\">\n<div class=\"wp-block-group is-layout-constrained wp-block-group-is-layout-constrained\">\n<div style=\"height:48px\" aria-hidden=\"true\" class=\"wp-block-spacer\"><\/div>\n\n\n\n<p class=\"wp-block-paragraph\"><strong>Cucina personalizzata per i nostri ospiti<\/strong><\/p>\n\n\n\n<p class=\"wp-block-paragraph\">In base agli accordi, creiamo proposte di menu personalizzate per il tuo evento, adattate all\u2019occasione, al gruppo target e al budget. Su richiesta, alcune offerte sono disponibili anche durante il fine settimana. <\/p>\n\n\n\n<p class=\"wp-block-paragraph\">Saremo lieti di offrirti una consulenza personalizzata e di preparare un preventivo senza impegno.<\/p>\n<\/div>\n\n\n\n<div class=\"wp-block-buttons is-layout-flex wp-block-buttons-is-layout-flex\">\n<div class=\"wp-block-button\"><a class=\"wp-block-button__link wp-element-button\" href=\"https:\/\/hotelgastro.ch\/it\/chi-siamo\/formazione-albergogastro\/contatto\/\" target=\"_blank\" rel=\"noreferrer noopener\">Contatto<\/a><\/div>\n<\/div>\n<\/div>\n\n\n\n<div class=\"wp-block-group is-layout-constrained wp-block-group-is-layout-constrained\">\n<div style=\"height:48px\" aria-hidden=\"true\" class=\"wp-block-spacer\"><\/div>\n\n\n\n<p class=\"wp-block-paragraph\"><strong>Menu settimanale<\/strong><\/p>\n\n\n\n<p class=\"wp-block-paragraph\">Al ristorante Federweiss ti aspettano, dal luned\u00ec al venerd\u00ec, piatti preparati freschi ogni giorno, stagionali, vari e di alta qualit\u00e0. I menu vegetariani sono naturalmente disponibili. Su richiesta, prepariamo volentieri anche varianti vegane o alternative in caso di allergie.  <\/p>\n\n\n\n<div class=\"wp-block-buttons is-layout-flex wp-block-buttons-is-layout-flex\">\n<div class=\"wp-block-button\"><a class=\"wp-block-button__link wp-element-button\" href=\"https:\/\/hotelgastro.ch\/menueplan\/\" target=\"_blank\" rel=\"noreferrer noopener\">Menu settimanale<\/a><\/div>\n<\/div>\n<\/div>\n\n\n\n<div style=\"height:48px\" aria-hidden=\"true\" class=\"wp-block-spacer\"><\/div>\n\n\n\n<div class=\"wp-block-group is-layout-constrained wp-block-group-is-layout-constrained\">\n<p class=\"wp-block-paragraph\">Qui trovi alcune impressioni della nostra cucina gourmet in occasione di diversi eventi.<\/p>\n\n\n\n<div style=\"height:24px\" aria-hidden=\"true\" class=\"wp-block-spacer\"><\/div>\n<\/div>\n\n\n\n<div class=\"wp-block-group is-layout-constrained wp-block-group-is-layout-constrained\">\n<div class=\"wp-block-columns is-layout-flex wp-container-core-columns-is-layout-7387b849 wp-block-columns-is-layout-flex\">\n<div class=\"wp-block-column is-layout-flow wp-block-column-is-layout-flow\">\n<figure class=\"wp-block-gallery has-nested-images columns-default is-cropped wp-block-gallery-1 is-layout-flex wp-block-gallery-is-layout-flex\">\n<figure class=\"wp-block-image size-large\"><img loading=\"lazy\" decoding=\"async\" width=\"1024\" height=\"735\" data-id=\"9794\" src=\"https:\/\/hotelgastro.ch\/wp-content\/uploads\/2026\/07\/ChatGPT-Image-10.-Juli-2026-09_53_06-3-1024x735.png\" alt=\"\" class=\"wp-image-9794\" srcset=\"https:\/\/hotelgastro.ch\/wp-content\/uploads\/2026\/07\/ChatGPT-Image-10.-Juli-2026-09_53_06-3-1024x735.png 1024w, https:\/\/hotelgastro.ch\/wp-content\/uploads\/2026\/07\/ChatGPT-Image-10.-Juli-2026-09_53_06-3-300x215.png 300w, https:\/\/hotelgastro.ch\/wp-content\/uploads\/2026\/07\/ChatGPT-Image-10.-Juli-2026-09_53_06-3-768x551.png 768w, https:\/\/hotelgastro.ch\/wp-content\/uploads\/2026\/07\/ChatGPT-Image-10.-Juli-2026-09_53_06-3.png 1426w\" sizes=\"auto, (max-width: 1024px) 100vw, 1024px\" \/><\/figure>\n<\/figure>\n<\/div>\n\n\n\n<div class=\"wp-block-column is-layout-flow wp-block-column-is-layout-flow\">\n<figure class=\"wp-block-image size-large\"><img loading=\"lazy\" decoding=\"async\" width=\"1024\" height=\"738\" src=\"https:\/\/hotelgastro.ch\/wp-content\/uploads\/2026\/07\/ChatGPT-Image-10.-Juli-2026-09_48_32-1-1024x738.png\" alt=\"\" class=\"wp-image-9795\" srcset=\"https:\/\/hotelgastro.ch\/wp-content\/uploads\/2026\/07\/ChatGPT-Image-10.-Juli-2026-09_48_32-1-1024x738.png 1024w, https:\/\/hotelgastro.ch\/wp-content\/uploads\/2026\/07\/ChatGPT-Image-10.-Juli-2026-09_48_32-1-300x216.png 300w, https:\/\/hotelgastro.ch\/wp-content\/uploads\/2026\/07\/ChatGPT-Image-10.-Juli-2026-09_48_32-1-768x553.png 768w, https:\/\/hotelgastro.ch\/wp-content\/uploads\/2026\/07\/ChatGPT-Image-10.-Juli-2026-09_48_32-1.png 1445w\" sizes=\"auto, (max-width: 1024px) 100vw, 1024px\" \/><\/figure>\n<\/div>\n\n\n\n<div class=\"wp-block-column is-layout-flow wp-block-column-is-layout-flow\">\n<figure class=\"wp-block-image size-large\"><img loading=\"lazy\" decoding=\"async\" width=\"1024\" height=\"733\" src=\"https:\/\/hotelgastro.ch\/wp-content\/uploads\/2026\/07\/ChatGPT-Image-10.-Juli-2026-09_45_30-1-1024x733.png\" alt=\"\" class=\"wp-image-9796\" srcset=\"https:\/\/hotelgastro.ch\/wp-content\/uploads\/2026\/07\/ChatGPT-Image-10.-Juli-2026-09_45_30-1-1024x733.png 1024w, https:\/\/hotelgastro.ch\/wp-content\/uploads\/2026\/07\/ChatGPT-Image-10.-Juli-2026-09_45_30-1-300x215.png 300w, https:\/\/hotelgastro.ch\/wp-content\/uploads\/2026\/07\/ChatGPT-Image-10.-Juli-2026-09_45_30-1-768x550.png 768w, https:\/\/hotelgastro.ch\/wp-content\/uploads\/2026\/07\/ChatGPT-Image-10.-Juli-2026-09_45_30-1.png 1445w\" sizes=\"auto, (max-width: 1024px) 100vw, 1024px\" \/><\/figure>\n<\/div>\n<\/div>\n\n\n\n<div class=\"wp-block-columns is-layout-flex wp-container-core-columns-is-layout-7387b849 wp-block-columns-is-layout-flex\">\n<div class=\"wp-block-column is-layout-flow wp-block-column-is-layout-flow\">\n<figure class=\"wp-block-image size-large\"><img loading=\"lazy\" decoding=\"async\" width=\"1024\" height=\"771\" src=\"https:\/\/hotelgastro.ch\/wp-content\/uploads\/2026\/07\/ChatGPT-Image-10.-Juli-2026-10_41_00-1024x771.png\" alt=\"\" class=\"wp-image-9644\" srcset=\"https:\/\/hotelgastro.ch\/wp-content\/uploads\/2026\/07\/ChatGPT-Image-10.-Juli-2026-10_41_00-1024x771.png 1024w, https:\/\/hotelgastro.ch\/wp-content\/uploads\/2026\/07\/ChatGPT-Image-10.-Juli-2026-10_41_00-300x226.png 300w, https:\/\/hotelgastro.ch\/wp-content\/uploads\/2026\/07\/ChatGPT-Image-10.-Juli-2026-10_41_00-768x578.png 768w, https:\/\/hotelgastro.ch\/wp-content\/uploads\/2026\/07\/ChatGPT-Image-10.-Juli-2026-10_41_00.png 1445w\" sizes=\"auto, (max-width: 1024px) 100vw, 1024px\" \/><\/figure>\n<\/div>\n\n\n\n<div class=\"wp-block-column is-layout-flow wp-block-column-is-layout-flow\">\n<div class=\"wp-block-group is-layout-constrained wp-block-group-is-layout-constrained\">\n<figure class=\"wp-block-image size-large\"><img loading=\"lazy\" decoding=\"async\" width=\"1024\" height=\"771\" src=\"https:\/\/hotelgastro.ch\/wp-content\/uploads\/2026\/07\/ChatGPT-Image-10.-Juli-2026-09_50_38-1024x771.png\" alt=\"\" class=\"wp-image-9615\" srcset=\"https:\/\/hotelgastro.ch\/wp-content\/uploads\/2026\/07\/ChatGPT-Image-10.-Juli-2026-09_50_38-1024x771.png 1024w, https:\/\/hotelgastro.ch\/wp-content\/uploads\/2026\/07\/ChatGPT-Image-10.-Juli-2026-09_50_38-300x226.png 300w, https:\/\/hotelgastro.ch\/wp-content\/uploads\/2026\/07\/ChatGPT-Image-10.-Juli-2026-09_50_38-768x578.png 768w, https:\/\/hotelgastro.ch\/wp-content\/uploads\/2026\/07\/ChatGPT-Image-10.-Juli-2026-09_50_38.png 1445w\" sizes=\"auto, (max-width: 1024px) 100vw, 1024px\" \/><\/figure>\n<\/div>\n<\/div>\n\n\n\n<div class=\"wp-block-column is-layout-flow wp-block-column-is-layout-flow\">\n<figure class=\"wp-block-gallery has-nested-images columns-default is-cropped wp-block-gallery-3 is-layout-flex wp-block-gallery-is-layout-flex\">\n<figure class=\"wp-block-image size-large wp-duotone-unset-2\"><img loading=\"lazy\" decoding=\"async\" width=\"1024\" height=\"769\" data-id=\"9627\" src=\"https:\/\/hotelgastro.ch\/wp-content\/uploads\/2026\/07\/e357e0ca-2409-42bc-b1b8-e165667e82ce-1024x769.png\" alt=\"\" class=\"wp-image-9627\" srcset=\"https:\/\/hotelgastro.ch\/wp-content\/uploads\/2026\/07\/e357e0ca-2409-42bc-b1b8-e165667e82ce-1024x769.png 1024w, https:\/\/hotelgastro.ch\/wp-content\/uploads\/2026\/07\/e357e0ca-2409-42bc-b1b8-e165667e82ce-300x225.png 300w, https:\/\/hotelgastro.ch\/wp-content\/uploads\/2026\/07\/e357e0ca-2409-42bc-b1b8-e165667e82ce-768x577.png 768w, https:\/\/hotelgastro.ch\/wp-content\/uploads\/2026\/07\/e357e0ca-2409-42bc-b1b8-e165667e82ce.png 1447w\" sizes=\"auto, (max-width: 1024px) 100vw, 1024px\" \/><\/figure>\n<\/figure>\n<\/div>\n<\/div>\n\n\n\n<div style=\"height:24px\" aria-hidden=\"true\" class=\"wp-block-spacer\"><\/div>\n\n\n\n<div class=\"wp-block-columns is-layout-flex wp-container-core-columns-is-layout-7387b849 wp-block-columns-is-layout-flex\">\n<div class=\"wp-block-column is-layout-flow wp-block-column-is-layout-flow\">\n<figure class=\"wp-block-image alignright size-full is-resized\"><a href=\"https:\/\/hotelgastro.ch\/it\/chi-siamo\/formazione-albergogastro\/centro-di-formazione-weggis\/come-arrivare\/\" target=\"_blank\" rel=\" noreferrer noopener\"><img loading=\"lazy\" decoding=\"async\" width=\"821\" height=\"641\" src=\"https:\/\/hotelgastro.ch\/wp-content\/uploads\/2026\/08\/Unbenannt-18.-August-2026-um-13.24.05-1-1.png\" alt=\"\" class=\"wp-image-11014\" style=\"aspect-ratio:1.2809340143854895;width:124px;height:auto\" srcset=\"https:\/\/hotelgastro.ch\/wp-content\/uploads\/2026\/08\/Unbenannt-18.-August-2026-um-13.24.05-1-1.png 821w, https:\/\/hotelgastro.ch\/wp-content\/uploads\/2026\/08\/Unbenannt-18.-August-2026-um-13.24.05-1-1-300x234.png 300w, https:\/\/hotelgastro.ch\/wp-content\/uploads\/2026\/08\/Unbenannt-18.-August-2026-um-13.24.05-1-1-768x600.png 768w\" sizes=\"auto, (max-width: 821px) 100vw, 821px\" \/><\/a><\/figure>\n<\/div>\n\n\n\n<div class=\"wp-block-column is-layout-flow wp-block-column-is-layout-flow\"><\/div>\n\n\n\n<div class=\"wp-block-column is-layout-flow wp-block-column-is-layout-flow\">\n<figure class=\"wp-block-image size-full is-resized\"><a href=\"https:\/\/hotelgastro.ch\/it\/chi-siamo\/formazione-albergogastro\/impressioni\/\" target=\"_blank\" rel=\" noreferrer noopener\"><img loading=\"lazy\" decoding=\"async\" width=\"535\" height=\"678\" src=\"https:\/\/hotelgastro.ch\/wp-content\/uploads\/2026\/08\/Unbenannt-18.-August-2026-um-13.24.05-2-2.png\" alt=\"\" class=\"wp-image-11016\" style=\"aspect-ratio:0.789108656563062;width:80px;height:auto\" srcset=\"https:\/\/hotelgastro.ch\/wp-content\/uploads\/2026\/08\/Unbenannt-18.-August-2026-um-13.24.05-2-2.png 535w, https:\/\/hotelgastro.ch\/wp-content\/uploads\/2026\/08\/Unbenannt-18.-August-2026-um-13.24.05-2-2-237x300.png 237w\" sizes=\"auto, (max-width: 535px) 100vw, 535px\" \/><\/a><\/figure>\n<\/div>\n<\/div>\n\n\n\n<div style=\"height:48px\" aria-hidden=\"true\" class=\"wp-block-spacer\"><\/div>\n\n\n\n<p class=\"wp-block-paragraph\"><strong>Informazioni importanti:<\/strong><\/p>\n\n\n\n<ul class=\"wp-block-list\">\n<li>Per le bevande alcoliche portate da casa e consumate nel ristorante verr\u00e0 addebitato un costo di CHF 15 per bottiglia.<\/li>\n\n\n\n<li>La cancellazione \u00e8 gratuita fino a 7 giorni prima dell\u2019arrivo. Trascorso questo termine, verr\u00e0 addebitato il 100% dei costi di ristorazione indicati nell\u2019offerta.<\/li>\n\n\n\n<li>Tutti i prezzi sono comprensivi di IVA \/ UID: CHE-105.839.298 IVA (numero di riferimento: 261468) Pagamento in contanti, Twint, carta EC, Postcard, Visa e Mastercard (per eventi speciali saremo lieti di inviare una fattura complessiva).<\/li>\n<\/ul>\n<\/div>\n\n\n\n<p class=\"wp-block-paragraph\"><\/p>\n","protected":false},"excerpt":{"rendered":"<p>Cucina personalizzata per i nostri ospiti In base agli accordi, creiamo proposte di menu personalizzate per il tuo evento, adattate all\u2019occasione, al gruppo target e al budget. Su richiesta, alcune offerte sono disponibili anche durante il fine settimana. Saremo lieti di offrirti una consulenza personalizzata e di preparare un preventivo senza impegno. Menu settimanale Al [&hellip;]<\/p>\n","protected":false},"author":3,"featured_media":0,"parent":4024,"menu_order":38,"comment_status":"closed","ping_status":"closed","template":"hotel-gastro-formation","meta":{"_acf_changed":false,"footnotes":""},"class_list":["post-5526","page","type-page","status-publish","hentry"],"acf":[],"yoast_head":"<!-- This site is optimized with the Yoast SEO plugin v28.3 - https:\/\/yoast.com\/product\/yoast-seo-wordpress\/ -->\n<title>Una cucina che convince - Hotel &amp; Gastro formation<\/title>\n<meta name=\"robots\" content=\"index, follow, max-snippet:-1, max-image-preview:large, max-video-preview:-1\" \/>\n<link rel=\"canonical\" href=\"https:\/\/hotelgastro.ch\/it\/chi-siamo\/formazione-albergogastro\/centro-di-formazione-weggis\/kulinarik\/\" \/>\n<meta property=\"og:locale\" content=\"it_IT\" \/>\n<meta property=\"og:type\" content=\"article\" \/>\n<meta property=\"og:title\" content=\"Una cucina che convince - Hotel &amp; Gastro formation\" \/>\n<meta property=\"og:description\" content=\"Cucina personalizzata per i nostri ospiti In base agli accordi, creiamo proposte di menu personalizzate per il tuo evento, adattate all\u2019occasione, al gruppo target e al budget. Su richiesta, alcune offerte sono disponibili anche durante il fine settimana. Saremo lieti di offrirti una consulenza personalizzata e di preparare un preventivo senza impegno. Menu settimanale Al [&hellip;]\" \/>\n<meta property=\"og:url\" content=\"https:\/\/hotelgastro.ch\/it\/chi-siamo\/formazione-albergogastro\/centro-di-formazione-weggis\/kulinarik\/\" \/>\n<meta property=\"og:site_name\" content=\"Hotel &amp; Gastro formation\" \/>\n<meta property=\"article:publisher\" content=\"https:\/\/www.facebook.com\/hgfschweiz\" \/>\n<meta property=\"article:modified_time\" content=\"2026-08-19T09:17:23+00:00\" \/>\n<meta property=\"og:image\" content=\"https:\/\/hotelgastro.ch\/wp-content\/uploads\/2026\/07\/24973705-9b7b-4c6c-86d2-f7f24a0b5bd3.png\" \/>\n\t<meta property=\"og:image:width\" content=\"1536\" \/>\n\t<meta property=\"og:image:height\" content=\"1024\" \/>\n\t<meta property=\"og:image:type\" content=\"image\/png\" \/>\n<meta name=\"twitter:card\" content=\"summary_large_image\" \/>\n<meta name=\"twitter:label1\" content=\"Tempo di lettura stimato\" \/>\n\t<meta name=\"twitter:data1\" content=\"3 minuto\" \/>\n<script type=\"application\/ld+json\" class=\"yoast-schema-graph\">{\"@context\":\"https:\\\/\\\/schema.org\",\"@graph\":[{\"@type\":\"WebPage\",\"@id\":\"https:\\\/\\\/hotelgastro.ch\\\/it\\\/chi-siamo\\\/formazione-albergogastro\\\/centro-di-formazione-weggis\\\/kulinarik\\\/\",\"url\":\"https:\\\/\\\/hotelgastro.ch\\\/it\\\/chi-siamo\\\/formazione-albergogastro\\\/centro-di-formazione-weggis\\\/kulinarik\\\/\",\"name\":\"Una cucina che convince - Hotel &amp; Gastro formation\",\"isPartOf\":{\"@id\":\"https:\\\/\\\/hotelgastro.ch\\\/it\\\/#website\"},\"primaryImageOfPage\":{\"@id\":\"https:\\\/\\\/hotelgastro.ch\\\/it\\\/chi-siamo\\\/formazione-albergogastro\\\/centro-di-formazione-weggis\\\/kulinarik\\\/#primaryimage\"},\"image\":{\"@id\":\"https:\\\/\\\/hotelgastro.ch\\\/it\\\/chi-siamo\\\/formazione-albergogastro\\\/centro-di-formazione-weggis\\\/kulinarik\\\/#primaryimage\"},\"thumbnailUrl\":\"https:\\\/\\\/hotelgastro.ch\\\/wp-content\\\/uploads\\\/2026\\\/07\\\/24973705-9b7b-4c6c-86d2-f7f24a0b5bd3.png\",\"datePublished\":\"2026-02-26T10:57:49+00:00\",\"dateModified\":\"2026-08-19T09:17:23+00:00\",\"breadcrumb\":{\"@id\":\"https:\\\/\\\/hotelgastro.ch\\\/it\\\/chi-siamo\\\/formazione-albergogastro\\\/centro-di-formazione-weggis\\\/kulinarik\\\/#breadcrumb\"},\"inLanguage\":\"it-IT\",\"potentialAction\":[{\"@type\":\"ReadAction\",\"target\":[\"https:\\\/\\\/hotelgastro.ch\\\/it\\\/chi-siamo\\\/formazione-albergogastro\\\/centro-di-formazione-weggis\\\/kulinarik\\\/\"]}]},{\"@type\":\"ImageObject\",\"inLanguage\":\"it-IT\",\"@id\":\"https:\\\/\\\/hotelgastro.ch\\\/it\\\/chi-siamo\\\/formazione-albergogastro\\\/centro-di-formazione-weggis\\\/kulinarik\\\/#primaryimage\",\"url\":\"https:\\\/\\\/hotelgastro.ch\\\/wp-content\\\/uploads\\\/2026\\\/07\\\/24973705-9b7b-4c6c-86d2-f7f24a0b5bd3.png\",\"contentUrl\":\"https:\\\/\\\/hotelgastro.ch\\\/wp-content\\\/uploads\\\/2026\\\/07\\\/24973705-9b7b-4c6c-86d2-f7f24a0b5bd3.png\"},{\"@type\":\"BreadcrumbList\",\"@id\":\"https:\\\/\\\/hotelgastro.ch\\\/it\\\/chi-siamo\\\/formazione-albergogastro\\\/centro-di-formazione-weggis\\\/kulinarik\\\/#breadcrumb\",\"itemListElement\":[{\"@type\":\"ListItem\",\"position\":1,\"name\":\"Home\",\"item\":\"https:\\\/\\\/hotelgastro.ch\\\/it\\\/\"},{\"@type\":\"ListItem\",\"position\":2,\"name\":\"Chi siamo\",\"item\":\"https:\\\/\\\/hotelgastro.ch\\\/it\\\/ueber-uns\\\/\"},{\"@type\":\"ListItem\",\"position\":3,\"name\":\"Formazione albergo&amp;Gastro\",\"item\":\"https:\\\/\\\/hotelgastro.ch\\\/it\\\/ueber-uns\\\/hotelgastro-formation\\\/\"},{\"@type\":\"ListItem\",\"position\":4,\"name\":\"Centro di formazione Weggis\",\"item\":\"https:\\\/\\\/hotelgastro.ch\\\/it\\\/chi-siamo\\\/formazione-albergogastro\\\/centro-di-formazione-weggis\\\/\"},{\"@type\":\"ListItem\",\"position\":5,\"name\":\"Una cucina che convince\"}]},{\"@type\":\"WebSite\",\"@id\":\"https:\\\/\\\/hotelgastro.ch\\\/it\\\/#website\",\"url\":\"https:\\\/\\\/hotelgastro.ch\\\/it\\\/\",\"name\":\"Karriere Hotel Gastro\",\"description\":\"\",\"publisher\":{\"@id\":\"https:\\\/\\\/hotelgastro.ch\\\/it\\\/#organization\"},\"potentialAction\":[{\"@type\":\"SearchAction\",\"target\":{\"@type\":\"EntryPoint\",\"urlTemplate\":\"https:\\\/\\\/hotelgastro.ch\\\/it\\\/?s={search_term_string}\"},\"query-input\":{\"@type\":\"PropertyValueSpecification\",\"valueRequired\":true,\"valueName\":\"search_term_string\"}}],\"inLanguage\":\"it-IT\"},{\"@type\":\"Organization\",\"@id\":\"https:\\\/\\\/hotelgastro.ch\\\/it\\\/#organization\",\"name\":\"Karriere Hotel Gastro\",\"url\":\"https:\\\/\\\/hotelgastro.ch\\\/it\\\/\",\"logo\":{\"@type\":\"ImageObject\",\"inLanguage\":\"it-IT\",\"@id\":\"https:\\\/\\\/hotelgastro.ch\\\/it\\\/#\\\/schema\\\/logo\\\/image\\\/\",\"url\":\"https:\\\/\\\/hotelgastro.ch\\\/wp-content\\\/uploads\\\/2026\\\/02\\\/HGf_3Verbandslogos_NEU_Feb2026I_FINAL-3.svg\",\"contentUrl\":\"https:\\\/\\\/hotelgastro.ch\\\/wp-content\\\/uploads\\\/2026\\\/02\\\/HGf_3Verbandslogos_NEU_Feb2026I_FINAL-3.svg\",\"width\":377,\"height\":61,\"caption\":\"Karriere Hotel Gastro\"},\"image\":{\"@id\":\"https:\\\/\\\/hotelgastro.ch\\\/it\\\/#\\\/schema\\\/logo\\\/image\\\/\"},\"sameAs\":[\"https:\\\/\\\/www.facebook.com\\\/hgfschweiz\",\"https:\\\/\\\/www.linkedin.com\\\/company\\\/hotelgastroformationschweiz\\\/posts\\\/?feedView=all\"]}]}<\/script>\n<!-- \/ Yoast SEO plugin. -->","yoast_head_json":{"title":"Una cucina che convince - Hotel &amp; Gastro formation","robots":{"index":"index","follow":"follow","max-snippet":"max-snippet:-1","max-image-preview":"max-image-preview:large","max-video-preview":"max-video-preview:-1"},"canonical":"https:\/\/hotelgastro.ch\/it\/chi-siamo\/formazione-albergogastro\/centro-di-formazione-weggis\/kulinarik\/","og_locale":"it_IT","og_type":"article","og_title":"Una cucina che convince - Hotel &amp; Gastro formation","og_description":"Cucina personalizzata per i nostri ospiti In base agli accordi, creiamo proposte di menu personalizzate per il tuo evento, adattate all\u2019occasione, al gruppo target e al budget. Su richiesta, alcune offerte sono disponibili anche durante il fine settimana. Saremo lieti di offrirti una consulenza personalizzata e di preparare un preventivo senza impegno. Menu settimanale Al [&hellip;]","og_url":"https:\/\/hotelgastro.ch\/it\/chi-siamo\/formazione-albergogastro\/centro-di-formazione-weggis\/kulinarik\/","og_site_name":"Hotel &amp; Gastro formation","article_publisher":"https:\/\/www.facebook.com\/hgfschweiz","article_modified_time":"2026-08-19T09:17:23+00:00","og_image":[{"width":1536,"height":1024,"url":"https:\/\/hotelgastro.ch\/wp-content\/uploads\/2026\/07\/24973705-9b7b-4c6c-86d2-f7f24a0b5bd3.png","type":"image\/png"}],"twitter_card":"summary_large_image","twitter_misc":{"Tempo di lettura stimato":"3 minuto"},"schema":{"@context":"https:\/\/schema.org","@graph":[{"@type":"WebPage","@id":"https:\/\/hotelgastro.ch\/it\/chi-siamo\/formazione-albergogastro\/centro-di-formazione-weggis\/kulinarik\/","url":"https:\/\/hotelgastro.ch\/it\/chi-siamo\/formazione-albergogastro\/centro-di-formazione-weggis\/kulinarik\/","name":"Una cucina che convince - Hotel &amp; Gastro formation","isPartOf":{"@id":"https:\/\/hotelgastro.ch\/it\/#website"},"primaryImageOfPage":{"@id":"https:\/\/hotelgastro.ch\/it\/chi-siamo\/formazione-albergogastro\/centro-di-formazione-weggis\/kulinarik\/#primaryimage"},"image":{"@id":"https:\/\/hotelgastro.ch\/it\/chi-siamo\/formazione-albergogastro\/centro-di-formazione-weggis\/kulinarik\/#primaryimage"},"thumbnailUrl":"https:\/\/hotelgastro.ch\/wp-content\/uploads\/2026\/07\/24973705-9b7b-4c6c-86d2-f7f24a0b5bd3.png","datePublished":"2026-02-26T10:57:49+00:00","dateModified":"2026-08-19T09:17:23+00:00","breadcrumb":{"@id":"https:\/\/hotelgastro.ch\/it\/chi-siamo\/formazione-albergogastro\/centro-di-formazione-weggis\/kulinarik\/#breadcrumb"},"inLanguage":"it-IT","potentialAction":[{"@type":"ReadAction","target":["https:\/\/hotelgastro.ch\/it\/chi-siamo\/formazione-albergogastro\/centro-di-formazione-weggis\/kulinarik\/"]}]},{"@type":"ImageObject","inLanguage":"it-IT","@id":"https:\/\/hotelgastro.ch\/it\/chi-siamo\/formazione-albergogastro\/centro-di-formazione-weggis\/kulinarik\/#primaryimage","url":"https:\/\/hotelgastro.ch\/wp-content\/uploads\/2026\/07\/24973705-9b7b-4c6c-86d2-f7f24a0b5bd3.png","contentUrl":"https:\/\/hotelgastro.ch\/wp-content\/uploads\/2026\/07\/24973705-9b7b-4c6c-86d2-f7f24a0b5bd3.png"},{"@type":"BreadcrumbList","@id":"https:\/\/hotelgastro.ch\/it\/chi-siamo\/formazione-albergogastro\/centro-di-formazione-weggis\/kulinarik\/#breadcrumb","itemListElement":[{"@type":"ListItem","position":1,"name":"Home","item":"https:\/\/hotelgastro.ch\/it\/"},{"@type":"ListItem","position":2,"name":"Chi siamo","item":"https:\/\/hotelgastro.ch\/it\/ueber-uns\/"},{"@type":"ListItem","position":3,"name":"Formazione albergo&amp;Gastro","item":"https:\/\/hotelgastro.ch\/it\/ueber-uns\/hotelgastro-formation\/"},{"@type":"ListItem","position":4,"name":"Centro di formazione Weggis","item":"https:\/\/hotelgastro.ch\/it\/chi-siamo\/formazione-albergogastro\/centro-di-formazione-weggis\/"},{"@type":"ListItem","position":5,"name":"Una cucina che convince"}]},{"@type":"WebSite","@id":"https:\/\/hotelgastro.ch\/it\/#website","url":"https:\/\/hotelgastro.ch\/it\/","name":"Karriere Hotel Gastro","description":"","publisher":{"@id":"https:\/\/hotelgastro.ch\/it\/#organization"},"potentialAction":[{"@type":"SearchAction","target":{"@type":"EntryPoint","urlTemplate":"https:\/\/hotelgastro.ch\/it\/?s={search_term_string}"},"query-input":{"@type":"PropertyValueSpecification","valueRequired":true,"valueName":"search_term_string"}}],"inLanguage":"it-IT"},{"@type":"Organization","@id":"https:\/\/hotelgastro.ch\/it\/#organization","name":"Karriere Hotel Gastro","url":"https:\/\/hotelgastro.ch\/it\/","logo":{"@type":"ImageObject","inLanguage":"it-IT","@id":"https:\/\/hotelgastro.ch\/it\/#\/schema\/logo\/image\/","url":"https:\/\/hotelgastro.ch\/wp-content\/uploads\/2026\/02\/HGf_3Verbandslogos_NEU_Feb2026I_FINAL-3.svg","contentUrl":"https:\/\/hotelgastro.ch\/wp-content\/uploads\/2026\/02\/HGf_3Verbandslogos_NEU_Feb2026I_FINAL-3.svg","width":377,"height":61,"caption":"Karriere Hotel Gastro"},"image":{"@id":"https:\/\/hotelgastro.ch\/it\/#\/schema\/logo\/image\/"},"sameAs":["https:\/\/www.facebook.com\/hgfschweiz","https:\/\/www.linkedin.com\/company\/hotelgastroformationschweiz\/posts\/?feedView=all"]}]}},"_links":{"self":[{"href":"https:\/\/hotelgastro.ch\/it\/wp-json\/wp\/v2\/pages\/5526","targetHints":{"allow":["GET"]}}],"collection":[{"href":"https:\/\/hotelgastro.ch\/it\/wp-json\/wp\/v2\/pages"}],"about":[{"href":"https:\/\/hotelgastro.ch\/it\/wp-json\/wp\/v2\/types\/page"}],"author":[{"embeddable":true,"href":"https:\/\/hotelgastro.ch\/it\/wp-json\/wp\/v2\/users\/3"}],"replies":[{"embeddable":true,"href":"https:\/\/hotelgastro.ch\/it\/wp-json\/wp\/v2\/comments?post=5526"}],"version-history":[{"count":12,"href":"https:\/\/hotelgastro.ch\/it\/wp-json\/wp\/v2\/pages\/5526\/revisions"}],"predecessor-version":[{"id":11068,"href":"https:\/\/hotelgastro.ch\/it\/wp-json\/wp\/v2\/pages\/5526\/revisions\/11068"}],"up":[{"embeddable":true,"href":"https:\/\/hotelgastro.ch\/it\/wp-json\/wp\/v2\/pages\/4024"}],"wp:attachment":[{"href":"https:\/\/hotelgastro.ch\/it\/wp-json\/wp\/v2\/media?parent=5526"}],"curies":[{"name":"wp","href":"https:\/\/api.w.org\/{rel}","templated":true}]}}